{"version":"1.0","provider_name":"Av. Deniz Can K\u0131z\u0131l","provider_url":"https:\/\/denizcankizil.tr\/en","author_name":"Av. Deniz Can K\u0131z\u0131l","author_url":"https:\/\/denizcankizil.tr\/en","title":"TBMM bebek \u00f6l\u00fcmlerini ara\u015ft\u0131racak","type":"rich","width":600,"height":338,"html":"<blockquote class=\"wp-embedded-content\" data-secret=\"OuSPXkOLih\"><a href=\"https:\/\/denizcankizil.tr\/en\/haberler\/gundem\/tbmm-bebek-olumlerini-arastiracak\/\">TBMM bebek \u00f6l\u00fcmlerini ara\u015ft\u0131racak<\/a><\/blockquote><iframe sandbox=\"allow-scripts\" security=\"restricted\" src=\"https:\/\/denizcankizil.tr\/en\/haberler\/gundem\/tbmm-bebek-olumlerini-arastiracak\/embed\/#?secret=OuSPXkOLih\" width=\"600\" height=\"338\" title=\"&#8220;TBMM bebek \u00f6l\u00fcmlerini ara\u015ft\u0131racak&#8221; &#8212; Av. Deniz Can K\u0131z\u0131l\" data-secret=\"OuSPXkOLih\" frameborder=\"0\" marginwidth=\"0\" marginheight=\"0\" scrolling=\"no\" class=\"wp-embedded-content\"><\/iframe><script>\n\/*! This file is auto-generated *\/\n!function(d,l){\"use strict\";l.querySelector&&d.addEventListener&&\"undefined\"!=typeof URL&&(d.wp=d.wp||{},d.wp.receiveEmbedMessage||(d.wp.receiveEmbedMessage=function(e){var t=e.data;if((t||t.secret||t.message||t.value)&&!\/[^a-zA-Z0-9]\/.test(t.secret)){for(var s,r,n,a=l.querySelectorAll('iframe[data-secret=\"'+t.secret+'\"]'),o=l.querySelectorAll('blockquote[data-secret=\"'+t.secret+'\"]'),c=new RegExp(\"^https?:$\",\"i\"),i=0;i<o.length;i++)o[i].style.display=\"none\";for(i=0;i<a.length;i++)s=a[i],e.source===s.contentWindow&&(s.removeAttribute(\"style\"),\"height\"===t.message?(1e3<(r=parseInt(t.value,10))?r=1e3:~~r<200&&(r=200),s.height=r):\"link\"===t.message&&(r=new URL(s.getAttribute(\"src\")),n=new URL(t.value),c.test(n.protocol))&&n.host===r.host&&l.activeElement===s&&(d.top.location.href=t.value))}},d.addEventListener(\"message\",d.wp.receiveEmbedMessage,!1),l.addEventListener(\"DOMContentLoaded\",function(){for(var e,t,s=l.querySelectorAll(\"iframe.wp-embedded-content\"),r=0;r<s.length;r++)(t=(e=s[r]).getAttribute(\"data-secret\"))||(t=Math.random().toString(36).substring(2,12),e.src+=\"#?secret=\"+t,e.setAttribute(\"data-secret\",t)),e.contentWindow.postMessage({message:\"ready\",secret:t},\"*\")},!1)))}(window,document);\n\/\/# sourceURL=https:\/\/denizcankizil.tr\/wp-includes\/js\/wp-embed.min.js\n<\/script>","description":"Baz\u0131 \u00f6zel sa\u011fl\u0131k kurulu\u015flar\u0131nda ya\u015fanan bebek \u00f6l\u00fcmlerinin t\u00fcm y\u00f6nleriyle ara\u015ft\u0131r\u0131lmas\u0131 amac\u0131yla siyasi partilerin ortak \u00f6nerisiyle TBMM&#8217;de Ara\u015ft\u0131rma Komisyonu kurulmas\u0131na y\u00f6nelik karar bug\u00fcnk\u00fc Resmi Gazete&#8217;de yay\u0131mland\u0131.ANKARA (\u0130GFA) &#8211; TBMM, 22 Ekim 2024 tarihli oturumunda siyasi parti gruplar\u0131n\u0131n ortak \u00f6nerisiyle Mecliste Ara\u015ft\u0131rma Komisyonu Kurulmas\u0131n\u0131 g\u00f6r\u00fc\u015fm\u00fc\u015ft\u00fc. Baz\u0131 \u00d6zel Sa\u011fl\u0131k Kurulu\u015flar\u0131nda Ya\u015fanan Bebek \u00d6l\u00fcmlerinin T\u00fcm Y\u00f6nleriyle Ara\u015ft\u0131r\u0131lmas\u0131, \u00d6zel Sa\u011fl\u0131k Kurulu\u015flar\u0131n\u0131n Yenido\u011fan, \u00c7ocuk Engelli Ve Ya\u015fl\u0131lara \u0130lgili Bak\u0131m Servislerindeki Uygulamalar\u0131n\u0131n Ve Mevzuat\u0131n \u0130ncelenerek Al\u0131nmas\u0131 Gereken Tedbirlerin Belirlenmesi Amac\u0131yla Bir Meclis Ara\u015ft\u0131rma Komisyonu Kurulmas\u0131na Dair Karar\u0131 TBMM&#8217;de kabul edilmi\u015fti. S\u00f6z konusu Meclis Ara\u015ft\u0131rma Komisyonu Kurulmas\u0131&#8217;na y\u00f6nelik karar bug\u00fcnk\u00fc Resmi Gazete&#8217;de yay\u0131mland\u0131.\u00a0 Buna g\u00f6re\u00a022 \u00fcyeden olu\u015facak komisyonun \u00e7al\u0131\u015fma s\u00fcresi 3 ay olacak ve gerekti\u011finde Ankara d\u0131\u015f\u0131nda da \u00e7al\u0131\u015fabilecek. \u200bBaz\u0131 \u00f6zel sa\u011fl\u0131k kurulu\u015flar\u0131nda ya\u015fanan bebek \u00f6l\u00fcmlerinin t\u00fcm y\u00f6nleriyle ara\u015ft\u0131r\u0131lmas\u0131 amac\u0131yla siyasi partilerin ortak \u00f6nerisiyle TBMM&#8217;de Ara\u015ft\u0131rma Komisyonu kurulmas\u0131na y\u00f6nelik karar bug\u00fcnk\u00fc Resmi Gazete&#8217;de yay\u0131mland\u0131\u00a0 \u200bHaberin Al\u0131nt\u0131land\u0131\u011f\u0131 Kaynak: www.iskenderun.org"}