{"version":"1.0","provider_name":"Av. Deniz Can K\u0131z\u0131l","provider_url":"https:\/\/denizcankizil.tr\/en","author_name":"admin","author_url":"https:\/\/denizcankizil.tr\/en\/author\/admin\/","title":"TBMM Ba\u015fkan\u0131 Kurtulmu\u015f Bel\u00e7ika yolcusu","type":"rich","width":600,"height":338,"html":"<blockquote class=\"wp-embedded-content\" data-secret=\"v3i7SnJyPd\"><a href=\"https:\/\/denizcankizil.tr\/en\/haberler\/gundem\/tbmm-baskani-kurtulmus-belcika-yolcusu\/\">TBMM Ba\u015fkan\u0131 Kurtulmu\u015f Bel\u00e7ika yolcusu<\/a><\/blockquote><iframe sandbox=\"allow-scripts\" security=\"restricted\" src=\"https:\/\/denizcankizil.tr\/en\/haberler\/gundem\/tbmm-baskani-kurtulmus-belcika-yolcusu\/embed\/#?secret=v3i7SnJyPd\" width=\"600\" height=\"338\" title=\"&#8220;TBMM Ba\u015fkan\u0131 Kurtulmu\u015f Bel\u00e7ika yolcusu&#8221; &#8212; Av. Deniz Can K\u0131z\u0131l\" data-secret=\"v3i7SnJyPd\" frameborder=\"0\" marginwidth=\"0\" marginheight=\"0\" scrolling=\"no\" class=\"wp-embedded-content\"><\/iframe><script>\n\/*! This file is auto-generated *\/\n!function(d,l){\"use strict\";l.querySelector&&d.addEventListener&&\"undefined\"!=typeof URL&&(d.wp=d.wp||{},d.wp.receiveEmbedMessage||(d.wp.receiveEmbedMessage=function(e){var t=e.data;if((t||t.secret||t.message||t.value)&&!\/[^a-zA-Z0-9]\/.test(t.secret)){for(var s,r,n,a=l.querySelectorAll('iframe[data-secret=\"'+t.secret+'\"]'),o=l.querySelectorAll('blockquote[data-secret=\"'+t.secret+'\"]'),c=new RegExp(\"^https?:$\",\"i\"),i=0;i<o.length;i++)o[i].style.display=\"none\";for(i=0;i<a.length;i++)s=a[i],e.source===s.contentWindow&&(s.removeAttribute(\"style\"),\"height\"===t.message?(1e3<(r=parseInt(t.value,10))?r=1e3:~~r<200&&(r=200),s.height=r):\"link\"===t.message&&(r=new URL(s.getAttribute(\"src\")),n=new URL(t.value),c.test(n.protocol))&&n.host===r.host&&l.activeElement===s&&(d.top.location.href=t.value))}},d.addEventListener(\"message\",d.wp.receiveEmbedMessage,!1),l.addEventListener(\"DOMContentLoaded\",function(){for(var e,t,s=l.querySelectorAll(\"iframe.wp-embedded-content\"),r=0;r<s.length;r++)(t=(e=s[r]).getAttribute(\"data-secret\"))||(t=Math.random().toString(36).substring(2,12),e.src+=\"#?secret=\"+t,e.setAttribute(\"data-secret\",t)),e.contentWindow.postMessage({message:\"ready\",secret:t},\"*\")},!1)))}(window,document);\n\/\/# sourceURL=https:\/\/denizcankizil.tr\/wp-includes\/js\/wp-embed.min.js\n<\/script>","description":"TBMM Ba\u015fkanl\u0131\u011f\u0131ndan yap\u0131lan a\u00e7\u0131klamaya g\u00f6re, Kurtulmu\u015f, NATO Parlamenter Asamblesi&#8217;ndeki (NATO PA) Bel\u00e7ika Temsilciler Meclisi ev sahipli\u011finde Br\u00fcksel&#8217;de 19-20 Haziran&#8217;da d\u00fczenlenecek NATO Parlamento Ba\u015fkanlar\u0131 Zirvesi&#8217;ne kat\u0131lacak.ANKARA (\u0130GFA) &#8211; TBMM Ba\u015fkan\u0131 Numan Kurtulmu\u015f, NATO Parlamento Ba\u015fkanlar\u0131 Zirvesi&#8217;ne kat\u0131lmak i\u00e7in Bel\u00e7ika&#8217;ya gidecek. TBMM&#8217;nin resmi internet sitesinde yer alan habere g\u00f6re NATO \u00fcyesi \u00fclkelerin parlamento liderlerinin bir araya gelece\u011fi zirvede, NATO PA&#8217;n\u0131n 70&#8217;inci y\u0131l d\u00f6n\u00fcm\u00fcnde parlamenter diplomasi alan\u0131nda gelinen nokta ele al\u0131nacak. NATO Liderler Zirvesi \u00f6ncesinde yap\u0131lacak NATO Parlamento Ba\u015fkanlar\u0131 Zirvesi, ABD&#8217;nin ba\u015fkenti Va\u015fington&#8217;da ger\u00e7ekle\u015ftirilen zirvenin ard\u0131ndan ikinci olma \u00f6zelli\u011fi de ta\u015f\u0131yor. TBMM Ba\u015fkan\u0131 Numan Kurtulmu\u015f, Br\u00fcksel&#8217;deki zirve kapsam\u0131nda, NATO PA Ba\u015fkan\u0131 Marcos Perestrello&#8217;nun, NATO Karargah\u0131&#8217;nda parlamento ba\u015fkanlar\u0131 ve temsilcileri onuruna verece\u011fi davete kat\u0131lacak. Bel\u00e7ika Temsilciler Meclisi&#8217;ndeki NATO Parlamento Ba\u015fkanlar\u0131 Toplant\u0131s\u0131&#8217;nda kat\u0131l\u0131mc\u0131lara hitap edecek Kurtulmu\u015f&#8217;un, Rusya-Ukrayna sava\u015f\u0131, \u0130srail-\u0130ran \u00e7at\u0131\u015fmalar\u0131, \u0130srail&#8217;in Filistin topraklar\u0131 ve b\u00f6lge \u00fclkelerinde ger\u00e7ekle\u015ftirdi\u011fi huzur ve g\u00fcven ortam\u0131n\u0131 zedeleyen hukuksuz sald\u0131r\u0131lar\u0131, ter\u00f6rle m\u00fccadele ile milletlerin ve devletlerin e\u015fitli\u011fi prensibinde yeni bir k\u00fcresel sistemin kurulmas\u0131 konular\u0131nda mesaj vermesi bekleniyor. \u200bTBMM Ba\u015fkanl\u0131\u011f\u0131ndan yap\u0131lan a\u00e7\u0131klamaya g\u00f6re, Kurtulmu\u015f, NATO Parlamenter Asamblesi&#8217;ndeki (NATO PA) Bel\u00e7ika Temsilciler Meclisi ev sahipli\u011finde Br\u00fcksel&#8217;de 19-20 Haziran&#8217;da d\u00fczenlenecek NATO Parlamento Ba\u015fkanlar\u0131 Zirvesi&#8217;ne kat\u0131lacak.ANKARA (\u0130GFA) &#8211; TBMM Ba\u015fkan\u0131 Numan Kurtulmu\u015f, NATO Parlamento Ba\u015fkanlar\u0131 Zirvesi&#8217;ne kat\u0131lmak i\u00e7in Bel\u00e7ika&#8217;ya gidecek. TBMM&#8217;nin resmi internet sitesinde yer &hellip;"}