{"version":"1.0","provider_name":"Av. Deniz Can K\u0131z\u0131l","provider_url":"https:\/\/denizcankizil.tr\/en","author_name":"admin","author_url":"https:\/\/denizcankizil.tr\/en\/author\/admin\/","title":"Tay tescil i\u015flemleri Bursa'da s\u00fcr\u00fcyor","type":"rich","width":600,"height":338,"html":"<blockquote class=\"wp-embedded-content\" data-secret=\"y4YcviKCAn\"><a href=\"https:\/\/denizcankizil.tr\/en\/haberler\/gundem\/tay-tescil-islemleri-bursada-suruyor\/\">Tay tescil i\u015flemleri Bursa&#8217;da s\u00fcr\u00fcyor<\/a><\/blockquote><iframe sandbox=\"allow-scripts\" security=\"restricted\" src=\"https:\/\/denizcankizil.tr\/en\/haberler\/gundem\/tay-tescil-islemleri-bursada-suruyor\/embed\/#?secret=y4YcviKCAn\" width=\"600\" height=\"338\" title=\"&#8220;Tay tescil i\u015flemleri Bursa&#8217;da s\u00fcr\u00fcyor&#8221; &#8212; Av. Deniz Can K\u0131z\u0131l\" data-secret=\"y4YcviKCAn\" frameborder=\"0\" marginwidth=\"0\" marginheight=\"0\" scrolling=\"no\" class=\"wp-embedded-content\"><\/iframe><script>\n\/*! This file is auto-generated *\/\n!function(d,l){\"use strict\";l.querySelector&&d.addEventListener&&\"undefined\"!=typeof URL&&(d.wp=d.wp||{},d.wp.receiveEmbedMessage||(d.wp.receiveEmbedMessage=function(e){var t=e.data;if((t||t.secret||t.message||t.value)&&!\/[^a-zA-Z0-9]\/.test(t.secret)){for(var s,r,n,a=l.querySelectorAll('iframe[data-secret=\"'+t.secret+'\"]'),o=l.querySelectorAll('blockquote[data-secret=\"'+t.secret+'\"]'),c=new RegExp(\"^https?:$\",\"i\"),i=0;i<o.length;i++)o[i].style.display=\"none\";for(i=0;i<a.length;i++)s=a[i],e.source===s.contentWindow&&(s.removeAttribute(\"style\"),\"height\"===t.message?(1e3<(r=parseInt(t.value,10))?r=1e3:~~r<200&&(r=200),s.height=r):\"link\"===t.message&&(r=new URL(s.getAttribute(\"src\")),n=new URL(t.value),c.test(n.protocol))&&n.host===r.host&&l.activeElement===s&&(d.top.location.href=t.value))}},d.addEventListener(\"message\",d.wp.receiveEmbedMessage,!1),l.addEventListener(\"DOMContentLoaded\",function(){for(var e,t,s=l.querySelectorAll(\"iframe.wp-embedded-content\"),r=0;r<s.length;r++)(t=(e=s[r]).getAttribute(\"data-secret\"))||(t=Math.random().toString(36).substring(2,12),e.src+=\"#?secret=\"+t,e.setAttribute(\"data-secret\",t)),e.contentWindow.postMessage({message:\"ready\",secret:t},\"*\")},!1)))}(window,document);\n\/\/# sourceURL=https:\/\/denizcankizil.tr\/wp-includes\/js\/wp-embed.min.js\n<\/script>","description":"T\u00fcrkiye&#8217;de, Safkan Arap ve \u0130ngiliz atlar\u0131na yap\u0131lan i\u015flem say\u0131lar\u0131nda ilk s\u0131rada yer alan Bursa&#8217;da, Tar\u0131m ve Orman \u0130l M\u00fcd\u00fcrl\u00fc\u011f\u00fc&#8217;nce 2025 y\u0131l\u0131 tay tescil i\u015flemleri s\u00fcr\u00fcyor.BURSA (\u0130GFA) &#8211; T\u00fcrkiye&#8217;e 2024 y\u0131l\u0131 do\u011fumlu Safkan Arap ve \u0130ngiliz taylar\u0131n\u0131n yakla\u015f\u0131k y\u00fczde 27&#8217;sinin soy k\u00fct\u00fc\u011f\u00fcne kay\u0131t i\u015flemleri Bursa \u0130l Tar\u0131m ve Orman M\u00fcd\u00fcrl\u00fc\u011f\u00fc taraf\u0131ndan yap\u0131l\u0131yor. Yaz\u0131l\u0131 a\u00e7\u0131klama ile at sahiplerine i\u015flemlerle ilgili duyuru yapan \u0130l M\u00fcd\u00fcrl\u00fc\u011f\u00fc, tay\u0131n do\u011fum tarihinden itibaren \u00fc\u00e7 ay i\u00e7erisinde \u0130l M\u00fcd\u00fcrl\u00fc\u011f\u00fc Hayvan Sa\u011fl\u0131\u011f\u0131 ve Yeti\u015ftiricili\u011fi \u015eube M\u00fcd\u00fcrl\u00fc\u011f\u00fc&#8217;ne ba\u015fvurmalar\u0131n\u0131 hat\u0131rlatarak, yeni sezonun t\u00fcm at\u00e7\u0131l\u0131k camias\u0131na hay\u0131rl\u0131 olmas\u0131n\u0131 diledi. \u200bT\u00fcrkiye&#8217;de, Safkan Arap ve \u0130ngiliz atlar\u0131na yap\u0131lan i\u015flem say\u0131lar\u0131nda ilk s\u0131rada yer alan Bursa&#8217;da, Tar\u0131m ve Orman \u0130l M\u00fcd\u00fcrl\u00fc\u011f\u00fc&#8217;nce 2025 y\u0131l\u0131 tay tescil i\u015flemleri s\u00fcr\u00fcyor.BURSA (\u0130GFA) &#8211; T\u00fcrkiye&#8217;e 2024 y\u0131l\u0131 do\u011fumlu Safkan Arap ve \u0130ngiliz taylar\u0131n\u0131n yakla\u015f\u0131k y\u00fczde 27&#8217;sinin soy k\u00fct\u00fc\u011f\u00fcne kay\u0131t i\u015flemleri Bursa \u0130l Tar\u0131m ve Orman M\u00fcd\u00fcrl\u00fc\u011f\u00fc taraf\u0131ndan yap\u0131l\u0131yor. Yaz\u0131l\u0131 a\u00e7\u0131klama ile at sahiplerine i\u015flemlerle ilgili duyuru yapan \u0130l M\u00fcd\u00fcrl\u00fc\u011f\u00fc, tay\u0131n do\u011fum tarihinden itibaren \u00fc\u00e7 ay i\u00e7erisinde \u0130l M\u00fcd\u00fcrl\u00fc\u011f\u00fc Hayvan Sa\u011fl\u0131\u011f\u0131 ve Yeti\u015ftiricili\u011fi \u015eube M\u00fcd\u00fcrl\u00fc\u011f\u00fc&#8217;ne ba\u015fvurmalar\u0131n\u0131 hat\u0131rlatarak, yeni sezonun t\u00fcm at\u00e7\u0131l\u0131k camias\u0131na hay\u0131rl\u0131 olmas\u0131n\u0131 diledi.\u00a0 \u200bHaberin Al\u0131nt\u0131land\u0131\u011f\u0131 Kaynak: www.iskenderun.org"}