{"version":"1.0","provider_name":"Av. Deniz Can K\u0131z\u0131l","provider_url":"https:\/\/denizcankizil.tr\/en","author_name":"admin","author_url":"https:\/\/denizcankizil.tr\/en\/author\/admin\/","title":"Tar\u0131m ve Orman Bakanl\u0131\u011f\u0131\u2019ndan \u00e7ift\u00e7ilere zirai uyar\u0131!","type":"rich","width":600,"height":338,"html":"<blockquote class=\"wp-embedded-content\" data-secret=\"QbHxUhGXOY\"><a href=\"https:\/\/denizcankizil.tr\/en\/haberler\/gundem\/tarim-ve-orman-bakanligindan-ciftcilere-zirai-uyari\/\">Tar\u0131m ve Orman Bakanl\u0131\u011f\u0131\u2019ndan \u00e7ift\u00e7ilere zirai uyar\u0131!<\/a><\/blockquote><iframe sandbox=\"allow-scripts\" security=\"restricted\" src=\"https:\/\/denizcankizil.tr\/en\/haberler\/gundem\/tarim-ve-orman-bakanligindan-ciftcilere-zirai-uyari\/embed\/#?secret=QbHxUhGXOY\" width=\"600\" height=\"338\" title=\"&#8220;Tar\u0131m ve Orman Bakanl\u0131\u011f\u0131\u2019ndan \u00e7ift\u00e7ilere zirai uyar\u0131!&#8221; &#8212; Av. Deniz Can K\u0131z\u0131l\" data-secret=\"QbHxUhGXOY\" frameborder=\"0\" marginwidth=\"0\" marginheight=\"0\" scrolling=\"no\" class=\"wp-embedded-content\"><\/iframe><script>\n\/*! This file is auto-generated *\/\n!function(d,l){\"use strict\";l.querySelector&&d.addEventListener&&\"undefined\"!=typeof URL&&(d.wp=d.wp||{},d.wp.receiveEmbedMessage||(d.wp.receiveEmbedMessage=function(e){var t=e.data;if((t||t.secret||t.message||t.value)&&!\/[^a-zA-Z0-9]\/.test(t.secret)){for(var s,r,n,a=l.querySelectorAll('iframe[data-secret=\"'+t.secret+'\"]'),o=l.querySelectorAll('blockquote[data-secret=\"'+t.secret+'\"]'),c=new RegExp(\"^https?:$\",\"i\"),i=0;i<o.length;i++)o[i].style.display=\"none\";for(i=0;i<a.length;i++)s=a[i],e.source===s.contentWindow&&(s.removeAttribute(\"style\"),\"height\"===t.message?(1e3<(r=parseInt(t.value,10))?r=1e3:~~r<200&&(r=200),s.height=r):\"link\"===t.message&&(r=new URL(s.getAttribute(\"src\")),n=new URL(t.value),c.test(n.protocol))&&n.host===r.host&&l.activeElement===s&&(d.top.location.href=t.value))}},d.addEventListener(\"message\",d.wp.receiveEmbedMessage,!1),l.addEventListener(\"DOMContentLoaded\",function(){for(var e,t,s=l.querySelectorAll(\"iframe.wp-embedded-content\"),r=0;r<s.length;r++)(t=(e=s[r]).getAttribute(\"data-secret\"))||(t=Math.random().toString(36).substring(2,12),e.src+=\"#?secret=\"+t,e.setAttribute(\"data-secret\",t)),e.contentWindow.postMessage({message:\"ready\",secret:t},\"*\")},!1)))}(window,document);\n\/\/# sourceURL=https:\/\/denizcankizil.tr\/wp-includes\/js\/wp-embed.min.js\n<\/script>","description":"Tar\u0131m ve Orman Bakanl\u0131\u011f\u0131, 11-15 Nisan 2025 tarihleri aras\u0131nda T\u00fcrkiye\u2019nin baz\u0131 b\u00f6lgelerinde beklenen olumsuz hava ko\u015fullar\u0131n\u0131n tar\u0131msal faaliyetler i\u00e7in risk olu\u015fturabilece\u011fini bildirdi.ANKARA (\u0130GFA) &#8211; Duyuru Tar\u0131m ve Orman Bakanl\u0131\u011f\u0131&#8217;ndan geldi. Yap\u0131lan a\u00e7\u0131klamada, zirai don, dolu, \u015fiddetli ya\u011f\u0131\u015f, sel, su bask\u0131n\u0131 ve f\u0131rt\u0131na gibi hava olaylar\u0131na kar\u015f\u0131 \u00e7ift\u00e7ilerin dikkatli ve tedbirli olmas\u0131 gerekti\u011fine dikkati \u00e7ekilerek, olas\u0131 olumsuzluklarda, Tar\u0131m ve Orman \u0130l\/\u0130l\u00e7e M\u00fcd\u00fcrl\u00fckleri ile \u201cALO TARS\u0130M 172\u201d hatt\u0131na ihbarda bulunulmas\u0131n\u0131n \u00f6nemine dikkati \u00e7ekildi. Bakanl\u0131k payla\u015f\u0131m\u0131nda, \u00fcreticilere y\u00fczde 70\u2019e varan devlet deste\u011fi sunulan tar\u0131m sigortas\u0131 yapt\u0131rmalar\u0131n\u0131n afetlere kar\u015f\u0131 korunmada kritik oldu\u011fu da hat\u0131rlat\u0131ld\u0131. \u00c7ift\u00e7ilerden, tar\u0131msal faaliyetlerini g\u00fcvence alt\u0131na almak i\u00e7in sigorta imkanlar\u0131ndan faydalanmalar\u0131 istendi. \u200bTar\u0131m ve Orman Bakanl\u0131\u011f\u0131, 11-15 Nisan 2025 tarihleri aras\u0131nda T\u00fcrkiye\u2019nin baz\u0131 b\u00f6lgelerinde beklenen olumsuz hava ko\u015fullar\u0131n\u0131n tar\u0131msal faaliyetler i\u00e7in risk olu\u015fturabilece\u011fini bildirdi.ANKARA (\u0130GFA) &#8211; Duyuru Tar\u0131m ve Orman Bakanl\u0131\u011f\u0131&#8217;ndan geldi. Yap\u0131lan a\u00e7\u0131klamada, zirai don, dolu, \u015fiddetli ya\u011f\u0131\u015f, sel, su bask\u0131n\u0131 ve f\u0131rt\u0131na gibi hava olaylar\u0131na kar\u015f\u0131 \u00e7ift\u00e7ilerin dikkatli ve tedbirli olmas\u0131 gerekti\u011fine dikkati \u00e7ekilerek, olas\u0131 olumsuzluklarda, Tar\u0131m ve Orman \u0130l\/\u0130l\u00e7e M\u00fcd\u00fcrl\u00fckleri ile \u201cALO TARS\u0130M 172\u201d hatt\u0131na ihbarda bulunulmas\u0131n\u0131n \u00f6nemine dikkati \u00e7ekildi. Bakanl\u0131k payla\u015f\u0131m\u0131nda, \u00fcreticilere y\u00fczde 70\u2019e varan devlet deste\u011fi sunulan tar\u0131m sigortas\u0131 yapt\u0131rmalar\u0131n\u0131n afetlere kar\u015f\u0131 korunmada kritik oldu\u011fu da hat\u0131rlat\u0131ld\u0131. \u00c7ift\u00e7ilerden, tar\u0131msal faaliyetlerini g\u00fcvence alt\u0131na almak i\u00e7in sigorta imkanlar\u0131ndan &hellip;"}