{"version":"1.0","provider_name":"Av. Deniz Can K\u0131z\u0131l","provider_url":"https:\/\/denizcankizil.tr\/en","author_name":"admin","author_url":"https:\/\/denizcankizil.tr\/en\/author\/admin\/","title":"\"Suriye'deki Alevilere Y\u00f6nelik Sald\u0131r\u0131lara Dur Denmeli\"","type":"rich","width":600,"height":338,"html":"<blockquote class=\"wp-embedded-content\" data-secret=\"JwuIYvcTFF\"><a href=\"https:\/\/denizcankizil.tr\/en\/haberler\/gundem\/suriyedeki-alevilere-yonelik-saldirilara-dur-denmeli\/\">&#8220;Suriye&#8217;deki Alevilere Y\u00f6nelik Sald\u0131r\u0131lara Dur Denmeli&#8221;<\/a><\/blockquote><iframe sandbox=\"allow-scripts\" security=\"restricted\" src=\"https:\/\/denizcankizil.tr\/en\/haberler\/gundem\/suriyedeki-alevilere-yonelik-saldirilara-dur-denmeli\/embed\/#?secret=JwuIYvcTFF\" width=\"600\" height=\"338\" title=\"&#8220;&#8220;Suriye&#8217;deki Alevilere Y\u00f6nelik Sald\u0131r\u0131lara Dur Denmeli&#8221;&#8221; &#8212; Av. Deniz Can K\u0131z\u0131l\" data-secret=\"JwuIYvcTFF\" frameborder=\"0\" marginwidth=\"0\" marginheight=\"0\" scrolling=\"no\" class=\"wp-embedded-content\"><\/iframe><script>\n\/*! This file is auto-generated *\/\n!function(d,l){\"use strict\";l.querySelector&&d.addEventListener&&\"undefined\"!=typeof URL&&(d.wp=d.wp||{},d.wp.receiveEmbedMessage||(d.wp.receiveEmbedMessage=function(e){var t=e.data;if((t||t.secret||t.message||t.value)&&!\/[^a-zA-Z0-9]\/.test(t.secret)){for(var s,r,n,a=l.querySelectorAll('iframe[data-secret=\"'+t.secret+'\"]'),o=l.querySelectorAll('blockquote[data-secret=\"'+t.secret+'\"]'),c=new RegExp(\"^https?:$\",\"i\"),i=0;i<o.length;i++)o[i].style.display=\"none\";for(i=0;i<a.length;i++)s=a[i],e.source===s.contentWindow&&(s.removeAttribute(\"style\"),\"height\"===t.message?(1e3<(r=parseInt(t.value,10))?r=1e3:~~r<200&&(r=200),s.height=r):\"link\"===t.message&&(r=new URL(s.getAttribute(\"src\")),n=new URL(t.value),c.test(n.protocol))&&n.host===r.host&&l.activeElement===s&&(d.top.location.href=t.value))}},d.addEventListener(\"message\",d.wp.receiveEmbedMessage,!1),l.addEventListener(\"DOMContentLoaded\",function(){for(var e,t,s=l.querySelectorAll(\"iframe.wp-embedded-content\"),r=0;r<s.length;r++)(t=(e=s[r]).getAttribute(\"data-secret\"))||(t=Math.random().toString(36).substring(2,12),e.src+=\"#?secret=\"+t,e.setAttribute(\"data-secret\",t)),e.contentWindow.postMessage({message:\"ready\",secret:t},\"*\")},!1)))}(window,document);\n\/\/# sourceURL=https:\/\/denizcankizil.tr\/wp-includes\/js\/wp-embed.min.js\n<\/script>","description":"\u0130skenderun Mustafa Kemal Mahallesi&#8217;nde AKAD binas\u0131 \u00f6n\u00fcnde bas\u0131n a\u00e7\u0131klamas\u0131 yapan Ba\u015fkan Nihat Yenmi\u015f\u2019e \u00e7e\u015fitli STK\u2019lar, siyasi parti temsilcileri ile kalabal\u0131k vatanda\u015f toplulu\u011fu da destek verdi. AKAD Ba\u015fkan\u0131 Nihat Yenmi\u015f, yapt\u0131\u011f\u0131 a\u00e7\u0131klamada, Suriye&#8217;deki Baas rejiminin y\u0131k\u0131lmas\u0131n\u0131n ard\u0131ndan y\u00fckselen Selefi anlay\u0131\u015f\u0131n, Alevi toplumuna y\u00f6nelik \u015fiddeti sistematik hale getirdi\u011fini belirterek &#8220;Baas rejimi y\u0131k\u0131ld\u0131ktan sonra, Selefi anlay\u0131\u015f\u0131n ortaya \u00e7\u0131kmas\u0131yla, inan\u00e7sal ve etnik a\u00e7\u0131dan toplumun farkl\u0131 kesimlerine y\u00f6nelik bask\u0131lar ba\u015flad\u0131. Bu bask\u0131lar, \u00f6zellikle Alevi toplumu \u00fczerinde son d\u00f6nemde daha organize bir \u015fekilde ve soyk\u0131r\u0131m boyutlar\u0131na varan sald\u0131r\u0131lar \u015feklinde devam ediyor&#8221; dedi. T\u00fcrkiye&#8217;de ya\u015fayan Alevilerin, kan ba\u011f\u0131yla ba\u011fl\u0131 olduklar\u0131 Alevi karde\u015flerinin ya\u015fad\u0131\u011f\u0131 bu vahim durumu derinden \u00fcz\u00fcnt\u00fcyle izlediklerini ifade eden Yenmi\u015f, &#8220;D\u00fcnyay\u0131, T\u00fcrk kamuoyunu ve t\u00fcm duyarl\u0131 insanlar\u0131 bu konuda harekete ge\u00e7meye \u00e7a\u011f\u0131r\u0131yoruz. Alevilere y\u00f6nelik bu sald\u0131r\u0131lar durdurulmal\u0131, sald\u0131r\u0131lar\u0131n \u00f6zellikle Ramazan ay\u0131nda cihat ad\u0131 alt\u0131nda ger\u00e7ekle\u015ftirilmekte, bu sald\u0131r\u0131lar\u0131n uluslararas\u0131 toplumda b\u00fcy\u00fck yank\u0131 uyand\u0131rmas\u0131 gerekir. \u00a0Suriye&#8217;deki Alevi toplum h\u00fck\u00fcmette g\u00fc\u00e7l\u00fc bir konumda de\u011fil, Alevilerin iktidarda oldu\u011fu, h\u00fck\u00fcmetin kontrol\u00fcnde herhangi bir durum s\u00f6z konusu da de\u011fildi. Suriye h\u00fck\u00fcmetinde 28 bakan vard\u0131, bunlar\u0131n sadece biri Aleviydi. Bu sald\u0131r\u0131lar\u0131n arkas\u0131nda farkl\u0131 uluslararas\u0131 g\u00fc\u00e7lerin oldu\u011funa dair g\u00f6r\u00fc\u015fler hakim. Bu olaylar\u0131 \u0130srail ve Amerika&#8217;n\u0131n \u00e7\u0131karlar\u0131 do\u011frultusunda bir anla\u015fma olarak g\u00f6r\u00fcyorum&#8221; \u015feklinde konu\u015ftu. Yenmi\u015f, Ortado\u011fu&#8217;da bar\u0131\u015f\u0131n sa\u011flanmas\u0131n\u0131n \u00f6nemine vurgu yaparak, &#8220;Ortado\u011fu demek T\u00fcrkiye &hellip;"}