{"version":"1.0","provider_name":"Av. Deniz Can K\u0131z\u0131l","provider_url":"https:\/\/denizcankizil.tr\/en","author_name":"admin","author_url":"https:\/\/denizcankizil.tr\/en\/author\/admin\/","title":"So\u011fuk ve ya\u011f\u0131\u015fl\u0131 hava hakim olacak","type":"rich","width":600,"height":338,"html":"<blockquote class=\"wp-embedded-content\" data-secret=\"omqC2eA9us\"><a href=\"https:\/\/denizcankizil.tr\/en\/haberler\/gundem\/soguk-ve-yagisli-hava-hakim-olacak\/\">So\u011fuk ve ya\u011f\u0131\u015fl\u0131 hava hakim olacak<\/a><\/blockquote><iframe sandbox=\"allow-scripts\" security=\"restricted\" src=\"https:\/\/denizcankizil.tr\/en\/haberler\/gundem\/soguk-ve-yagisli-hava-hakim-olacak\/embed\/#?secret=omqC2eA9us\" width=\"600\" height=\"338\" title=\"&#8220;So\u011fuk ve ya\u011f\u0131\u015fl\u0131 hava hakim olacak&#8221; &#8212; Av. Deniz Can K\u0131z\u0131l\" data-secret=\"omqC2eA9us\" frameborder=\"0\" marginwidth=\"0\" marginheight=\"0\" scrolling=\"no\" class=\"wp-embedded-content\"><\/iframe><script>\n\/*! This file is auto-generated *\/\n!function(d,l){\"use strict\";l.querySelector&&d.addEventListener&&\"undefined\"!=typeof URL&&(d.wp=d.wp||{},d.wp.receiveEmbedMessage||(d.wp.receiveEmbedMessage=function(e){var t=e.data;if((t||t.secret||t.message||t.value)&&!\/[^a-zA-Z0-9]\/.test(t.secret)){for(var s,r,n,a=l.querySelectorAll('iframe[data-secret=\"'+t.secret+'\"]'),o=l.querySelectorAll('blockquote[data-secret=\"'+t.secret+'\"]'),c=new RegExp(\"^https?:$\",\"i\"),i=0;i<o.length;i++)o[i].style.display=\"none\";for(i=0;i<a.length;i++)s=a[i],e.source===s.contentWindow&&(s.removeAttribute(\"style\"),\"height\"===t.message?(1e3<(r=parseInt(t.value,10))?r=1e3:~~r<200&&(r=200),s.height=r):\"link\"===t.message&&(r=new URL(s.getAttribute(\"src\")),n=new URL(t.value),c.test(n.protocol))&&n.host===r.host&&l.activeElement===s&&(d.top.location.href=t.value))}},d.addEventListener(\"message\",d.wp.receiveEmbedMessage,!1),l.addEventListener(\"DOMContentLoaded\",function(){for(var e,t,s=l.querySelectorAll(\"iframe.wp-embedded-content\"),r=0;r<s.length;r++)(t=(e=s[r]).getAttribute(\"data-secret\"))||(t=Math.random().toString(36).substring(2,12),e.src+=\"#?secret=\"+t,e.setAttribute(\"data-secret\",t)),e.contentWindow.postMessage({message:\"ready\",secret:t},\"*\")},!1)))}(window,document);\n\/\/# sourceURL=https:\/\/denizcankizil.tr\/wp-includes\/js\/wp-embed.min.js\n<\/script>","description":"Meteoroloji Genel M\u00fcd\u00fcrl\u00fc\u011f\u00fc\u2019n\u00fcn son tahminlerine g\u00f6re, yurt genelinde s\u0131cakl\u0131klar mevsim normallerinin 10-15\u00b0C alt\u0131na d\u00fc\u015fecek. Bat\u0131, kuzey ve do\u011fu b\u00f6lgelerinde ya\u011f\u0131\u015flar etkili olurken, i\u00e7 ve y\u00fcksek kesimlerde kar ya\u011f\u0131\u015f\u0131 bekleniyor.ANKARA (\u0130GFA) &#8211; Meteoroloji Genel M\u00fcd\u00fcrl\u00fc\u011f\u00fc, 8 Nisan Sal\u0131 g\u00fcn\u00fcne ili\u015fkin hava tahmin raporunu yay\u0131mlad\u0131. Buna g\u00f6re T\u00fcrkiye, so\u011fuk bir hava dalgas\u0131n\u0131n etkisi alt\u0131nda olacak. S\u0131cakl\u0131klar mevsim normallerinin 10-15\u00b0C alt\u0131na d\u00fc\u015fecek. Ege, Marmara ve Bat\u0131 Karadeniz\u2019de sa\u011fanak ya\u011f\u0131\u015f, \u0130\u00e7 Anadolu ve Do\u011fu Anadolu\u2019nun y\u00fcksek kesimlerinde kar ya\u011f\u0131\u015f\u0131 bekleniyor. Marmara B\u00f6lgesi\u2019nde ise \u0130stanbul, Bursa ve Edirne\u2019de hava par\u00e7al\u0131 bulutlu ve aral\u0131kl\u0131 ya\u011fmurlu olacak. Kuzeydo\u011fu y\u00f6n\u00fcnden esen r\u00fczgar\u0131n, bat\u0131 k\u0131y\u0131lar\u0131nda zaman zaman h\u0131z\u0131n\u0131 art\u0131rarak f\u0131rt\u0131na seviyesine ula\u015fabilece\u011fi belirtiliyor. \u0130stanbul\u2019da hava par\u00e7al\u0131 bulutlu ve aral\u0131kl\u0131 ya\u011fmurlu, Erzurum ve Sivas\u2019ta karl\u0131 olacak. G\u00fcneyde ise Adana ve Mersin\u2019de hafif sa\u011fanak ge\u00e7i\u015fleri g\u00f6r\u00fclebilir. Meteoroloji uzmanlar\u0131, so\u011fuk hava dalgas\u0131n\u0131n \u00f6zellikle i\u00e7 ve y\u00fcksek kesimlerde ula\u015f\u0131m\u0131 olumsuz etkileyebilece\u011fini belirterek, vatanda\u015flar\u0131 dikkatli olmalar\u0131 konusunda uyard\u0131. Bug\u00fcn T\u00fcrkiye genelinde hissedilen so\u011fuk havan\u0131n, hafta sonuna kadar etkisini s\u00fcrd\u00fcrece\u011fi tahmin ediliyor. \u200bMeteoroloji Genel M\u00fcd\u00fcrl\u00fc\u011f\u00fc\u2019n\u00fcn son tahminlerine g\u00f6re, yurt genelinde s\u0131cakl\u0131klar mevsim normallerinin 10-15\u00b0C alt\u0131na d\u00fc\u015fecek. Bat\u0131, kuzey ve do\u011fu b\u00f6lgelerinde ya\u011f\u0131\u015flar etkili olurken, i\u00e7 ve y\u00fcksek kesimlerde kar ya\u011f\u0131\u015f\u0131 bekleniyor.ANKARA (\u0130GFA) &#8211; Meteoroloji Genel M\u00fcd\u00fcrl\u00fc\u011f\u00fc, 8 Nisan Sal\u0131 g\u00fcn\u00fcne ili\u015fkin hava tahmin raporunu yay\u0131mlad\u0131. &hellip;"}