{"version":"1.0","provider_name":"Av. Deniz Can K\u0131z\u0131l","provider_url":"https:\/\/denizcankizil.tr\/en","author_name":"admin","author_url":"https:\/\/denizcankizil.tr\/en\/author\/admin\/","title":"Sivas'ta otob\u00fcs devrildi: 2 \u00f6l\u00fc, 23 yaral\u0131","type":"rich","width":600,"height":338,"html":"<blockquote class=\"wp-embedded-content\" data-secret=\"PQKK0QJmGt\"><a href=\"https:\/\/denizcankizil.tr\/en\/haberler\/gundem\/sivasta-otobus-devrildi-2-olu-23-yarali\/\">Sivas&#8217;ta otob\u00fcs devrildi: 2 \u00f6l\u00fc, 23 yaral\u0131<\/a><\/blockquote><iframe sandbox=\"allow-scripts\" security=\"restricted\" src=\"https:\/\/denizcankizil.tr\/en\/haberler\/gundem\/sivasta-otobus-devrildi-2-olu-23-yarali\/embed\/#?secret=PQKK0QJmGt\" width=\"600\" height=\"338\" title=\"&#8220;Sivas&#8217;ta otob\u00fcs devrildi: 2 \u00f6l\u00fc, 23 yaral\u0131&#8221; &#8212; Av. Deniz Can K\u0131z\u0131l\" data-secret=\"PQKK0QJmGt\" frameborder=\"0\" marginwidth=\"0\" marginheight=\"0\" scrolling=\"no\" class=\"wp-embedded-content\"><\/iframe><script>\n\/*! This file is auto-generated *\/\n!function(d,l){\"use strict\";l.querySelector&&d.addEventListener&&\"undefined\"!=typeof URL&&(d.wp=d.wp||{},d.wp.receiveEmbedMessage||(d.wp.receiveEmbedMessage=function(e){var t=e.data;if((t||t.secret||t.message||t.value)&&!\/[^a-zA-Z0-9]\/.test(t.secret)){for(var s,r,n,a=l.querySelectorAll('iframe[data-secret=\"'+t.secret+'\"]'),o=l.querySelectorAll('blockquote[data-secret=\"'+t.secret+'\"]'),c=new RegExp(\"^https?:$\",\"i\"),i=0;i<o.length;i++)o[i].style.display=\"none\";for(i=0;i<a.length;i++)s=a[i],e.source===s.contentWindow&&(s.removeAttribute(\"style\"),\"height\"===t.message?(1e3<(r=parseInt(t.value,10))?r=1e3:~~r<200&&(r=200),s.height=r):\"link\"===t.message&&(r=new URL(s.getAttribute(\"src\")),n=new URL(t.value),c.test(n.protocol))&&n.host===r.host&&l.activeElement===s&&(d.top.location.href=t.value))}},d.addEventListener(\"message\",d.wp.receiveEmbedMessage,!1),l.addEventListener(\"DOMContentLoaded\",function(){for(var e,t,s=l.querySelectorAll(\"iframe.wp-embedded-content\"),r=0;r<s.length;r++)(t=(e=s[r]).getAttribute(\"data-secret\"))||(t=Math.random().toString(36).substring(2,12),e.src+=\"#?secret=\"+t,e.setAttribute(\"data-secret\",t)),e.contentWindow.postMessage({message:\"ready\",secret:t},\"*\")},!1)))}(window,document);\n\/\/# sourceURL=https:\/\/denizcankizil.tr\/wp-includes\/js\/wp-embed.min.js\n<\/script>","description":"Yalova&#8217;dan Erzincan&#8217;a seyir halinde olan otob\u00fcs\u00fcn Sivas&#8217;\u0131n \u0130mranl\u0131 il\u00e7esi yak\u0131nlar\u0131nda yapt\u0131\u011f\u0131 kazada 2 ki\u015fi \u00f6ld\u00fc, 23 ki\u015fi yaraland\u0131. Sivas Valili\u011fi, yaral\u0131lar\u0131n \u00e7evre hastanelerde tedavi alt\u0131na al\u0131nd\u0131\u011f\u0131 ve soru\u015fturma ba\u015flat\u0131ld\u0131\u011f\u0131n\u0131 duyurdu.S\u0130VAS (\u0130GFA) &#8211; Sivas Valili\u011fi, \u0130mranl\u0131 il\u00e7esi yak\u0131nlar\u0131nda meydana gelen trafik kazas\u0131na ili\u015fkin bir bas\u0131n a\u00e7\u0131klamas\u0131 yay\u0131mlad\u0131. A\u00e7\u0131klamaya g\u00f6re, bug\u00fcn saat 04:40 s\u0131ralar\u0131nda D-200 karayolu \u0130mranl\u0131 il\u00e7esi yak\u0131nlar\u0131nda, Yalova\u2019dan Erzincan\u2019a seyir halinde olan E.C. y\u00f6netimindeki 24 EE 062 plakal\u0131 yolcu otob\u00fcs\u00fc, \u015fof\u00f6r\u00fcn direksiyon hakimiyetini kaybetmesi sonucu devrildi. Kazada 3&#8217;\u00fc m\u00fcrettebat olan 27 ki\u015finin i\u00e7inde oldu\u011fu otob\u00fcste, 2 ki\u015fi olay yerinde hayat\u0131n\u0131 kaybederken, 23 ki\u015fi yaraland\u0131. Kazan\u0131n ard\u0131ndan sa\u011fl\u0131k, itfaiye, emniyet, jandarma ile arama-kurtarma ekipleri olay yerine sevk edildi. Yaral\u0131lar, \u0130mranl\u0131, Zara ve Hafik il\u00e7elerindeki devlet hastanelerine kald\u0131r\u0131larak tedavi alt\u0131na al\u0131nd\u0131. Kazayla ilgili adli soru\u015fturma ba\u015flat\u0131ld\u0131. Sivas Valili\u011fi, kazada hayat\u0131n\u0131 kaybeden vatanda\u015flara Allah\u2019tan rahmet, yaral\u0131lara acil \u015fifalar dilerken, &#8216;ge\u00e7mi\u015f olsun&#8217; dileklerini iletti. \u200bYalova&#8217;dan Erzincan&#8217;a seyir halinde olan otob\u00fcs\u00fcn Sivas&#8217;\u0131n \u0130mranl\u0131 il\u00e7esi yak\u0131nlar\u0131nda yapt\u0131\u011f\u0131 kazada 2 ki\u015fi \u00f6ld\u00fc, 23 ki\u015fi yaraland\u0131. Sivas Valili\u011fi, yaral\u0131lar\u0131n \u00e7evre hastanelerde tedavi alt\u0131na al\u0131nd\u0131\u011f\u0131 ve soru\u015fturma ba\u015flat\u0131ld\u0131\u011f\u0131n\u0131 duyurdu.S\u0130VAS (\u0130GFA) &#8211; Sivas Valili\u011fi, \u0130mranl\u0131 il\u00e7esi yak\u0131nlar\u0131nda meydana gelen trafik kazas\u0131na ili\u015fkin bir bas\u0131n a\u00e7\u0131klamas\u0131 yay\u0131mlad\u0131. A\u00e7\u0131klamaya g\u00f6re, bug\u00fcn saat 04:40 s\u0131ralar\u0131nda D-200 karayolu \u0130mranl\u0131 il\u00e7esi yak\u0131nlar\u0131nda, Yalova\u2019dan Erzincan\u2019a seyir &hellip;"}