{"version":"1.0","provider_name":"Av. Deniz Can K\u0131z\u0131l","provider_url":"https:\/\/denizcankizil.tr\/en","author_name":"admin","author_url":"https:\/\/denizcankizil.tr\/en\/author\/admin\/","title":"'S\u0131f\u0131r At\u0131k'a uluslararas\u0131 de\u011fer","type":"rich","width":600,"height":338,"html":"<blockquote class=\"wp-embedded-content\" data-secret=\"1Ovndx20wP\"><a href=\"https:\/\/denizcankizil.tr\/en\/haberler\/gundem\/sifir-atika-uluslararasi-deger\/\">&#8216;S\u0131f\u0131r At\u0131k&#8217;a uluslararas\u0131 de\u011fer<\/a><\/blockquote><iframe sandbox=\"allow-scripts\" security=\"restricted\" src=\"https:\/\/denizcankizil.tr\/en\/haberler\/gundem\/sifir-atika-uluslararasi-deger\/embed\/#?secret=1Ovndx20wP\" width=\"600\" height=\"338\" title=\"&#8220;&#8216;S\u0131f\u0131r At\u0131k&#8217;a uluslararas\u0131 de\u011fer&#8221; &#8212; Av. Deniz Can K\u0131z\u0131l\" data-secret=\"1Ovndx20wP\" frameborder=\"0\" marginwidth=\"0\" marginheight=\"0\" scrolling=\"no\" class=\"wp-embedded-content\"><\/iframe><script>\n\/*! This file is auto-generated *\/\n!function(d,l){\"use strict\";l.querySelector&&d.addEventListener&&\"undefined\"!=typeof URL&&(d.wp=d.wp||{},d.wp.receiveEmbedMessage||(d.wp.receiveEmbedMessage=function(e){var t=e.data;if((t||t.secret||t.message||t.value)&&!\/[^a-zA-Z0-9]\/.test(t.secret)){for(var s,r,n,a=l.querySelectorAll('iframe[data-secret=\"'+t.secret+'\"]'),o=l.querySelectorAll('blockquote[data-secret=\"'+t.secret+'\"]'),c=new RegExp(\"^https?:$\",\"i\"),i=0;i<o.length;i++)o[i].style.display=\"none\";for(i=0;i<a.length;i++)s=a[i],e.source===s.contentWindow&&(s.removeAttribute(\"style\"),\"height\"===t.message?(1e3<(r=parseInt(t.value,10))?r=1e3:~~r<200&&(r=200),s.height=r):\"link\"===t.message&&(r=new URL(s.getAttribute(\"src\")),n=new URL(t.value),c.test(n.protocol))&&n.host===r.host&&l.activeElement===s&&(d.top.location.href=t.value))}},d.addEventListener(\"message\",d.wp.receiveEmbedMessage,!1),l.addEventListener(\"DOMContentLoaded\",function(){for(var e,t,s=l.querySelectorAll(\"iframe.wp-embedded-content\"),r=0;r<s.length;r++)(t=(e=s[r]).getAttribute(\"data-secret\"))||(t=Math.random().toString(36).substring(2,12),e.src+=\"#?secret=\"+t,e.setAttribute(\"data-secret\",t)),e.contentWindow.postMessage({message:\"ready\",secret:t},\"*\")},!1)))}(window,document);\n\/\/# sourceURL=https:\/\/denizcankizil.tr\/wp-includes\/js\/wp-embed.min.js\n<\/script>","description":"Mehmet Akif \u0130nan Vakf\u0131, Emine Erdo\u011fan himayesinde y\u00fcr\u00fct\u00fclen S\u0131f\u0131r At\u0131k Hareketi\u2019ni \u201cUluslararas\u0131 De\u011fer \u00d6d\u00fcl\u00fc\u201dne lay\u0131k g\u00f6rd\u00fc.ANKARA (\u0130GFA) &#8211; Mehmet Akif \u0130nan Vakf\u0131 ve Memur-Sen Konfederasyonu i\u015f birli\u011fiyle ger\u00e7ekle\u015fen 2025 y\u0131l\u0131 Mehmet Akif \u0130nan \u00d6d\u00fclleri, d\u00fczenlenen t\u00f6renle sahiplerini buldu. 6 kategoride verilen \u00f6d\u00fcllerden Uluslararas\u0131 De\u011fer \u00d6d\u00fcl\u00fc, bu y\u0131l Emine Erdo\u011fan\u2019\u0131n himayesinde ba\u015flat\u0131lan S\u0131f\u0131r At\u0131k Projesi\u2019ne verildi. Emine Erdo\u011fan ad\u0131na \u00f6d\u00fcl\u00fc \u00c7evre, \u015eehircilik ve \u0130klim De\u011fi\u015fikli\u011fi Bakan\u0131 Murat Kurum ald\u0131. Bakan Kurum, \u00f6d\u00fcl alan isimlerin b\u00fcy\u00fck bir vefa duygusuyla belirlendi\u011fini kaydederek, \u201cBa\u015fta \u015fehitlerimiz olmak \u00fczere, \u00f6d\u00fcl takdim edilen her \u015fahsiyetin, verilen payeyi sonuna kadar hak etmi\u015f oldu\u011funu d\u00fc\u015f\u00fcn\u00fcyorum\u201d dedi. Cumhurba\u015fkan\u0131 Recep Tayyip Erdo\u011fan\u2019\u0131n liderli\u011finde ba\u015flat\u0131lan asr\u0131n in\u015fa seferberli\u011fine, milli m\u00fccadele \u015fuuruyla devam etiklerini belirten Bakan Kurum, \u201cBu seferberli\u011fin ordusu, elbette emek\u00e7i karde\u015flerimiz. Bug\u00fcn 11 ilimizde 201 bin konutu ba\u015far\u0131yla teslim ettiysek; 2025\u2019in sonunda evine girmeyen tek bir depremzede kalmayacak s\u00f6z\u00fcn\u00fc verebiliyorsak, bunun arkas\u0131nda 182 bin mimar, m\u00fchendis, i\u015f\u00e7i karde\u015fimizin al\u0131n teri vard\u0131r. Ben sizlerin huzurunda, deprem b\u00f6lgesindeki konutlar i\u00e7in 7\/24 \u00e7al\u0131\u015fan t\u00fcm emek\u00e7i karde\u015flerime te\u015fekk\u00fcr ediyorum\u201d \u015feklinde konu\u015ftu. \u201cSIFIR ATIK 6 ULUSLARARASI \u00d6D\u00dcLLE K\u00dcRESEL B\u0130R \u00c7EVRE HAREKET\u0130NE D\u00d6N\u00dc\u015eT\u00dc\u201d Bakan Kurum, Mehmet Akif \u0130nan Vakf\u0131\u2019n\u0131n S\u0131f\u0131r At\u0131k Hareketi\u2019ne verdi\u011fi Uluslararas\u0131 De\u011fer \u00d6d\u00fcl\u00fc\u2019ne dikkat \u00e7ekerek \u015funlar\u0131 s\u00f6yledi: Bu \u00f6d\u00fclle hem bir hakk\u0131 teslim ediyor &hellip;"}