{"version":"1.0","provider_name":"Av. Deniz Can K\u0131z\u0131l","provider_url":"https:\/\/denizcankizil.tr\/en","author_name":"admin","author_url":"https:\/\/denizcankizil.tr\/en\/author\/admin\/","title":"S\u0131cakl\u0131k mevsim normallerinde, r\u00fczgar yer yer kuvvetli!","type":"rich","width":600,"height":338,"html":"<blockquote class=\"wp-embedded-content\" data-secret=\"AohhogDubr\"><a href=\"https:\/\/denizcankizil.tr\/en\/haberler\/gundem\/sicaklik-mevsim-normallerinde-ruzgar-yer-yer-kuvvetli\/\">S\u0131cakl\u0131k mevsim normallerinde, r\u00fczgar yer yer kuvvetli!<\/a><\/blockquote><iframe sandbox=\"allow-scripts\" security=\"restricted\" src=\"https:\/\/denizcankizil.tr\/en\/haberler\/gundem\/sicaklik-mevsim-normallerinde-ruzgar-yer-yer-kuvvetli\/embed\/#?secret=AohhogDubr\" width=\"600\" height=\"338\" title=\"&#8220;S\u0131cakl\u0131k mevsim normallerinde, r\u00fczgar yer yer kuvvetli!&#8221; &#8212; Av. Deniz Can K\u0131z\u0131l\" data-secret=\"AohhogDubr\" frameborder=\"0\" marginwidth=\"0\" marginheight=\"0\" scrolling=\"no\" class=\"wp-embedded-content\"><\/iframe><script>\n\/*! This file is auto-generated *\/\n!function(d,l){\"use strict\";l.querySelector&&d.addEventListener&&\"undefined\"!=typeof URL&&(d.wp=d.wp||{},d.wp.receiveEmbedMessage||(d.wp.receiveEmbedMessage=function(e){var t=e.data;if((t||t.secret||t.message||t.value)&&!\/[^a-zA-Z0-9]\/.test(t.secret)){for(var s,r,n,a=l.querySelectorAll('iframe[data-secret=\"'+t.secret+'\"]'),o=l.querySelectorAll('blockquote[data-secret=\"'+t.secret+'\"]'),c=new RegExp(\"^https?:$\",\"i\"),i=0;i<o.length;i++)o[i].style.display=\"none\";for(i=0;i<a.length;i++)s=a[i],e.source===s.contentWindow&&(s.removeAttribute(\"style\"),\"height\"===t.message?(1e3<(r=parseInt(t.value,10))?r=1e3:~~r<200&&(r=200),s.height=r):\"link\"===t.message&&(r=new URL(s.getAttribute(\"src\")),n=new URL(t.value),c.test(n.protocol))&&n.host===r.host&&l.activeElement===s&&(d.top.location.href=t.value))}},d.addEventListener(\"message\",d.wp.receiveEmbedMessage,!1),l.addEventListener(\"DOMContentLoaded\",function(){for(var e,t,s=l.querySelectorAll(\"iframe.wp-embedded-content\"),r=0;r<s.length;r++)(t=(e=s[r]).getAttribute(\"data-secret\"))||(t=Math.random().toString(36).substring(2,12),e.src+=\"#?secret=\"+t,e.setAttribute(\"data-secret\",t)),e.contentWindow.postMessage({message:\"ready\",secret:t},\"*\")},!1)))}(window,document);\n\/\/# sourceURL=https:\/\/denizcankizil.tr\/wp-includes\/js\/wp-embed.min.js\n<\/script>","description":"Meteoroloji Genel M\u00fcd\u00fcrl\u00fc\u011f\u00fc\u2019n\u00fcn yay\u0131nlad\u0131\u011f\u0131 son tahminlere g\u00f6re, T\u00fcrkiye\u2019nin kuzey ve do\u011fu b\u00f6lgelerinde par\u00e7al\u0131 ve yer yer \u00e7ok bulutlu hava hakim olacak.ANKARA (\u0130GFA) &#8211; Meteoroloji Genel M\u00fcd\u00fcrl\u00fc\u011f\u00fc taraf\u0131ndan yap\u0131lan son de\u011ferlendirmelere ili\u015fkin hava raporunu yay\u0131mlad\u0131. \u00dclkemizin kuzey ve do\u011fu kesimlerinin par\u00e7al\u0131, yer yer \u00e7ok bulutlu, Do\u011fu Karadeniz ve Ordu \u00e7evreleri ile Do\u011fu Anadolu&#8217;nun kuzeydo\u011fusunun yerel sa\u011fanak ve g\u00f6k g\u00fcr\u00fclt\u00fcl\u00fc sa\u011fanak ya\u011f\u0131\u015fl\u0131, di\u011fer yerlerin az bulutlu ve a\u00e7\u0131k ge\u00e7ece\u011fi tahmin ediliyor. Hava s\u0131cakl\u0131\u011f\u0131n\u0131n, yurdun kuzey kesimlerinde mevsim normallerinin alt\u0131nda, di\u011fer yerlerde mevsim normalleri civar\u0131nda seyretmesi bekleniyor. R\u00fczgar genellikle kuzeyli, Do\u011fu Anadolu&#8217;nun g\u00fcneydo\u011fusunda g\u00fcneyli y\u00f6nlerden hafif, ara s\u0131ra orta kuvvette, Ege k\u0131y\u0131lar\u0131, \u0130\u00e7 Anadolu&#8217;nun do\u011fusu, Do\u011fu Anadolu&#8217;nun bat\u0131s\u0131nda kuzeyli, Do\u011fu Anadolu\u2019nun g\u00fcneydo\u011fusunda g\u00fcneyli y\u00f6nlerden kuvvetli olarak (30-50 km\/saat) esmesi bekleniyor. KUVVETL\u0130 R\u00dcZG\u00c2R UYARISI: R\u00fczg\u00e2r\u0131n, Kuzey Ege k\u0131y\u0131lar\u0131, \u0130\u00e7 Anadolu\u2019nun do\u011fusu ve Do\u011fu Anadolu\u2019nun bat\u0131s\u0131nda kuzeyli y\u00f6nlerden, Do\u011fu Anadolu\u2019nun g\u00fcneydo\u011fusunda g\u00fcneyli y\u00f6nlerden kuvvetli (30-50 km\/saat) esmesi beklendi\u011finden ya\u015fanabilecek olumsuzluklara kar\u015f\u0131 dikkatli ve tedbirli olunmas\u0131 gerekmektedir. \u200bMeteoroloji Genel M\u00fcd\u00fcrl\u00fc\u011f\u00fc\u2019n\u00fcn yay\u0131nlad\u0131\u011f\u0131 son tahminlere g\u00f6re, T\u00fcrkiye\u2019nin kuzey ve do\u011fu b\u00f6lgelerinde par\u00e7al\u0131 ve yer yer \u00e7ok bulutlu hava hakim olacak.ANKARA (\u0130GFA) &#8211; Meteoroloji Genel M\u00fcd\u00fcrl\u00fc\u011f\u00fc taraf\u0131ndan yap\u0131lan son de\u011ferlendirmelere ili\u015fkin hava raporunu yay\u0131mlad\u0131. \u00dclkemizin kuzey ve do\u011fu kesimlerinin par\u00e7al\u0131, yer yer \u00e7ok bulutlu, Do\u011fu Karadeniz ve Ordu \u00e7evreleri &hellip;"}