{"version":"1.0","provider_name":"Av. Deniz Can K\u0131z\u0131l","provider_url":"https:\/\/denizcankizil.tr\/en","author_name":"Antalya K\u00f6rfez","author_url":"https:\/\/denizcankizil.tr\/en\/author\/www-antalyakorfez-com\/","title":"\u015eehir Planc\u0131lar\u0131\u2019ndan 6 \u015eubat\u2019ta adil yarg\u0131lama iste\u011fi","type":"rich","width":600,"height":338,"html":"<blockquote class=\"wp-embedded-content\" data-secret=\"VamyKvJgqB\"><a href=\"https:\/\/denizcankizil.tr\/en\/haberler\/gundem\/sehir-plancilarindan-6-subatta-adil-yargilama-istegi\/\">\u015eehir Planc\u0131lar\u0131\u2019ndan 6 \u015eubat\u2019ta adil yarg\u0131lama iste\u011fi<\/a><\/blockquote><iframe sandbox=\"allow-scripts\" security=\"restricted\" src=\"https:\/\/denizcankizil.tr\/en\/haberler\/gundem\/sehir-plancilarindan-6-subatta-adil-yargilama-istegi\/embed\/#?secret=VamyKvJgqB\" width=\"600\" height=\"338\" title=\"&#8220;\u015eehir Planc\u0131lar\u0131\u2019ndan 6 \u015eubat\u2019ta adil yarg\u0131lama iste\u011fi&#8221; &#8212; Av. Deniz Can K\u0131z\u0131l\" data-secret=\"VamyKvJgqB\" frameborder=\"0\" marginwidth=\"0\" marginheight=\"0\" scrolling=\"no\" class=\"wp-embedded-content\"><\/iframe><script>\n\/*! This file is auto-generated *\/\n!function(d,l){\"use strict\";l.querySelector&&d.addEventListener&&\"undefined\"!=typeof URL&&(d.wp=d.wp||{},d.wp.receiveEmbedMessage||(d.wp.receiveEmbedMessage=function(e){var t=e.data;if((t||t.secret||t.message||t.value)&&!\/[^a-zA-Z0-9]\/.test(t.secret)){for(var s,r,n,a=l.querySelectorAll('iframe[data-secret=\"'+t.secret+'\"]'),o=l.querySelectorAll('blockquote[data-secret=\"'+t.secret+'\"]'),c=new RegExp(\"^https?:$\",\"i\"),i=0;i<o.length;i++)o[i].style.display=\"none\";for(i=0;i<a.length;i++)s=a[i],e.source===s.contentWindow&&(s.removeAttribute(\"style\"),\"height\"===t.message?(1e3<(r=parseInt(t.value,10))?r=1e3:~~r<200&&(r=200),s.height=r):\"link\"===t.message&&(r=new URL(s.getAttribute(\"src\")),n=new URL(t.value),c.test(n.protocol))&&n.host===r.host&&l.activeElement===s&&(d.top.location.href=t.value))}},d.addEventListener(\"message\",d.wp.receiveEmbedMessage,!1),l.addEventListener(\"DOMContentLoaded\",function(){for(var e,t,s=l.querySelectorAll(\"iframe.wp-embedded-content\"),r=0;r<s.length;r++)(t=(e=s[r]).getAttribute(\"data-secret\"))||(t=Math.random().toString(36).substring(2,12),e.src+=\"#?secret=\"+t,e.setAttribute(\"data-secret\",t)),e.contentWindow.postMessage({message:\"ready\",secret:t},\"*\")},!1)))}(window,document);\n\/\/# sourceURL=https:\/\/denizcankizil.tr\/wp-includes\/js\/wp-embed.min.js\n<\/script>","description":"6 \u015eubat\u2019ta Kahramanmara\u015f merkezli ya\u015fanan depremlerin y\u0131ld\u00f6n\u00fcm\u00fcnde a\u00e7\u0131klama yapan \u015eehir Planc\u0131lar\u0131 Odas\u0131 (\u015ePO) Antalya \u015eubesi, deprem sonras\u0131 uygulamalarda usuls\u00fczl\u00fck yapan t\u00fcm payda\u015flar m\u00fcteahhitler, denetim firmalar\u0131, plan m\u00fcellifleri, idarecilerin adil yarg\u0131lanmalar\u0131n\u0131 istendi. \u00a0 M\u0130LYONLARCA \u0130NSAN EVS\u0130Z KALDI 6 \u015eubat 2023 sabah\u0131, saat 04.17\u2019de ya\u015fanan b\u00fcy\u00fck felaketin ikinci y\u0131ld\u00f6n\u00fcm\u00fcnde \u015eehir Planc\u0131lar\u0131 Odas\u0131 Antalya \u015eube Ba\u015fkan\u0131 Funda Y\u00f6r\u00fck \u00f6nemli a\u00e7\u0131klamalarda bulundu. \u201cKahramanmara\u015f merkezli 7.7 ve 7.6 b\u00fcy\u00fckl\u00fc\u011f\u00fcndeki depremler sonucunda on bir kentimiz enkaza d\u00f6n\u00fc\u015ft\u00fc. Resmi rakamlara g\u00f6re 50 bini a\u015fk\u0131n vatanda\u015f\u0131m\u0131z hayat\u0131n\u0131 kaybetti, y\u00fcz binlercesi yaraland\u0131 ve milyonlarca insan evsiz kald\u0131. Ancak bu yaln\u0131zca say\u0131larla ifade edilebilecek bir y\u0131k\u0131m de\u011fil; kentlerin, mahallelerin, an\u0131lar\u0131n, ya\u015famlar\u0131n, umutlar\u0131n yok oldu\u011fu bir felaketti\u201d diyen Y\u00f6r\u00fck, \u201cBug\u00fcn, bu b\u00fcy\u00fck kayb\u0131n y\u0131ld\u00f6n\u00fcm\u00fcnde bir kez daha hat\u0131rlat\u0131lmal\u0131d\u0131r ki, bu yaln\u0131zca bir do\u011fal afet de\u011fil; y\u0131llard\u0131r s\u00fcregelen yanl\u0131\u015f kentle\u015fme politikalar\u0131n\u0131n, plans\u0131z b\u00fcy\u00fcmenin, denetimsiz yap\u0131la\u015fman\u0131n ve bilime kulak t\u0131kanmas\u0131n\u0131n bir sonucudur\u201d diye konu\u015ftu.\u00a0 B\u0130Z DEPREM \u00dcLKES\u0130 OLDU\u011eUMUZU UNUTMADIK, PEK\u0130 YA UNUTANLAR? \u201cT\u00fcrkiye, tarih boyunca bir\u00e7ok y\u0131k\u0131c\u0131 depreme maruz kalm\u0131\u015f bir \u00fclkedir. 1939 Erzincan, 1999 Marmara, 2011 Van ve daha niceleri\u201d \u015feklinde s\u00f6zlerini s\u00fcrd\u00fcren Y\u00f6r\u00fck, \u201cAncak 6 \u015eubat depremleri, ayn\u0131 hatalar\u0131n defalarca tekrar edildi\u011fini bize ac\u0131 bir \u015fekilde g\u00f6stermi\u015ftir. Deprem ger\u00e7e\u011fi bilinmesine ra\u011fmen kentler bilimsel veriler \u0131\u015f\u0131\u011f\u0131nda planlanmam\u0131\u015f, yap\u0131 stoklar\u0131 denetlenmemi\u015f ve riskli &hellip;"}