{"version":"1.0","provider_name":"Av. Deniz Can K\u0131z\u0131l","provider_url":"https:\/\/denizcankizil.tr\/en","author_name":"admin","author_url":"https:\/\/denizcankizil.tr\/en\/author\/admin\/","title":"Sakarya'da ihtiya\u00e7 sahipleri i\u00e7in \u00f6nemli hamle","type":"rich","width":600,"height":338,"html":"<blockquote class=\"wp-embedded-content\" data-secret=\"gbeBY7R5Bi\"><a href=\"https:\/\/denizcankizil.tr\/en\/haberler\/gundem\/sakaryada-ihtiyac-sahipleri-icin-onemli-hamle\/\">Sakarya&#8217;da ihtiya\u00e7 sahipleri i\u00e7in \u00f6nemli hamle<\/a><\/blockquote><iframe sandbox=\"allow-scripts\" security=\"restricted\" src=\"https:\/\/denizcankizil.tr\/en\/haberler\/gundem\/sakaryada-ihtiyac-sahipleri-icin-onemli-hamle\/embed\/#?secret=gbeBY7R5Bi\" width=\"600\" height=\"338\" title=\"&#8220;Sakarya&#8217;da ihtiya\u00e7 sahipleri i\u00e7in \u00f6nemli hamle&#8221; &#8212; Av. Deniz Can K\u0131z\u0131l\" data-secret=\"gbeBY7R5Bi\" frameborder=\"0\" marginwidth=\"0\" marginheight=\"0\" scrolling=\"no\" class=\"wp-embedded-content\"><\/iframe><script>\n\/*! This file is auto-generated *\/\n!function(d,l){\"use strict\";l.querySelector&&d.addEventListener&&\"undefined\"!=typeof URL&&(d.wp=d.wp||{},d.wp.receiveEmbedMessage||(d.wp.receiveEmbedMessage=function(e){var t=e.data;if((t||t.secret||t.message||t.value)&&!\/[^a-zA-Z0-9]\/.test(t.secret)){for(var s,r,n,a=l.querySelectorAll('iframe[data-secret=\"'+t.secret+'\"]'),o=l.querySelectorAll('blockquote[data-secret=\"'+t.secret+'\"]'),c=new RegExp(\"^https?:$\",\"i\"),i=0;i<o.length;i++)o[i].style.display=\"none\";for(i=0;i<a.length;i++)s=a[i],e.source===s.contentWindow&&(s.removeAttribute(\"style\"),\"height\"===t.message?(1e3<(r=parseInt(t.value,10))?r=1e3:~~r<200&&(r=200),s.height=r):\"link\"===t.message&&(r=new URL(s.getAttribute(\"src\")),n=new URL(t.value),c.test(n.protocol))&&n.host===r.host&&l.activeElement===s&&(d.top.location.href=t.value))}},d.addEventListener(\"message\",d.wp.receiveEmbedMessage,!1),l.addEventListener(\"DOMContentLoaded\",function(){for(var e,t,s=l.querySelectorAll(\"iframe.wp-embedded-content\"),r=0;r<s.length;r++)(t=(e=s[r]).getAttribute(\"data-secret\"))||(t=Math.random().toString(36).substring(2,12),e.src+=\"#?secret=\"+t,e.setAttribute(\"data-secret\",t)),e.contentWindow.postMessage({message:\"ready\",secret:t},\"*\")},!1)))}(window,document);\n\/\/# sourceURL=https:\/\/denizcankizil.tr\/wp-includes\/js\/wp-embed.min.js\n<\/script>","description":"Sakarya B\u00fcy\u00fck\u015fehir Belediyesi, sosyal belediyecilik alan\u0131nda uygulamalar\u0131n\u0131 geni\u015fletiyor.SAKARYA (\u0130GFA) &#8211;\u00a0Ba\u015fkan Yusuf Alemdar\u2019\u0131n \u00f6nderli\u011finde su tarifesinde y\u00fczde 20 indirim, \u00f6\u011frencilere \u00fccretsiz ve y\u00fczde 54 indirimli ula\u015f\u0131m deste\u011fi sa\u011flayan B\u00fcy\u00fck\u015fehir Belediyesi, ihtiya\u00e7 sahibi vatanda\u015flara da \u00f6nemli bir destek eli uzatarak sosyal belediyecilikte T\u00fcrkiye\u2019de \u00f6rnek olan i\u015flere imza at\u0131yor. DESTEKLER 2 KATINA \u00c7IKIYOR Sosyal Hizmetler Dairesi Ba\u015fkanl\u0131\u011f\u0131 taraf\u0131ndan dezavantajl\u0131 aileler y\u00f6nelik verilen \u201cSosyal Yard\u0131m Kart\u0131\u201d deste\u011finde \u00f6nemli bir d\u00fczenlemeye gidildi. \u0130ki ayda bir verilen sosyal \u00f6denek deste\u011finin, art\u0131k her ay ihtiya\u00e7 sahibi vatanda\u015flar\u0131n hesab\u0131na yat\u0131r\u0131lmas\u0131 konusunda karar al\u0131nd\u0131. Bu ad\u0131mla birlikte ailelerin temel ihtiya\u00e7lara eri\u015fimi daha kolay hale gelecek. Ayr\u0131ca \u015fehrin her bir k\u00f6\u015fesindeki ihtiya\u00e7 sahipleri b\u00fcy\u00fck bir hassasiyetle takip edilecek. Sosyal yard\u0131m mekanizmalar\u0131n\u0131 g\u00fc\u00e7lendirmek i\u00e7in at\u0131lan bu ad\u0131mla sosyal yard\u0131m deste\u011finin miktar\u0131 iki kat\u0131na \u00e7\u0131km\u0131\u015f olacak. \u201cHER AY HESAPLARA YATIRILACAK\u201d Konu ile ilgili B\u00fcy\u00fck\u015fehir Belediyesi Sosyal Hizmetler Dairesi Ba\u015fkanl\u0131\u011f\u0131 taraf\u0131ndan yap\u0131lan a\u00e7\u0131klamada, \u201cB\u00fcy\u00fck\u015fehir Belediyesi olarak, sosyal destek politikalar\u0131m\u0131z\u0131 vatanda\u015flar\u0131m\u0131z\u0131n refah\u0131n\u0131 art\u0131racak \u015fekilde g\u00fcncellemeye devam ediyoruz. Sosyal destek mekanizmalar\u0131n\u0131 g\u00fc\u00e7lendirmeye ve dezavantajl\u0131 gruplara daha etkin \u00e7\u00f6z\u00fcmler sunmaya kararl\u0131y\u0131z. Bu ba\u011flamda ihtiya\u00e7 sahibi vatanda\u015flara y\u00f6nelik iki ayda bir sa\u011flanan Sosyal Yard\u0131m Kart\u0131 deste\u011finde g\u00fcncellemeye gittik. Sosyal yard\u0131m deste\u011fi art\u0131k her ay ihtiya\u00e7 sahibi vatanda\u015flar\u0131n hesab\u0131na yat\u0131r\u0131lacak\u201difadelerine yer verildi. \u200bSakarya B\u00fcy\u00fck\u015fehir Belediyesi, sosyal belediyecilik alan\u0131nda &hellip;"}