{"version":"1.0","provider_name":"Av. Deniz Can K\u0131z\u0131l","provider_url":"https:\/\/denizcankizil.tr\/en","author_name":"admin","author_url":"https:\/\/denizcankizil.tr\/en\/author\/admin\/","title":"Polisle vatanda\u015f aras\u0131nda bariyer gerginli\u011fi...","type":"rich","width":600,"height":338,"html":"<blockquote class=\"wp-embedded-content\" data-secret=\"crQotXRWX0\"><a href=\"https:\/\/denizcankizil.tr\/en\/haberler\/gundem\/polisle-vatandas-arasinda-bariyer-gerginligi\/\">Polisle vatanda\u015f aras\u0131nda bariyer gerginli\u011fi&#8230;<\/a><\/blockquote><iframe sandbox=\"allow-scripts\" security=\"restricted\" src=\"https:\/\/denizcankizil.tr\/en\/haberler\/gundem\/polisle-vatandas-arasinda-bariyer-gerginligi\/embed\/#?secret=crQotXRWX0\" width=\"600\" height=\"338\" title=\"&#8220;Polisle vatanda\u015f aras\u0131nda bariyer gerginli\u011fi&#8230;&#8221; &#8212; Av. Deniz Can K\u0131z\u0131l\" data-secret=\"crQotXRWX0\" frameborder=\"0\" marginwidth=\"0\" marginheight=\"0\" scrolling=\"no\" class=\"wp-embedded-content\"><\/iframe><script>\n\/*! This file is auto-generated *\/\n!function(d,l){\"use strict\";l.querySelector&&d.addEventListener&&\"undefined\"!=typeof URL&&(d.wp=d.wp||{},d.wp.receiveEmbedMessage||(d.wp.receiveEmbedMessage=function(e){var t=e.data;if((t||t.secret||t.message||t.value)&&!\/[^a-zA-Z0-9]\/.test(t.secret)){for(var s,r,n,a=l.querySelectorAll('iframe[data-secret=\"'+t.secret+'\"]'),o=l.querySelectorAll('blockquote[data-secret=\"'+t.secret+'\"]'),c=new RegExp(\"^https?:$\",\"i\"),i=0;i<o.length;i++)o[i].style.display=\"none\";for(i=0;i<a.length;i++)s=a[i],e.source===s.contentWindow&&(s.removeAttribute(\"style\"),\"height\"===t.message?(1e3<(r=parseInt(t.value,10))?r=1e3:~~r<200&&(r=200),s.height=r):\"link\"===t.message&&(r=new URL(s.getAttribute(\"src\")),n=new URL(t.value),c.test(n.protocol))&&n.host===r.host&&l.activeElement===s&&(d.top.location.href=t.value))}},d.addEventListener(\"message\",d.wp.receiveEmbedMessage,!1),l.addEventListener(\"DOMContentLoaded\",function(){for(var e,t,s=l.querySelectorAll(\"iframe.wp-embedded-content\"),r=0;r<s.length;r++)(t=(e=s[r]).getAttribute(\"data-secret\"))||(t=Math.random().toString(36).substring(2,12),e.src+=\"#?secret=\"+t,e.setAttribute(\"data-secret\",t)),e.contentWindow.postMessage({message:\"ready\",secret:t},\"*\")},!1)))}(window,document);\n\/\/# sourceURL=https:\/\/denizcankizil.tr\/wp-includes\/js\/wp-embed.min.js\n<\/script>","description":"K\u00f6pr\u00fcba\u015f\u0131 ve \u00e7evresinin bariyerlerle kapat\u0131lmas\u0131 nedeniyle polis ile vatanda\u015flar aras\u0131nda gerginlik ya\u015fand\u0131. Hatayl\u0131, 6 \u015eubat depremlerinin ikinci y\u0131ld\u00f6n\u00fcm\u00fcnde kay\u0131plar\u0131n\u0131 anmak i\u00e7in gece saat 04.17\u2019de sokaklardayd\u0131. Depremde b\u00fcy\u00fck y\u0131k\u0131ma u\u011frayan Antakya kent merkezi ile Defne U\u011fur Mumcu Meydan\u0131na Antakyal\u0131lar, kentin d\u00f6rt bir yan\u0131ndan etkinliklerine kat\u0131ld\u0131. Hatay Valili\u011fi koordinesinde K\u00f6pr\u00fcba\u015f\u0131\u2019nda, 6 \u015eubat Platformu taraf\u0131ndan Yunus Emre Park\u0131 \u00f6n\u00fcnde, 6 \u015eubat Koordinasyonu ve Defne Belediyesi taraf\u0131ndan U\u011fur Mumcu Meydan\u0131\u2019nda olmak \u00fczere d\u00f6rt ayr\u0131 anma t\u00f6reni ger\u00e7ekle\u015ftirildi. Siyasi partiler, STK\u2019lar ve emek-meslek \u00f6rg\u00fctlerinden olu\u015fan 6 \u015eubat Platformu, K\u00f6pr\u00fcba\u015f\u0131 yak\u0131nlar\u0131ndaki Yunus Emre Park\u0131\u2019nda bir araya geldi. Ellerinde me\u015faleler, bahur ve reyhan ta\u015f\u0131yan baz\u0131 vatanda\u015flar, s\u0131k s\u0131k sloganlar att\u0131. Saatler 04.17\u2019de de depremde yitirilenler i\u00e7in sayg\u0131 duru\u015funda bulunuldu. Hatay Valili\u011fi koordinesinde d\u00fczenlenen anma etkinli\u011fi kapsam\u0131nda Vali \u00dcrgen Park\u0131\u2019nda bir araya gelindi. As\u0131rlar\u0131n Afeti 6 \u015eubat depremlerinin ikinci y\u0131l d\u00f6n\u00fcm\u00fc m\u00fcnasebetiyle d\u00fczenlenen Anma Program\u0131na Vali Mustafa Masatl\u0131, Milletvekilleri, Hatay B\u00fcy\u00fck\u015fehir Belediye Ba\u015fkan\u0131 Mehmet \u00d6nt\u00fcrk, \u0130l ve \u0130l\u00e7e Protokol \u00dcyeleri ile vatanda\u015flar\u0131n kat\u0131l\u0131m\u0131yla Cumhuriyet Meydan\u0131 Atat\u00fcrk An\u0131t\u0131\u2019nda ger\u00e7ekle\u015ftirildi. Atat\u00fcrk Caddesi istikametinden Cumhuriyet Meydan\u0131 Atat\u00fcrk An\u0131t\u0131 istikametine yap\u0131lan Sessiz Y\u00fcr\u00fcy\u00fc\u015f ile ba\u015flay\u0131p kaybedilen canlar\u0131n aziz hat\u0131ralar\u0131 \u00f6n\u00fcnde yap\u0131lan sayg\u0131 duru\u015fuyla devam eden programda Antakya\u2019da \u00fc\u00e7 semavi dini liderlerce dualar edilerek akabinde Asi Nehri\u2019ne k\u0131rm\u0131z\u0131 karanfiller b\u0131rak\u0131ld\u0131. \u200b6 \u015eubat depremlerinin &hellip;"}