{"version":"1.0","provider_name":"Av. Deniz Can K\u0131z\u0131l","provider_url":"https:\/\/denizcankizil.tr\/en","author_name":"admin","author_url":"https:\/\/denizcankizil.tr\/en\/author\/admin\/","title":"\u00d6zel Bireylerden Polis Te\u015fkilat\u0131na kutlama ziyareti\u2026","type":"rich","width":600,"height":338,"html":"<blockquote class=\"wp-embedded-content\" data-secret=\"PgVot7JUUr\"><a href=\"https:\/\/denizcankizil.tr\/en\/haberler\/gundem\/ozel-bireylerden-polis-teskilatina-kutlama-ziyareti\/\">\u00d6zel Bireylerden Polis Te\u015fkilat\u0131na kutlama ziyareti\u2026<\/a><\/blockquote><iframe sandbox=\"allow-scripts\" security=\"restricted\" src=\"https:\/\/denizcankizil.tr\/en\/haberler\/gundem\/ozel-bireylerden-polis-teskilatina-kutlama-ziyareti\/embed\/#?secret=PgVot7JUUr\" width=\"600\" height=\"338\" title=\"&#8220;\u00d6zel Bireylerden Polis Te\u015fkilat\u0131na kutlama ziyareti\u2026&#8221; &#8212; Av. Deniz Can K\u0131z\u0131l\" data-secret=\"PgVot7JUUr\" frameborder=\"0\" marginwidth=\"0\" marginheight=\"0\" scrolling=\"no\" class=\"wp-embedded-content\"><\/iframe><script>\n\/*! This file is auto-generated *\/\n!function(d,l){\"use strict\";l.querySelector&&d.addEventListener&&\"undefined\"!=typeof URL&&(d.wp=d.wp||{},d.wp.receiveEmbedMessage||(d.wp.receiveEmbedMessage=function(e){var t=e.data;if((t||t.secret||t.message||t.value)&&!\/[^a-zA-Z0-9]\/.test(t.secret)){for(var s,r,n,a=l.querySelectorAll('iframe[data-secret=\"'+t.secret+'\"]'),o=l.querySelectorAll('blockquote[data-secret=\"'+t.secret+'\"]'),c=new RegExp(\"^https?:$\",\"i\"),i=0;i<o.length;i++)o[i].style.display=\"none\";for(i=0;i<a.length;i++)s=a[i],e.source===s.contentWindow&&(s.removeAttribute(\"style\"),\"height\"===t.message?(1e3<(r=parseInt(t.value,10))?r=1e3:~~r<200&&(r=200),s.height=r):\"link\"===t.message&&(r=new URL(s.getAttribute(\"src\")),n=new URL(t.value),c.test(n.protocol))&&n.host===r.host&&l.activeElement===s&&(d.top.location.href=t.value))}},d.addEventListener(\"message\",d.wp.receiveEmbedMessage,!1),l.addEventListener(\"DOMContentLoaded\",function(){for(var e,t,s=l.querySelectorAll(\"iframe.wp-embedded-content\"),r=0;r<s.length;r++)(t=(e=s[r]).getAttribute(\"data-secret\"))||(t=Math.random().toString(36).substring(2,12),e.src+=\"#?secret=\"+t,e.setAttribute(\"data-secret\",t)),e.contentWindow.postMessage({message:\"ready\",secret:t},\"*\")},!1)))}(window,document);\n\/\/# sourceURL=https:\/\/denizcankizil.tr\/wp-includes\/js\/wp-embed.min.js\n<\/script>","description":"T\u00fcrk Polis Te\u015fkilat\u0131\u2019n\u0131n kurulu\u015funun 180. Y\u0131ld\u00f6n\u00fcm\u00fc t\u00fcm yurtta oldu\u011fu gibi Hatay\u2019\u0131n Arsuz il\u00e7esinde de Emniyetin d\u00fczenledi\u011fi \u00e7e\u015fitli etkinliklerle kutlan\u0131yor. Kutlamalara \u00f6zel bireyler de anlaml\u0131 bir ziyaretle kat\u0131larak, \u0130l\u00e7e Emniyet M\u00fcd\u00fcr\u00fc Hasan G\u00fcn\u2019\u00fcn konu\u011fu oldu. \u00a0\u00a0\u00d6zel E\u011fitim ve Rehabilitasyon Merkezi kurucu M\u00fcd\u00fcr\u00fc Tu\u011fba Kara nezaretinde ger\u00e7ekle\u015ftirilen ziyarette \u00d6zel Bireyler, halk\u0131n can ve mal g\u00fcvenli\u011finin sa\u011flanmas\u0131nda 24 saat esas\u0131na g\u00f6re hizmet veren polisler i\u00e7in haz\u0131rlad\u0131klar\u0131 \u015fiirleri okudu. Ziyarete polis k\u0131yafetli \u00f6zel bireyi makam\u0131na oturtan, Arsuz \u0130l\u00e7e Emniyet M\u00fcd\u00fcr\u00fc Hasan G\u00fcn T\u00fcrk Polis Te\u015fkilat\u0131n\u0131n gurur g\u00fcn\u00fc ve Polis haftas\u0131nda kendilerini hat\u0131rlayan, \u015fiirler okuyan \u00d6zel E\u011fitim ve Rehabilitasyon Merkezi \u00f6\u011frencilerine te\u015fekk\u00fcr etti. \u00a0\u00d6zel bireyler ile \u0130l\u00e7e Emniyet M\u00fcd\u00fcr\u00fc Hasan G\u00fcn aras\u0131nda \u00e7ok s\u0131cak ve samimi sohbet, renkli bir ortam ya\u015fand\u0131. Merkezin Kurucu M\u00fcd\u00fcr\u00fc Tu\u011fba Kara, toplumsal huzur ve g\u00fcvenli\u011fin sa\u011flanmas\u0131n\u0131n yan\u0131 s\u0131ra kurum olarak her zaman yanlar\u0131nda hissettikleri Emniyet Te\u015fkilat\u0131n\u0131n 180. Kurulu\u015f y\u0131ld\u00f6n\u00fcm\u00fcn\u00fc kutlamak i\u00e7in ziyaret ettiklerini belirterek \u201cE\u011fitim kurumu olarak her zaman deste\u011fini esirgemeyen ba\u015fta \u0130l\u00e7e Emniyet M\u00fcd\u00fcr\u00fcm\u00fcz Hasan G\u00fcn ve ekibinin y\u0131ld\u00f6n\u00fcm\u00fcn\u00fc kutluyoruz. Verdikleri hizmetten dolay\u0131 te\u015fekk\u00fcr ediyoruz\u201d dedi. \u200bArsuz G\u00f6kmeydan \u00d6zel E\u011fitim ve Rehabilitasyon Merkezi kurucu M\u00fcd\u00fcr\u00fc Tu\u011fba Kara, e\u011fitmenler ile \u00f6\u011frencileri T\u00fcrk Polis Te\u015fkilat\u0131\u2019n\u0131n 180. Kurulu\u015f y\u0131ld\u00f6n\u00fcm\u00fc m\u00fcnasebetiyle \u0130l\u00e7e Emniyet M\u00fcd\u00fcr\u00fc Hasan G\u00fcn\u2019e kutlama ziyaretinde bulundu.\u00a0 \u200bHaberin Al\u0131nt\u0131land\u0131\u011f\u0131 Kaynak: www.iskenderun.org"}