{"version":"1.0","provider_name":"Av. Deniz Can K\u0131z\u0131l","provider_url":"https:\/\/denizcankizil.tr\/en","author_name":"admin","author_url":"https:\/\/denizcankizil.tr\/en\/author\/admin\/","title":"\u00d6zda\u011f\u2019a Cumhurba\u015fkan\u0131na hakaretten soru\u015fturma","type":"rich","width":600,"height":338,"html":"<blockquote class=\"wp-embedded-content\" data-secret=\"6kD6va5GQi\"><a href=\"https:\/\/denizcankizil.tr\/en\/haberler\/gundem\/ozdaga-cumhurbaskanina-hakaretten-sorusturma\/\">\u00d6zda\u011f\u2019a Cumhurba\u015fkan\u0131na hakaretten soru\u015fturma<\/a><\/blockquote><iframe sandbox=\"allow-scripts\" security=\"restricted\" src=\"https:\/\/denizcankizil.tr\/en\/haberler\/gundem\/ozdaga-cumhurbaskanina-hakaretten-sorusturma\/embed\/#?secret=6kD6va5GQi\" width=\"600\" height=\"338\" title=\"&#8220;\u00d6zda\u011f\u2019a Cumhurba\u015fkan\u0131na hakaretten soru\u015fturma&#8221; &#8212; Av. Deniz Can K\u0131z\u0131l\" data-secret=\"6kD6va5GQi\" frameborder=\"0\" marginwidth=\"0\" marginheight=\"0\" scrolling=\"no\" class=\"wp-embedded-content\"><\/iframe><script>\n\/*! This file is auto-generated *\/\n!function(d,l){\"use strict\";l.querySelector&&d.addEventListener&&\"undefined\"!=typeof URL&&(d.wp=d.wp||{},d.wp.receiveEmbedMessage||(d.wp.receiveEmbedMessage=function(e){var t=e.data;if((t||t.secret||t.message||t.value)&&!\/[^a-zA-Z0-9]\/.test(t.secret)){for(var s,r,n,a=l.querySelectorAll('iframe[data-secret=\"'+t.secret+'\"]'),o=l.querySelectorAll('blockquote[data-secret=\"'+t.secret+'\"]'),c=new RegExp(\"^https?:$\",\"i\"),i=0;i<o.length;i++)o[i].style.display=\"none\";for(i=0;i<a.length;i++)s=a[i],e.source===s.contentWindow&&(s.removeAttribute(\"style\"),\"height\"===t.message?(1e3<(r=parseInt(t.value,10))?r=1e3:~~r<200&&(r=200),s.height=r):\"link\"===t.message&&(r=new URL(s.getAttribute(\"src\")),n=new URL(t.value),c.test(n.protocol))&&n.host===r.host&&l.activeElement===s&&(d.top.location.href=t.value))}},d.addEventListener(\"message\",d.wp.receiveEmbedMessage,!1),l.addEventListener(\"DOMContentLoaded\",function(){for(var e,t,s=l.querySelectorAll(\"iframe.wp-embedded-content\"),r=0;r<s.length;r++)(t=(e=s[r]).getAttribute(\"data-secret\"))||(t=Math.random().toString(36).substring(2,12),e.src+=\"#?secret=\"+t,e.setAttribute(\"data-secret\",t)),e.contentWindow.postMessage({message:\"ready\",secret:t},\"*\")},!1)))}(window,document);\n\/\/# sourceURL=https:\/\/denizcankizil.tr\/wp-includes\/js\/wp-embed.min.js\n<\/script>","description":"\u0130stanbul Cumhuriyet Ba\u015fsavc\u0131l\u0131\u011f\u0131, Zafer Partisi Genel Ba\u015fkan\u0131 \u00dcmit \u00d6zda\u011f hakk\u0131nda, partisinin il ba\u015fkanlar\u0131 toplant\u0131s\u0131nda Cumhurba\u015fkan\u0131 Recep Tayyip Erdo\u011fan\u2019a y\u00f6nelik sarf etti\u011fi s\u00f6zler nedeniyle soru\u015fturma ba\u015flatt\u0131.ANKARA (\u0130GFA) &#8211; Cumhurba\u015fkan\u0131 Erdo\u011fan&#8217;a sarf etti\u011fi s\u00f6zler dolay\u0131s\u0131yla hakk\u0131nda soru\u015fturma ba\u015flat\u0131lmas\u0131 \u00fczerine Zafer Partisi Genel Ba\u015fkan\u0131 \u00dcmit \u00d6zda\u011f&#8217;dan ilk a\u00e7\u0131klama geldi. Soru\u015fturma hakk\u0131nda sosyal medya hesab\u0131ndan a\u00e7\u0131klama yapan Genel Ba\u015fkan \u00dcmit \u00d6zda\u011f, s\u00f6z konusu konu\u015fman\u0131n Antalya\u2019da yap\u0131lan Zafer Partisi 4. \u0130l Ba\u015fkanlar\u0131 \u00c7al\u0131\u015ftay\u0131\u2019nda ger\u00e7ekle\u015fti\u011fini belirtti. \u00d6zda\u011f, &#8220;Erdo\u011fan\u2019a hakaret iddias\u0131 ile \u0130stanbul Cumhuriyet Ba\u015fsavc\u0131l\u0131\u011f\u0131 taraf\u0131ndan soru\u015fturma ba\u015flat\u0131lan konu\u015fmam\u0131 Antalya\u2019da Zafer Partisi 4. il Ba\u015fkanlar\u0131 \u00c7al\u0131\u015ftay\u0131nda yapt\u0131m. Konu\u015fma yeri Antalya. Antalya Ba\u015fsavc\u0131l\u0131\u011f\u0131 soru\u015fturma a\u00e7m\u0131yor. Erdo\u011fan ve ben Ankara\u2019day\u0131z. Ankara Ba\u015fsavc\u0131l\u0131\u011f\u0131 da soru\u015fturma a\u00e7m\u0131yor. \u0130stanbul Ba\u015fsavc\u0131l\u0131\u011f\u0131 a\u00e7\u0131yor. Bu konu\u015fmay\u0131 1000 defa daha yapmaya haz\u0131r\u0131m. \u0130ster hapse at\u0131n, ister kur\u015funa dizin. Atat\u00fcrk\u2019ten ve kurdu\u011fu Cumhuriyet\u2019ten taviz vermeyece\u011fiz. Atat\u00fcrk\u2019e ve Cumhuriyete sald\u0131r\u0131lara cevap verece\u011fiz.\u201d dedi. \u0130stanbul Cumhuriyet Ba\u015fsavc\u0131l\u0131\u011f\u0131 taraf\u0131ndan Genel Ba\u015fkan\u0131m\u0131z Say\u0131n Prof. Dr. \u00dcmit \u00d6zda\u011f hakk\u0131nda Cumhurba\u015fkan\u0131na Hakaret su\u00e7lamas\u0131yla soru\u015fturma ba\u015flat\u0131lm\u0131\u015ft\u0131r. Bu giri\u015fim, Cumhuriyetimizin temellerine y\u00f6nelik yersiz ve k\u00f6t\u00fc niyetli ele\u015ftirilere kar\u015f\u0131 ses \u00e7\u0131kartan, Cumhuriyet\u2026 pic.twitter.com\/GarMSaRuWu &mdash; Zafer Partisi (@zaferpartisi) January 20, 2025 \u200b\u0130stanbul Cumhuriyet Ba\u015fsavc\u0131l\u0131\u011f\u0131, Zafer Partisi Genel Ba\u015fkan\u0131 \u00dcmit \u00d6zda\u011f hakk\u0131nda, partisinin il ba\u015fkanlar\u0131 toplant\u0131s\u0131nda Cumhurba\u015fkan\u0131 Recep Tayyip Erdo\u011fan\u2019a y\u00f6nelik sarf etti\u011fi s\u00f6zler nedeniyle soru\u015fturma ba\u015flatt\u0131.ANKARA (\u0130GFA) &hellip;"}