{"version":"1.0","provider_name":"Av. Deniz Can K\u0131z\u0131l","provider_url":"https:\/\/denizcankizil.tr\/en","author_name":"admin","author_url":"https:\/\/denizcankizil.tr\/en\/author\/admin\/","title":"Ortaokul \u00f6\u011frencilerinden nefis m\u00fczik dinletisi\u2026","type":"rich","width":600,"height":338,"html":"<blockquote class=\"wp-embedded-content\" data-secret=\"p346SE976c\"><a href=\"https:\/\/denizcankizil.tr\/en\/haberler\/gundem\/ortaokul-ogrencilerinden-nefis-muzik-dinletisi\/\">Ortaokul \u00f6\u011frencilerinden nefis m\u00fczik dinletisi\u2026<\/a><\/blockquote><iframe sandbox=\"allow-scripts\" security=\"restricted\" src=\"https:\/\/denizcankizil.tr\/en\/haberler\/gundem\/ortaokul-ogrencilerinden-nefis-muzik-dinletisi\/embed\/#?secret=p346SE976c\" width=\"600\" height=\"338\" title=\"&#8220;Ortaokul \u00f6\u011frencilerinden nefis m\u00fczik dinletisi\u2026&#8221; &#8212; Av. Deniz Can K\u0131z\u0131l\" data-secret=\"p346SE976c\" frameborder=\"0\" marginwidth=\"0\" marginheight=\"0\" scrolling=\"no\" class=\"wp-embedded-content\"><\/iframe><script>\n\/*! This file is auto-generated *\/\n!function(d,l){\"use strict\";l.querySelector&&d.addEventListener&&\"undefined\"!=typeof URL&&(d.wp=d.wp||{},d.wp.receiveEmbedMessage||(d.wp.receiveEmbedMessage=function(e){var t=e.data;if((t||t.secret||t.message||t.value)&&!\/[^a-zA-Z0-9]\/.test(t.secret)){for(var s,r,n,a=l.querySelectorAll('iframe[data-secret=\"'+t.secret+'\"]'),o=l.querySelectorAll('blockquote[data-secret=\"'+t.secret+'\"]'),c=new RegExp(\"^https?:$\",\"i\"),i=0;i<o.length;i++)o[i].style.display=\"none\";for(i=0;i<a.length;i++)s=a[i],e.source===s.contentWindow&&(s.removeAttribute(\"style\"),\"height\"===t.message?(1e3<(r=parseInt(t.value,10))?r=1e3:~~r<200&&(r=200),s.height=r):\"link\"===t.message&&(r=new URL(s.getAttribute(\"src\")),n=new URL(t.value),c.test(n.protocol))&&n.host===r.host&&l.activeElement===s&&(d.top.location.href=t.value))}},d.addEventListener(\"message\",d.wp.receiveEmbedMessage,!1),l.addEventListener(\"DOMContentLoaded\",function(){for(var e,t,s=l.querySelectorAll(\"iframe.wp-embedded-content\"),r=0;r<s.length;r++)(t=(e=s[r]).getAttribute(\"data-secret\"))||(t=Math.random().toString(36).substring(2,12),e.src+=\"#?secret=\"+t,e.setAttribute(\"data-secret\",t)),e.contentWindow.postMessage({message:\"ready\",secret:t},\"*\")},!1)))}(window,document);\n\/\/# sourceURL=https:\/\/denizcankizil.tr\/wp-includes\/js\/wp-embed.min.js\n<\/script>","description":"\u0130skenderun Belediyesi K\u00fclt\u00fcr Merkezi\u2019nde ger\u00e7ekle\u015ftirilen etkinlik, okul idaresi, \u00f6\u011fretmenler, veliler ve m\u00fczikseverler taraf\u0131ndan b\u00fcy\u00fck ilgi g\u00f6rd\u00fc. \u00d6\u011frencilerin sahne performans\u0131 be\u011feni toplarken, kat\u0131l\u0131mc\u0131lara keyifli anlar ya\u015fatt\u0131. Organizasyona katk\u0131 sa\u011flayan \u00f6\u011frencilere, \u00f6\u011fretmenlere ve t\u00fcm kat\u0131l\u0131mc\u0131lara te\u015fekk\u00fcr ederek, okulun sanat ve k\u00fclt\u00fcrel etkinliklere verdi\u011fi \u00f6nemi vurgulayan Mehmet Akif Ersoy Ortaokulu M\u00fcd\u00fcr\u00fc Ali Ko\u00e7, &#8220;Bu t\u00fcr etkinlikler sayesinde \u00f6\u011frencilerimiz, kendi yeteneklerinin fark\u0131na vararak gelecekteki hedeflerini belirlemeye ve yeteneklerine g\u00f6re hayatlar\u0131n\u0131 \u015fekillendirmeye \u015fimdiden ad\u0131m at\u0131yorlar. Konserimize katk\u0131 sa\u011flayan \u00f6\u011frencilerimize, onlar\u0131 haz\u0131rlayan de\u011ferli okul aile birli\u011fimize, \u00f6\u011fretmenlerimize ve organizasyona destek veren herkese te\u015fekk\u00fcr ediyor, bu g\u00fczel etkinlik i\u00e7in eme\u011fi ge\u00e7en herkese \u015f\u00fckranlar\u0131m\u0131 sunuyorum\u201d dedi. \u00d6\u011frenci korosu, birbirinden de\u011ferli eserleri b\u00fcy\u00fck bir ba\u015far\u0131yla seslendirerek kat\u0131l\u0131mc\u0131lara tam anlam\u0131yla bir m\u00fczik ziyafeti sundu. Program\u0131n sonunda seslendirilen hareketli \u015fark\u0131larla konuklar sahneye \u00e7\u0131k\u0131p halay \u00e7ekerek co\u015fkuya ortak oldu. E\u011flenceli anlara sahne olan etkinlik, \u00f6\u011frenci korosunun performans\u0131yla kat\u0131l\u0131mc\u0131lara unutulmaz bir gece ya\u015fatt\u0131. \u200bHatay\u2019\u0131n \u0130skenderun il\u00e7esinde e\u011fitim veren Mehmet Akif Ersoy Ortaokulu, okul b\u00fcnyesinde olu\u015fturulan \u00e7ocuk korosu \u015fef Murat Bulut y\u00f6netiminde unutulmaz bir m\u00fczik dinletisi ziyafeti sundu.\u00a0 \u200bHaberin Al\u0131nt\u0131land\u0131\u011f\u0131 Kaynak: www.iskenderun.org"}