{"version":"1.0","provider_name":"Av. Deniz Can K\u0131z\u0131l","provider_url":"https:\/\/denizcankizil.tr\/en","author_name":"admin","author_url":"https:\/\/denizcankizil.tr\/en\/author\/admin\/","title":"Ordu Fatsa\u2019n\u0131n tarihi miras\u0131 g\u00fcn y\u00fcz\u00fcne \u00e7\u0131k\u0131yor","type":"rich","width":600,"height":338,"html":"<blockquote class=\"wp-embedded-content\" data-secret=\"USrXY5mt9p\"><a href=\"https:\/\/denizcankizil.tr\/en\/haberler\/gundem\/ordu-fatsanin-tarihi-mirasi-gun-yuzune-cikiyor\/\">Ordu Fatsa\u2019n\u0131n tarihi miras\u0131 g\u00fcn y\u00fcz\u00fcne \u00e7\u0131k\u0131yor<\/a><\/blockquote><iframe sandbox=\"allow-scripts\" security=\"restricted\" src=\"https:\/\/denizcankizil.tr\/en\/haberler\/gundem\/ordu-fatsanin-tarihi-mirasi-gun-yuzune-cikiyor\/embed\/#?secret=USrXY5mt9p\" width=\"600\" height=\"338\" title=\"&#8220;Ordu Fatsa\u2019n\u0131n tarihi miras\u0131 g\u00fcn y\u00fcz\u00fcne \u00e7\u0131k\u0131yor&#8221; &#8212; Av. Deniz Can K\u0131z\u0131l\" data-secret=\"USrXY5mt9p\" frameborder=\"0\" marginwidth=\"0\" marginheight=\"0\" scrolling=\"no\" class=\"wp-embedded-content\"><\/iframe><script>\n\/*! This file is auto-generated *\/\n!function(d,l){\"use strict\";l.querySelector&&d.addEventListener&&\"undefined\"!=typeof URL&&(d.wp=d.wp||{},d.wp.receiveEmbedMessage||(d.wp.receiveEmbedMessage=function(e){var t=e.data;if((t||t.secret||t.message||t.value)&&!\/[^a-zA-Z0-9]\/.test(t.secret)){for(var s,r,n,a=l.querySelectorAll('iframe[data-secret=\"'+t.secret+'\"]'),o=l.querySelectorAll('blockquote[data-secret=\"'+t.secret+'\"]'),c=new RegExp(\"^https?:$\",\"i\"),i=0;i<o.length;i++)o[i].style.display=\"none\";for(i=0;i<a.length;i++)s=a[i],e.source===s.contentWindow&&(s.removeAttribute(\"style\"),\"height\"===t.message?(1e3<(r=parseInt(t.value,10))?r=1e3:~~r<200&&(r=200),s.height=r):\"link\"===t.message&&(r=new URL(s.getAttribute(\"src\")),n=new URL(t.value),c.test(n.protocol))&&n.host===r.host&&l.activeElement===s&&(d.top.location.href=t.value))}},d.addEventListener(\"message\",d.wp.receiveEmbedMessage,!1),l.addEventListener(\"DOMContentLoaded\",function(){for(var e,t,s=l.querySelectorAll(\"iframe.wp-embedded-content\"),r=0;r<s.length;r++)(t=(e=s[r]).getAttribute(\"data-secret\"))||(t=Math.random().toString(36).substring(2,12),e.src+=\"#?secret=\"+t,e.setAttribute(\"data-secret\",t)),e.contentWindow.postMessage({message:\"ready\",secret:t},\"*\")},!1)))}(window,document);\n\/\/# sourceURL=https:\/\/denizcankizil.tr\/wp-includes\/js\/wp-embed.min.js\n<\/script>","description":"Ordu B\u00fcy\u00fck\u015fehir Belediyesi, kentin k\u00fclt\u00fcrel miras\u0131n\u0131 g\u00fcn y\u00fcz\u00fcne \u00e7\u0131karmak ve gelecek nesillere aktarmak amac\u0131yla y\u00fcr\u00fctt\u00fc\u011f\u00fc arkeolojik \u00e7al\u0131\u015fmalar\u0131na bir yenisini daha ekliyor.ORDU (\u0130GFA) &#8211; Ordu B\u00fcy\u00fck\u015fehir Belediyesi, kentin k\u00fclt\u00fcrel miras\u0131n\u0131 g\u00fcn y\u00fcz\u00fcne \u00e7\u0131karmak ve gelecek nesillere aktarmak amac\u0131yla y\u00fcr\u00fctt\u00fc\u011f\u00fc arkeolojik \u00e7al\u0131\u015fmalar\u0131na bir yenisini daha ekliyor. 2010 y\u0131l\u0131ndan bu yana Kurul Kalesi\u2019nde s\u00fcrd\u00fcr\u00fclen kaz\u0131 \u00e7al\u0131\u015fmalar\u0131na \u00f6nc\u00fcl\u00fck eden Ordu B\u00fcy\u00fck\u015fehir Belediyesi, \u015fimdi de Fatsa il\u00e7esi Yaprakl\u0131 K\u00f6y\u00fc s\u0131n\u0131rlar\u0131nda yer alan C\u0131ng\u0131rt Kalesi\u2019nde kaz\u0131 \u00e7al\u0131\u015fmalar\u0131na ba\u015fl\u0131yor. Bilimsel ve teknik deste\u011fi Ordu B\u00fcy\u00fck\u015fehir Belediyesi taraf\u0131ndan sa\u011flanacak olan kaz\u0131lar, Ordu M\u00fcze M\u00fcd\u00fcrl\u00fc\u011f\u00fc ba\u015fkanl\u0131\u011f\u0131nda ve Hac\u0131 Bayram Veli \u00dcniversitesi Arkeoloji B\u00f6l\u00fcm Ba\u015fkan\u0131 Prof. Dr. Ay\u015fe Fatma Erol\u2019un bilimsel dan\u0131\u015fmanl\u0131\u011f\u0131nda y\u00fcr\u00fct\u00fclecek. B\u00f6ylece C\u0131ng\u0131rt Kalesi\u2019nde 2012 y\u0131l\u0131nda yap\u0131lan kurtarma kaz\u0131lar\u0131n\u0131n ard\u0131ndan ikinci kaz\u0131 d\u00f6nemi ba\u015flat\u0131lm\u0131\u015f olacak. 2012 YILINDA KURTARMA KAZISI YAPILMI\u015eTI Fatsa\u2019n\u0131n yakla\u015f\u0131k 5 kilometre g\u00fcneyinde, Yaprakl\u0131 K\u00f6y\u00fc s\u0131n\u0131rlar\u0131 i\u00e7erisinde bulunan C\u0131ng\u0131rt Kayas\u0131 Arkeolojik Yerle\u015fim Alan\u0131, y\u00fcksek ve ormanl\u0131k bir tepe \u00fczerinde konumlan\u0131yor. Do\u011fal yap\u0131s\u0131yla savunmaya elveri\u015fli bu alan, 1995 y\u0131l\u0131nda 1. Derece Arkeolojik Sit Alan\u0131 olarak tescil edilmi\u015fti. B\u00f6lgede 2012 y\u0131l\u0131nda Gazi \u00dcniversitesi \u00f6\u011fretim \u00fcyesi Yrd. Do\u00e7. Dr. Ay\u015fe Erol dan\u0131\u015fmanl\u0131\u011f\u0131nda ilk kurtarma kaz\u0131s\u0131 yap\u0131lm\u0131\u015f ve \u00f6nemli arkeolojik bulgulara ula\u015f\u0131lm\u0131\u015ft\u0131. ORTA \u00c7A\u011eA A\u0130T BULGULAR ELDE ED\u0130LM\u0130\u015eT\u0130 Bug\u00fcne kadar yap\u0131lan \u00e7al\u0131\u015fmalarda kayalara oyulmu\u015f t\u00fcnel benzeri yap\u0131lar, basamaklar, ni\u015fler, ta\u015f &hellip;"}