{"version":"1.0","provider_name":"Av. Deniz Can K\u0131z\u0131l","provider_url":"https:\/\/denizcankizil.tr\/en","author_name":"Av. Deniz Can K\u0131z\u0131l","author_url":"https:\/\/denizcankizil.tr\/en","title":"M\u00fcft\u00fc Avc\u0131\u2019dan Regaip Kandili ve \u00dc\u00e7 Aylar Mesaj\u0131","type":"rich","width":600,"height":338,"html":"<blockquote class=\"wp-embedded-content\" data-secret=\"rPOOW0EDxh\"><a href=\"https:\/\/denizcankizil.tr\/en\/haberler\/gundem\/muftu-avcidan-regaip-kandili-ve-uc-aylar-mesaji\/\">M\u00fcft\u00fc Avc\u0131\u2019dan Regaip Kandili ve \u00dc\u00e7 Aylar Mesaj\u0131<\/a><\/blockquote><iframe sandbox=\"allow-scripts\" security=\"restricted\" src=\"https:\/\/denizcankizil.tr\/en\/haberler\/gundem\/muftu-avcidan-regaip-kandili-ve-uc-aylar-mesaji\/embed\/#?secret=rPOOW0EDxh\" width=\"600\" height=\"338\" title=\"&#8220;M\u00fcft\u00fc Avc\u0131\u2019dan Regaip Kandili ve \u00dc\u00e7 Aylar Mesaj\u0131&#8221; &#8212; Av. Deniz Can K\u0131z\u0131l\" data-secret=\"rPOOW0EDxh\" frameborder=\"0\" marginwidth=\"0\" marginheight=\"0\" scrolling=\"no\" class=\"wp-embedded-content\"><\/iframe><script>\n\/*! This file is auto-generated *\/\n!function(d,l){\"use strict\";l.querySelector&&d.addEventListener&&\"undefined\"!=typeof URL&&(d.wp=d.wp||{},d.wp.receiveEmbedMessage||(d.wp.receiveEmbedMessage=function(e){var t=e.data;if((t||t.secret||t.message||t.value)&&!\/[^a-zA-Z0-9]\/.test(t.secret)){for(var s,r,n,a=l.querySelectorAll('iframe[data-secret=\"'+t.secret+'\"]'),o=l.querySelectorAll('blockquote[data-secret=\"'+t.secret+'\"]'),c=new RegExp(\"^https?:$\",\"i\"),i=0;i<o.length;i++)o[i].style.display=\"none\";for(i=0;i<a.length;i++)s=a[i],e.source===s.contentWindow&&(s.removeAttribute(\"style\"),\"height\"===t.message?(1e3<(r=parseInt(t.value,10))?r=1e3:~~r<200&&(r=200),s.height=r):\"link\"===t.message&&(r=new URL(s.getAttribute(\"src\")),n=new URL(t.value),c.test(n.protocol))&&n.host===r.host&&l.activeElement===s&&(d.top.location.href=t.value))}},d.addEventListener(\"message\",d.wp.receiveEmbedMessage,!1),l.addEventListener(\"DOMContentLoaded\",function(){for(var e,t,s=l.querySelectorAll(\"iframe.wp-embedded-content\"),r=0;r<s.length;r++)(t=(e=s[r]).getAttribute(\"data-secret\"))||(t=Math.random().toString(36).substring(2,12),e.src+=\"#?secret=\"+t,e.setAttribute(\"data-secret\",t)),e.contentWindow.postMessage({message:\"ready\",secret:t},\"*\")},!1)))}(window,document);\n\/\/# sourceURL=https:\/\/denizcankizil.tr\/wp-includes\/js\/wp-embed.min.js\n<\/script>","description":"\u0130skenderun \u0130l\u00e7e M\u00fcft\u00fcs\u00fc Avc\u0131, mesaj\u0131nda \u201cT\u00fcm vatanda\u015flar\u0131m\u0131z\u0131n \u00dc\u00e7 Aylar\u0131n\u0131 tebrik ediyor, Regaip Kandili\u2019nin hay\u0131rlara vesile olmas\u0131n\u0131 diliyorum. Bilindi\u011fi \u00fczere \u00dc\u00e7 Aylar; Recep, \u015eaban ve Ramazan aylar\u0131ndan olu\u015fmaktad\u0131r. \u015eu anda \u00dc\u00e7 Aylar\u0131n ilki olan Recep ay\u0131n\u0131 idrak etmekteyiz. Bu aylar, ibadetlerin daha yo\u011funla\u015ft\u0131\u011f\u0131 ve Rabbimizin kullar\u0131na dikkatlerini ibadete y\u00f6neltmeleri i\u00e7in hediye etti\u011fi m\u00fcbarek bir zaman dilimidir\u201d dedi. Regaip Kandili\u2019nin \u00f6nemine de\u011finen M\u00fcft\u00fc Avc\u0131, Peygamber Efendimiz\u2019in hadis-i \u015ferifinden al\u0131nt\u0131 yaparak \u015fu bilgileri payla\u015ft\u0131: \u201cBe\u015f gece vard\u0131r ki bu gecelerde yap\u0131lan dualar geri \u00e7evrilmez. Bunlardan biri Recep ay\u0131n\u0131n ilk Cuma gecesi olan Regaip Kandili, di\u011feri \u015eaban ay\u0131n\u0131n ortas\u0131ndaki Berat Kandili, her hafta Per\u015fembe\u2019yi Cuma\u2019ya ba\u011flayan gece, Ramazan Bayram\u0131 gecesi ve Kurban Bayram\u0131 gecesidir. Bu geceler, dualar\u0131n kabul oldu\u011fu \u00f6zel zaman dilimlerindendir. Bug\u00fcn, Per\u015fembe\u2019yi Cuma\u2019ya ba\u011flayan geceyi idrak edece\u011fimiz Regaip Kandili de bu \u00f6nemli gecelerden biridir.\u201d M\u00fcft\u00fc Avc\u0131, vatanda\u015flar\u0131n bu m\u00fcbarek g\u00fcnleri ibadet, dua ve tefekk\u00fcrle de\u011ferlendirmesi gerekti\u011fini vurgulad\u0131. Regaip Kandili\u2019nin, \u0130slam \u00e2lemine bar\u0131\u015f, huzur ve hay\u0131rlar getirmesi temennisinde bulundu. \u200bRegaip Kandili ve \u00dc\u00e7 Aylar dolay\u0131s\u0131yla bir mesaj yay\u0131mlayarak t\u00fcm vatanda\u015flar\u0131n m\u00fcbarek g\u00fcnlerini tebrik eden \u0130skenderun \u0130l\u00e7e M\u00fcft\u00fcs\u00fc Ramazan Avc\u0131, bu anlaml\u0131 g\u00fcnlerin ibadet ve dualar a\u00e7\u0131s\u0131ndan \u00f6nemine dikkat \u00e7ekti.\u00a0 \u200bHaberin Al\u0131nt\u0131land\u0131\u011f\u0131 Kaynak: www.iskenderun.org"}