{"version":"1.0","provider_name":"Av. Deniz Can K\u0131z\u0131l","provider_url":"https:\/\/denizcankizil.tr\/en","author_name":"admin","author_url":"https:\/\/denizcankizil.tr\/en\/author\/admin\/","title":"M\u00fcbadelenin 102\u2019nci y\u0131l\u0131 Kocaeli \u0130zmit\u2019te an\u0131lacak","type":"rich","width":600,"height":338,"html":"<blockquote class=\"wp-embedded-content\" data-secret=\"Un9nu44Kx5\"><a href=\"https:\/\/denizcankizil.tr\/en\/haberler\/gundem\/mubadelenin-102nci-yili-kocaeli-izmitte-anilacak\/\">M\u00fcbadelenin 102\u2019nci y\u0131l\u0131 Kocaeli \u0130zmit\u2019te an\u0131lacak<\/a><\/blockquote><iframe sandbox=\"allow-scripts\" security=\"restricted\" src=\"https:\/\/denizcankizil.tr\/en\/haberler\/gundem\/mubadelenin-102nci-yili-kocaeli-izmitte-anilacak\/embed\/#?secret=Un9nu44Kx5\" width=\"600\" height=\"338\" title=\"&#8220;M\u00fcbadelenin 102\u2019nci y\u0131l\u0131 Kocaeli \u0130zmit\u2019te an\u0131lacak&#8221; &#8212; Av. Deniz Can K\u0131z\u0131l\" data-secret=\"Un9nu44Kx5\" frameborder=\"0\" marginwidth=\"0\" marginheight=\"0\" scrolling=\"no\" class=\"wp-embedded-content\"><\/iframe><script>\n\/*! This file is auto-generated *\/\n!function(d,l){\"use strict\";l.querySelector&&d.addEventListener&&\"undefined\"!=typeof URL&&(d.wp=d.wp||{},d.wp.receiveEmbedMessage||(d.wp.receiveEmbedMessage=function(e){var t=e.data;if((t||t.secret||t.message||t.value)&&!\/[^a-zA-Z0-9]\/.test(t.secret)){for(var s,r,n,a=l.querySelectorAll('iframe[data-secret=\"'+t.secret+'\"]'),o=l.querySelectorAll('blockquote[data-secret=\"'+t.secret+'\"]'),c=new RegExp(\"^https?:$\",\"i\"),i=0;i<o.length;i++)o[i].style.display=\"none\";for(i=0;i<a.length;i++)s=a[i],e.source===s.contentWindow&&(s.removeAttribute(\"style\"),\"height\"===t.message?(1e3<(r=parseInt(t.value,10))?r=1e3:~~r<200&&(r=200),s.height=r):\"link\"===t.message&&(r=new URL(s.getAttribute(\"src\")),n=new URL(t.value),c.test(n.protocol))&&n.host===r.host&&l.activeElement===s&&(d.top.location.href=t.value))}},d.addEventListener(\"message\",d.wp.receiveEmbedMessage,!1),l.addEventListener(\"DOMContentLoaded\",function(){for(var e,t,s=l.querySelectorAll(\"iframe.wp-embedded-content\"),r=0;r<s.length;r++)(t=(e=s[r]).getAttribute(\"data-secret\"))||(t=Math.random().toString(36).substring(2,12),e.src+=\"#?secret=\"+t,e.setAttribute(\"data-secret\",t)),e.contentWindow.postMessage({message:\"ready\",secret:t},\"*\")},!1)))}(window,document);\n\/\/# sourceURL=https:\/\/denizcankizil.tr\/wp-includes\/js\/wp-embed.min.js\n<\/script>","description":"Kocaeli \u0130zmit Belediyesi, Lozan M\u00fcbadelesinin 102\u2019nci y\u0131l d\u00f6n\u00fcm\u00fc dolay\u0131s\u0131yla 30 Ocak Per\u015fembe g\u00fcn\u00fc saat 18.30\u2019da Balkan Dernekleri Yerle\u015fkesi\u2019nde anma program\u0131 d\u00fczenleyecek.KOCAEL\u0130 (\u0130GFA) &#8211;\u00a0\u0130zmit Belediyesi, 1923 y\u0131l\u0131nda imzalanan Lozan M\u00fcbadele S\u00f6zle\u015fmesi\u2019nin 102\u2019nci y\u0131l d\u00f6n\u00fcm\u00fc dolay\u0131s\u0131yla anma program\u0131 d\u00fczenleyerek vatanlar\u0131ndan g\u00f6\u00e7en M\u00fcsl\u00fcman\/T\u00fcrk m\u00fcbadilleri anarak g\u00f6\u00e7 ile ya\u015fad\u0131klar\u0131 ac\u0131ya bir kez daha ortak olacak. Balkan Dernekleri ile fikir al\u0131\u015fveri\u015fi yap\u0131larak haz\u0131rlanan program 30 Ocak Per\u015fembe g\u00fcn\u00fc saat 18.30\u2019da Balkan Dernekleri Yerle\u015fkesi\u2019nde kavurma ve pilav ikram\u0131 ile ba\u015flayacak.\u00a0 S\u00d6YLE\u015e\u0130 \u0130LE TAR\u0130HE YOLCULUK Program\u0131n a\u00e7\u0131l\u0131\u015f\u0131n\u0131n ard\u0131ndan, Kocaeli \u00dcniversitesi Fen-Edebiyat Fak\u00fcltesi Tarih B\u00f6l\u00fcm\u00fc\u2019nden Do\u00e7. Dr. Esma Torun \u00c7elik\u2019in moderat\u00f6rl\u00fc\u011f\u00fcnde bir s\u00f6yle\u015fi ger\u00e7ekle\u015ftirilecek. S\u00f6yle\u015fide, Bat\u0131 Trakya T\u00fcrkleri Dayan\u0131\u015fma Derne\u011fi 27. Genel Ba\u015fkan\u0131 Av. Burhaneddin Hakg\u00fcder ile \u0130stanbul \u00dcniversitesi Edebiyat Fak\u00fcltesi Tarih B\u00f6l\u00fcm\u00fc \u00d6\u011fretim \u00dcyesi Prof. Dr. Cezmi Eraslan konu\u015fmac\u0131 olarak yer alacak. KENT ORKESTRASINDAN BALKAN EZG\u0130LER\u0130 S\u00f6yle\u015fi sonras\u0131nda \u0130zmit Belediyesi Kent Orkestras\u0131, Balkan ezgilerinden olu\u015fan bir konserle geceye renk katacak. Ayr\u0131ca, etkinlik boyunca &#8220;Bir F\u0131rt\u0131na Tuttu Bizi&#8221; adl\u0131 M\u00fcbadele temal\u0131 foto\u011fraf sergisi ziyarete a\u00e7\u0131k olacak. \u200bKocaeli \u0130zmit Belediyesi, Lozan M\u00fcbadelesinin 102\u2019nci y\u0131l d\u00f6n\u00fcm\u00fc dolay\u0131s\u0131yla 30 Ocak Per\u015fembe g\u00fcn\u00fc saat 18.30\u2019da Balkan Dernekleri Yerle\u015fkesi\u2019nde anma program\u0131 d\u00fczenleyecek.KOCAEL\u0130 (\u0130GFA) &#8211;\u00a0\u0130zmit Belediyesi, 1923 y\u0131l\u0131nda imzalanan Lozan M\u00fcbadele S\u00f6zle\u015fmesi\u2019nin 102\u2019nci y\u0131l d\u00f6n\u00fcm\u00fc dolay\u0131s\u0131yla anma program\u0131 d\u00fczenleyerek vatanlar\u0131ndan g\u00f6\u00e7en M\u00fcsl\u00fcman\/T\u00fcrk m\u00fcbadilleri anarak &hellip;"}