{"version":"1.0","provider_name":"Av. Deniz Can K\u0131z\u0131l","provider_url":"https:\/\/denizcankizil.tr\/en","author_name":"Av. Deniz Can K\u0131z\u0131l","author_url":"https:\/\/denizcankizil.tr\/en","title":"Milli E\u011fitim Bakan\u0131'ndan okul \u00f6ncesi payla\u015f\u0131m\u0131","type":"rich","width":600,"height":338,"html":"<blockquote class=\"wp-embedded-content\" data-secret=\"CZuL7vjiYM\"><a href=\"https:\/\/denizcankizil.tr\/en\/haberler\/gundem\/milli-egitim-bakanindan-okul-oncesi-paylasimi\/\">Milli E\u011fitim Bakan\u0131&#8217;ndan okul \u00f6ncesi payla\u015f\u0131m\u0131<\/a><\/blockquote><iframe sandbox=\"allow-scripts\" security=\"restricted\" src=\"https:\/\/denizcankizil.tr\/en\/haberler\/gundem\/milli-egitim-bakanindan-okul-oncesi-paylasimi\/embed\/#?secret=CZuL7vjiYM\" width=\"600\" height=\"338\" title=\"&#8220;Milli E\u011fitim Bakan\u0131&#8217;ndan okul \u00f6ncesi payla\u015f\u0131m\u0131&#8221; &#8212; Av. Deniz Can K\u0131z\u0131l\" data-secret=\"CZuL7vjiYM\" frameborder=\"0\" marginwidth=\"0\" marginheight=\"0\" scrolling=\"no\" class=\"wp-embedded-content\"><\/iframe><script>\n\/*! This file is auto-generated *\/\n!function(d,l){\"use strict\";l.querySelector&&d.addEventListener&&\"undefined\"!=typeof URL&&(d.wp=d.wp||{},d.wp.receiveEmbedMessage||(d.wp.receiveEmbedMessage=function(e){var t=e.data;if((t||t.secret||t.message||t.value)&&!\/[^a-zA-Z0-9]\/.test(t.secret)){for(var s,r,n,a=l.querySelectorAll('iframe[data-secret=\"'+t.secret+'\"]'),o=l.querySelectorAll('blockquote[data-secret=\"'+t.secret+'\"]'),c=new RegExp(\"^https?:$\",\"i\"),i=0;i<o.length;i++)o[i].style.display=\"none\";for(i=0;i<a.length;i++)s=a[i],e.source===s.contentWindow&&(s.removeAttribute(\"style\"),\"height\"===t.message?(1e3<(r=parseInt(t.value,10))?r=1e3:~~r<200&&(r=200),s.height=r):\"link\"===t.message&&(r=new URL(s.getAttribute(\"src\")),n=new URL(t.value),c.test(n.protocol))&&n.host===r.host&&l.activeElement===s&&(d.top.location.href=t.value))}},d.addEventListener(\"message\",d.wp.receiveEmbedMessage,!1),l.addEventListener(\"DOMContentLoaded\",function(){for(var e,t,s=l.querySelectorAll(\"iframe.wp-embedded-content\"),r=0;r<s.length;r++)(t=(e=s[r]).getAttribute(\"data-secret\"))||(t=Math.random().toString(36).substring(2,12),e.src+=\"#?secret=\"+t,e.setAttribute(\"data-secret\",t)),e.contentWindow.postMessage({message:\"ready\",secret:t},\"*\")},!1)))}(window,document);\n\/\/# sourceURL=https:\/\/denizcankizil.tr\/wp-includes\/js\/wp-embed.min.js\n<\/script>","description":"Milli E\u011fitim Bakan\u0131 Yusuf Tekin, T\u00fcrkiye&#8217;de okul \u00f6ncesi e\u011fitim okulla\u015fma oran\u0131n\u0131n 2023-2024 e\u011fitim \u00f6\u011fretim y\u0131l\u0131nda 5 ya\u015fta y\u00fczde 95,44&#8217;e ula\u015ft\u0131\u011f\u0131n\u0131 belirtti.ANKARA (\u0130GFA) &#8211;\u00a0Milli E\u011fitim Bakan\u0131 Yusuf Tekin, sosyal medya hesab\u0131ndan yapt\u0131\u011f\u0131 payla\u0131m\u0131nda \u00e7ocuklar\u0131n ya\u015fam boyu s\u00fcren geli\u015fim s\u00fcrecinin temelinin, hayat\u0131n ilk y\u0131llar\u0131nda at\u0131lan k\u00fc\u00e7\u00fck ancak \u00f6nemli ad\u0131mlarla \u015fekillendi\u011fini belirtti. Bakan Tekin yapt\u0131\u011f\u0131 payla\u015f\u0131mda &#8221;\u00c7ocuklar\u0131m\u0131z\u0131n ya\u015fam boyu s\u00fcren geli\u015fim s\u00fcrecinin temeli, hayat\u0131n ilk y\u0131llar\u0131nda at\u0131lan k\u00fc\u00e7\u00fck ancak \u00f6nemli ad\u0131mlarla \u015fekilleniyor. Okul \u00f6ncesi e\u011fitimde edinilen beceriler, \u00e7ocu\u011fun ileriki ya\u015fam\u0131nda ve bir \u00fcst \u00f6\u011fretim kademesinde kar\u015f\u0131la\u015faca\u011f\u0131 zorluklarla ba\u015fa \u00e7\u0131kabilme yetene\u011fini art\u0131rd\u0131\u011f\u0131 gibi onun daha ba\u015far\u0131l\u0131, mutlu ve \u00fcretken olmas\u0131na imk\u00e2n tan\u0131yor. Bakanl\u0131k olarak 2002 y\u0131l\u0131 \u00f6ncesinde ihmal edilen okul \u00f6ncesi e\u011fitim d\u00f6nemine \u00f6nem veriyor, \u00e7al\u0131\u015fmalar\u0131m\u0131z\u0131 bu bilin\u00e7le \u015fekillendirerek evlatlar\u0131m\u0131z\u0131n daha m\u00fcreffeh bir gelece\u011fe ta\u015f\u0131mak i\u00e7in kararl\u0131l\u0131\u011f\u0131m\u0131z\u0131 s\u00fcrd\u00fcr\u00fcyoruz. 1992 y\u0131l\u0131nda y\u00fczde 5,1 olan ve 1992-2002 y\u0131llar\u0131 aras\u0131nda sadece y\u00fczde 11,5\u2019e y\u00fckseltilebilen okul \u00f6ncesi e\u011fitim okulla\u015fma oran\u0131n\u0131, yapm\u0131\u015f oldu\u011fumuz \u00e7al\u0131\u015fmalarla 2023-2024 e\u011fitim \u00f6\u011fretim y\u0131l\u0131nda 5 ya\u015fta (br\u00fct) y\u00fczde 95,44\u2019e ula\u015ft\u0131rd\u0131k. B\u00f6ylece OECD&#8217;nin Bir Bak\u0131\u015fta E\u011fitim Raporu&#8217;na g\u00f6re T\u00fcrkiye\u2019yi okul \u00f6ncesi e\u011fitimde t\u00fcm \u00fclkeler aras\u0131ndaki en b\u00fcy\u00fck art\u0131\u015f sa\u011flayan \u00fclke konumuna getirdik. \u00dclkemizin d\u00f6rt bir yan\u0131nda her kademe ve alanda oldu\u011fu gibi erken \u00e7ocukluk d\u00f6nemi ve okul \u00f6ncesi e\u011fitimde de evlatlar\u0131m\u0131z\u0131 bilimin \u0131\u015f\u0131\u011f\u0131nda, mill\u00ee ve manev\u00ee &hellip;"}