{"version":"1.0","provider_name":"Av. Deniz Can K\u0131z\u0131l","provider_url":"https:\/\/denizcankizil.tr\/en","author_name":"Av. Deniz Can K\u0131z\u0131l","author_url":"https:\/\/denizcankizil.tr\/en","title":"Meteoroloji'den 12 il i\u00e7in 'kuvvetli' uyar\u0131!","type":"rich","width":600,"height":338,"html":"<blockquote class=\"wp-embedded-content\" data-secret=\"wF0bLjsi7L\"><a href=\"https:\/\/denizcankizil.tr\/en\/haberler\/gundem\/meteorolojiden-12-il-icin-kuvvetli-uyari\/\">Meteoroloji&#8217;den 12 il i\u00e7in &#8216;kuvvetli&#8217; uyar\u0131!<\/a><\/blockquote><iframe sandbox=\"allow-scripts\" security=\"restricted\" src=\"https:\/\/denizcankizil.tr\/en\/haberler\/gundem\/meteorolojiden-12-il-icin-kuvvetli-uyari\/embed\/#?secret=wF0bLjsi7L\" width=\"600\" height=\"338\" title=\"&#8220;Meteoroloji&#8217;den 12 il i\u00e7in &#8216;kuvvetli&#8217; uyar\u0131!&#8221; &#8212; Av. Deniz Can K\u0131z\u0131l\" data-secret=\"wF0bLjsi7L\" frameborder=\"0\" marginwidth=\"0\" marginheight=\"0\" scrolling=\"no\" class=\"wp-embedded-content\"><\/iframe><script>\n\/*! This file is auto-generated *\/\n!function(d,l){\"use strict\";l.querySelector&&d.addEventListener&&\"undefined\"!=typeof URL&&(d.wp=d.wp||{},d.wp.receiveEmbedMessage||(d.wp.receiveEmbedMessage=function(e){var t=e.data;if((t||t.secret||t.message||t.value)&&!\/[^a-zA-Z0-9]\/.test(t.secret)){for(var s,r,n,a=l.querySelectorAll('iframe[data-secret=\"'+t.secret+'\"]'),o=l.querySelectorAll('blockquote[data-secret=\"'+t.secret+'\"]'),c=new RegExp(\"^https?:$\",\"i\"),i=0;i<o.length;i++)o[i].style.display=\"none\";for(i=0;i<a.length;i++)s=a[i],e.source===s.contentWindow&&(s.removeAttribute(\"style\"),\"height\"===t.message?(1e3<(r=parseInt(t.value,10))?r=1e3:~~r<200&&(r=200),s.height=r):\"link\"===t.message&&(r=new URL(s.getAttribute(\"src\")),n=new URL(t.value),c.test(n.protocol))&&n.host===r.host&&l.activeElement===s&&(d.top.location.href=t.value))}},d.addEventListener(\"message\",d.wp.receiveEmbedMessage,!1),l.addEventListener(\"DOMContentLoaded\",function(){for(var e,t,s=l.querySelectorAll(\"iframe.wp-embedded-content\"),r=0;r<s.length;r++)(t=(e=s[r]).getAttribute(\"data-secret\"))||(t=Math.random().toString(36).substring(2,12),e.src+=\"#?secret=\"+t,e.setAttribute(\"data-secret\",t)),e.contentWindow.postMessage({message:\"ready\",secret:t},\"*\")},!1)))}(window,document);\n\/\/# sourceURL=https:\/\/denizcankizil.tr\/wp-includes\/js\/wp-embed.min.js\n<\/script>","description":"Meteoroloji Genel M\u00fcd\u00fcrl\u00fc\u011f\u00fc taraf\u0131ndan yap\u0131lan son tahminlere g\u00f6re 12 kente kuvvetli ya\u011f\u0131\u015f uyar\u0131s\u0131 yap\u0131ld\u0131. Di\u011fer taraftan hava s\u0131cakl\u0131klar\u0131 bat\u0131 kesimlerde 2 ila 4 derece artacak, di\u011fer yerlerde \u00f6nemli de\u011fi\u015fiklik olmayacak.ANKARA (\u0130GFA) &#8211; Meteoroloji Genel M\u00fcd\u00fcrl\u00fc\u011f\u00fc&#8217;n\u00fcn 22 Kas\u0131m Cuma g\u00fcn\u00fcne ili\u015fkin hava tahmin raporuna g\u00f6re yurdun\u00a0genelinin par\u00e7al\u0131 ve \u00e7ok bulutlu, Do\u011fu Akdeniz, Karadeniz, \u0130\u00e7 Anadolu\u2019nun do\u011fusu, Do\u011fu Anadolu, G\u00fcneydo\u011fu Anadolu ile Ankara \u00e7evrelerinin aral\u0131kl\u0131 ya\u011f\u0131\u015fl\u0131 ge\u00e7ece\u011fi tahmin ediliyor. Karadeniz k\u0131y\u0131lar\u0131nda ve g\u00fcney kesimlerde ya\u011fmur, ya\u011f\u0131\u015f alan di\u011fer yerlerde karla kar\u0131\u015f\u0131k ya\u011fmur ve kar \u015feklinde g\u00f6r\u00fclecek olan ya\u011f\u0131\u015flar\u0131n; Orta Karadeniz k\u0131y\u0131lar\u0131 ve Sinop \u00e7evrelerinde kuvvetli ya\u011fmur ve sa\u011fanak; Samsun, Ordu ve Amasya&#8217;n\u0131n y\u00fcksekleri ile Tokat, \u00c7orum, Aksaray, K\u0131r\u015fehir, Yozgat, Kayseri&#8217;nin kuzey ve bat\u0131s\u0131, Sivas&#8217;\u0131n bat\u0131s\u0131 ve Nev\u015fehir \u00e7evrelerinde yer yer kuvvetli kar (5-15 cm) \u015feklinde bekleniyor. \u00dclkemizin i\u00e7 ve do\u011fu kesimlerinde buzlanma ve don olay\u0131 bekleniyor. Sabah ve gece saatlerinde bat\u0131 kesimlerde pus ve yer yer sis bekleniyor. Hava s\u0131cakl\u0131klar\u0131n\u0131n bat\u0131 kesimlerde 2 ila 4 derece artaca\u011f\u0131, di\u011fer yerlerde \u00f6nemli de\u011fi\u015fiklik olmayaca\u011f\u0131 tahmin ediliyor.R\u00fczgar\u0131n genellikle\u00a0kuzeyli y\u00f6nlerden, Trakya&#8217;da g\u00fcneyli y\u00f6nlerden hafif ara s\u0131ra orta kuvvette esmesi bekleniyor. UYARILAR KUVVETL\u0130 YA\u011eI\u015e UYARISI: Ya\u011f\u0131\u015flar\u0131n; Orta Karadeniz k\u0131y\u0131lar\u0131 ve Sinop \u00e7evrelerinde kuvvetli ya\u011fmur ve sa\u011fanak; Samsun, Ordu ve Amasya&#8217;n\u0131n y\u00fcksekleri ile Tokat, \u00c7orum, Aksaray, K\u0131r\u015fehir, Yozgat, &hellip;"}