{"version":"1.0","provider_name":"Av. Deniz Can K\u0131z\u0131l","provider_url":"https:\/\/denizcankizil.tr\/en","author_name":"Antalya K\u00f6rfez","author_url":"https:\/\/denizcankizil.tr\/en\/author\/www-antalyakorfez-com\/","title":"Megakent \u0130stanbul'da vatanda\u015f diken \u00fcst\u00fcnde","type":"rich","width":600,"height":338,"html":"<blockquote class=\"wp-embedded-content\" data-secret=\"2ROsmAROZ0\"><a href=\"https:\/\/denizcankizil.tr\/en\/haberler\/gundem\/megakent-istanbulda-vatandas-diken-ustunde\/\">Megakent \u0130stanbul&#8217;da vatanda\u015f diken \u00fcst\u00fcnde<\/a><\/blockquote><iframe sandbox=\"allow-scripts\" security=\"restricted\" src=\"https:\/\/denizcankizil.tr\/en\/haberler\/gundem\/megakent-istanbulda-vatandas-diken-ustunde\/embed\/#?secret=2ROsmAROZ0\" width=\"600\" height=\"338\" title=\"&#8220;Megakent \u0130stanbul&#8217;da vatanda\u015f diken \u00fcst\u00fcnde&#8221; &#8212; Av. Deniz Can K\u0131z\u0131l\" data-secret=\"2ROsmAROZ0\" frameborder=\"0\" marginwidth=\"0\" marginheight=\"0\" scrolling=\"no\" class=\"wp-embedded-content\"><\/iframe><script>\n\/*! This file is auto-generated *\/\n!function(d,l){\"use strict\";l.querySelector&&d.addEventListener&&\"undefined\"!=typeof URL&&(d.wp=d.wp||{},d.wp.receiveEmbedMessage||(d.wp.receiveEmbedMessage=function(e){var t=e.data;if((t||t.secret||t.message||t.value)&&!\/[^a-zA-Z0-9]\/.test(t.secret)){for(var s,r,n,a=l.querySelectorAll('iframe[data-secret=\"'+t.secret+'\"]'),o=l.querySelectorAll('blockquote[data-secret=\"'+t.secret+'\"]'),c=new RegExp(\"^https?:$\",\"i\"),i=0;i<o.length;i++)o[i].style.display=\"none\";for(i=0;i<a.length;i++)s=a[i],e.source===s.contentWindow&&(s.removeAttribute(\"style\"),\"height\"===t.message?(1e3<(r=parseInt(t.value,10))?r=1e3:~~r<200&&(r=200),s.height=r):\"link\"===t.message&&(r=new URL(s.getAttribute(\"src\")),n=new URL(t.value),c.test(n.protocol))&&n.host===r.host&&l.activeElement===s&&(d.top.location.href=t.value))}},d.addEventListener(\"message\",d.wp.receiveEmbedMessage,!1),l.addEventListener(\"DOMContentLoaded\",function(){for(var e,t,s=l.querySelectorAll(\"iframe.wp-embedded-content\"),r=0;r<s.length;r++)(t=(e=s[r]).getAttribute(\"data-secret\"))||(t=Math.random().toString(36).substring(2,12),e.src+=\"#?secret=\"+t,e.setAttribute(\"data-secret\",t)),e.contentWindow.postMessage({message:\"ready\",secret:t},\"*\")},!1)))}(window,document);\n\/\/# sourceURL=https:\/\/denizcankizil.tr\/wp-includes\/js\/wp-embed.min.js\n<\/script>","description":"Depremin ard\u0131ndan Beyo\u011flu\u2019nda vatanda\u015flar evlerinden \u00e7\u0131karak Piyalepa\u015fa Bulvar\u0131\u2019ndaki ye\u015fil alanlara y\u00f6neldi. Baz\u0131lar\u0131 \u00e7ad\u0131r kurarken, baz\u0131lar\u0131 geceyi d\u0131\u015far\u0131da ge\u00e7irmeye haz\u0131rland\u0131klar\u0131n\u0131 s\u00f6yledi. \u0130STANBUL&#8217;DA DEPREM PAN\u0130\u011e\u0130 \u0130stanbul\u2019da meydana gelen 6.2 b\u00fcy\u00fckl\u00fc\u011f\u00fcndeki deprem Beyo\u011flu\u2019nda pani\u011fe neden oldu. Sars\u0131nt\u0131n\u0131n ard\u0131ndan evlerinden \u00e7\u0131kan vatanda\u015flar, Piyalepa\u015fa Bulvar\u0131 \u00fczerindeki ye\u015fil alanlara ak\u0131n etti. Baz\u0131lar\u0131 burada sohbet edip piknik yaparken, baz\u0131lar\u0131 ise \u00e7ad\u0131r kurarak geceyi d\u0131\u015far\u0131da ge\u00e7irmeye haz\u0131rland\u0131klar\u0131n\u0131 s\u00f6yledi. Deprem an\u0131nda b\u00fcy\u00fck korku ya\u015fad\u0131klar\u0131n\u0131 ifade eden vatanda\u015flar, art\u00e7\u0131 sars\u0131nt\u0131 ihtimaline kar\u015f\u0131 evlerine d\u00f6nmekten \u00e7ekindiklerini belirtti. &#8220;GECEY\u0130 NEREDE GE\u00c7\u0130RECE\u011e\u0130M\u0130Z\u0130 B\u0130LM\u0130YORUM&#8221; Deprem an\u0131nda evde oldu\u011funu s\u00f6yleyen Erdal \u00c7\u0131nar, &#8220;Deprem an\u0131nda evde oturuyorduk. Kahvalt\u0131dan sonra sallant\u0131y\u0131 hissedince evlere g\u00fcvenemedi\u011fimiz i\u00e7in d\u0131\u015far\u0131 \u00e7\u0131kt\u0131k. Geceyi nerede ge\u00e7irece\u011fimizi bilmiyorum. \u00c7ocuklar\u0131n durumuna ba\u011fl\u0131 olarak geceyi ya arabada ya evde ya da burada ge\u00e7irece\u011fiz. Benim i\u00e7in bir \u015fey fark etmiyor. Ben 70 ya\u015f\u0131nda biriyim. B\u00fct\u00fcn korkumuz \u00e7ocuklar\u0131m\u0131z&#8221; dedi. Televizyon \u00fcnitesinin sars\u0131nt\u0131s\u0131ndan deprem oldu\u011funu anlad\u0131\u011f\u0131n\u0131 s\u00f6yleyen Ayten Y\u0131ld\u0131r\u0131m, &#8220;Evde b\u00fcy\u00fck k\u0131z\u0131m televizyon \u00fcnitesinin oradayken salland\u0131\u011f\u0131m\u0131z\u0131 hissettim ve deprem oldu\u011funu anlad\u0131m. Geceyi evde ge\u00e7irmeyi d\u00fc\u015f\u00fcn\u00fcyorum. \u00c7\u00fcnk\u00fc k\u00fc\u00e7\u00fck \u00e7ocu\u011fum var&#8221; ifadelerini kulland\u0131. &#8220;G\u00dcVENDE H\u0130SSEDENE KADAR BURADAYIZ&#8221; \u0130nan\u0131lmaz bir \u015fekilde salland\u0131klar\u0131n\u0131 s\u00f6yleyen G\u00fcl\u015fah Karsl\u0131, &#8220;Ayn\u0131 17 A\u011fustos depremi gibiydi. \u00c7ok korkun\u00e7tu. Allah bir daha ya\u015fatmas\u0131n in\u015fallah. Deprem esnas\u0131nda k\u0131z\u0131ma havuza g\u00f6t\u00fcrm\u00fc\u015ft\u00fcm. O esnada havuzdaki sular depremden dolay\u0131 \u00e7ok git gel yap\u0131yordu. &hellip;"}