{"version":"1.0","provider_name":"Av. Deniz Can K\u0131z\u0131l","provider_url":"https:\/\/denizcankizil.tr\/en","author_name":"Antalya K\u00f6rfez","author_url":"https:\/\/denizcankizil.tr\/en\/author\/www-antalyakorfez-com\/","title":"Marmaris a\u00e7\u0131klar\u0131nda korkutan deprem","type":"rich","width":600,"height":338,"html":"<blockquote class=\"wp-embedded-content\" data-secret=\"iYtRSt4htt\"><a href=\"https:\/\/denizcankizil.tr\/en\/haberler\/gundem\/marmaris-aciklarinda-korkutan-deprem\/\">Marmaris a\u00e7\u0131klar\u0131nda korkutan deprem<\/a><\/blockquote><iframe sandbox=\"allow-scripts\" security=\"restricted\" src=\"https:\/\/denizcankizil.tr\/en\/haberler\/gundem\/marmaris-aciklarinda-korkutan-deprem\/embed\/#?secret=iYtRSt4htt\" width=\"600\" height=\"338\" title=\"&#8220;Marmaris a\u00e7\u0131klar\u0131nda korkutan deprem&#8221; &#8212; Av. Deniz Can K\u0131z\u0131l\" data-secret=\"iYtRSt4htt\" frameborder=\"0\" marginwidth=\"0\" marginheight=\"0\" scrolling=\"no\" class=\"wp-embedded-content\"><\/iframe><script>\n\/*! This file is auto-generated *\/\n!function(d,l){\"use strict\";l.querySelector&&d.addEventListener&&\"undefined\"!=typeof URL&&(d.wp=d.wp||{},d.wp.receiveEmbedMessage||(d.wp.receiveEmbedMessage=function(e){var t=e.data;if((t||t.secret||t.message||t.value)&&!\/[^a-zA-Z0-9]\/.test(t.secret)){for(var s,r,n,a=l.querySelectorAll('iframe[data-secret=\"'+t.secret+'\"]'),o=l.querySelectorAll('blockquote[data-secret=\"'+t.secret+'\"]'),c=new RegExp(\"^https?:$\",\"i\"),i=0;i<o.length;i++)o[i].style.display=\"none\";for(i=0;i<a.length;i++)s=a[i],e.source===s.contentWindow&&(s.removeAttribute(\"style\"),\"height\"===t.message?(1e3<(r=parseInt(t.value,10))?r=1e3:~~r<200&&(r=200),s.height=r):\"link\"===t.message&&(r=new URL(s.getAttribute(\"src\")),n=new URL(t.value),c.test(n.protocol))&&n.host===r.host&&l.activeElement===s&&(d.top.location.href=t.value))}},d.addEventListener(\"message\",d.wp.receiveEmbedMessage,!1),l.addEventListener(\"DOMContentLoaded\",function(){for(var e,t,s=l.querySelectorAll(\"iframe.wp-embedded-content\"),r=0;r<s.length;r++)(t=(e=s[r]).getAttribute(\"data-secret\"))||(t=Math.random().toString(36).substring(2,12),e.src+=\"#?secret=\"+t,e.setAttribute(\"data-secret\",t)),e.contentWindow.postMessage({message:\"ready\",secret:t},\"*\")},!1)))}(window,document);\n\/\/# sourceURL=https:\/\/denizcankizil.tr\/wp-includes\/js\/wp-embed.min.js\n<\/script>","description":"Afet ve Acil Durum Y\u00f6netimi Ba\u015fkanl\u0131\u011f\u0131\u2019n\u0131n (AFAD) verilerine g\u00f6re, saat 10.29&#8217;da Akdeniz&#8217;de merkez \u00fcss\u00fc Mu\u011fla&#8217;n\u0131n Marmaris il\u00e7esi a\u00e7\u0131klar\u0131 olan 3.9 b\u00fcy\u00fckl\u00fc\u011f\u00fcnde deprem oldu. Marmaris\u2019e 55.57 kilometre mesafede ya\u015fanan deprem, yerin 11.36 kilometre derinli\u011finde meydana geldi. CAN VEYA MAL KAYBI YOK Meydana gelen depremin ard\u0131ndan herhangi bir can veya mal kayb\u0131 ya\u015fanamad\u0131\u011f\u0131 a\u00e7\u0131kland\u0131 \u200bAFAD, Mu\u011fla&#8217;n\u0131n Marmaris il\u00e7esi a\u00e7\u0131klar\u0131nda 3.9 b\u00fcy\u00fckl\u00fc\u011f\u00fcnde bir depremin meydana geldi\u011fini a\u00e7\u0131klad\u0131.\u00a0 \u200bHaberin Al\u0131nt\u0131land\u0131\u011f\u0131 Kaynak: www.antalyakorfez.com"}