{"version":"1.0","provider_name":"Av. Deniz Can K\u0131z\u0131l","provider_url":"https:\/\/denizcankizil.tr\/en","author_name":"Av. Deniz Can K\u0131z\u0131l","author_url":"https:\/\/denizcankizil.tr\/en","title":"L'E\u0301tape Tu\u0308rkiye by Tour de France I\u0307stanbul'da kos\u0327uldu","type":"rich","width":600,"height":338,"html":"<blockquote class=\"wp-embedded-content\" data-secret=\"zSXTu9bkK2\"><a href=\"https:\/\/denizcankizil.tr\/en\/haberler\/gundem\/letape-turkiye-by-tour-de-france-istanbulda-kosuldu\/\">L&#8217;E\u0301tape Tu\u0308rkiye by Tour de France I\u0307stanbul&#8217;da kos\u0327uldu<\/a><\/blockquote><iframe sandbox=\"allow-scripts\" security=\"restricted\" src=\"https:\/\/denizcankizil.tr\/en\/haberler\/gundem\/letape-turkiye-by-tour-de-france-istanbulda-kosuldu\/embed\/#?secret=zSXTu9bkK2\" width=\"600\" height=\"338\" title=\"&#8220;L&#8217;E\u0301tape Tu\u0308rkiye by Tour de France I\u0307stanbul&#8217;da kos\u0327uldu&#8221; &#8212; Av. Deniz Can K\u0131z\u0131l\" data-secret=\"zSXTu9bkK2\" frameborder=\"0\" marginwidth=\"0\" marginheight=\"0\" scrolling=\"no\" class=\"wp-embedded-content\"><\/iframe><script>\n\/*! This file is auto-generated *\/\n!function(d,l){\"use strict\";l.querySelector&&d.addEventListener&&\"undefined\"!=typeof URL&&(d.wp=d.wp||{},d.wp.receiveEmbedMessage||(d.wp.receiveEmbedMessage=function(e){var t=e.data;if((t||t.secret||t.message||t.value)&&!\/[^a-zA-Z0-9]\/.test(t.secret)){for(var s,r,n,a=l.querySelectorAll('iframe[data-secret=\"'+t.secret+'\"]'),o=l.querySelectorAll('blockquote[data-secret=\"'+t.secret+'\"]'),c=new RegExp(\"^https?:$\",\"i\"),i=0;i<o.length;i++)o[i].style.display=\"none\";for(i=0;i<a.length;i++)s=a[i],e.source===s.contentWindow&&(s.removeAttribute(\"style\"),\"height\"===t.message?(1e3<(r=parseInt(t.value,10))?r=1e3:~~r<200&&(r=200),s.height=r):\"link\"===t.message&&(r=new URL(s.getAttribute(\"src\")),n=new URL(t.value),c.test(n.protocol))&&n.host===r.host&&l.activeElement===s&&(d.top.location.href=t.value))}},d.addEventListener(\"message\",d.wp.receiveEmbedMessage,!1),l.addEventListener(\"DOMContentLoaded\",function(){for(var e,t,s=l.querySelectorAll(\"iframe.wp-embedded-content\"),r=0;r<s.length;r++)(t=(e=s[r]).getAttribute(\"data-secret\"))||(t=Math.random().toString(36).substring(2,12),e.src+=\"#?secret=\"+t,e.setAttribute(\"data-secret\",t)),e.contentWindow.postMessage({message:\"ready\",secret:t},\"*\")},!1)))}(window,document);\n\/\/# sourceURL=https:\/\/denizcankizil.tr\/wp-includes\/js\/wp-embed.min.js\n<\/script>","description":"Yar\u0131\u015f\u0131n 109 km\u2019lik uzun parkurunu; kad\u0131nlarda \u015eeniz Pamuk 3:26:02 ile, erkeklerde ise Anton Hrabovskyi 2:55:05 s\u00fcre ile ilk s\u0131rada tamamlayarak genel klasman lideri unvan\u0131n\u0131n ve Tour de France\u2019\u0131n geleneksel sar\u0131 mayosunun sahibi oldu. \u200bYar\u0131\u015f\u0131n 109 km\u2019lik uzun parkurunu; kad\u0131nlarda \u015eeniz Pamuk 3:26:02 ile, erkeklerde ise Anton Hrabovskyi 2:55:05 s\u00fcre ile ilk s\u0131rada tamamlayarak genel klasman lideri unvan\u0131n\u0131n ve Tour de France\u2019\u0131n geleneksel sar\u0131 mayosunun sahibi oldu.\u00a0 \u200bHaberin Al\u0131nt\u0131land\u0131\u011f\u0131 Kaynak: www.iskenderun.org"}