{"version":"1.0","provider_name":"Av. Deniz Can K\u0131z\u0131l","provider_url":"https:\/\/denizcankizil.tr\/en","author_name":"Av. Deniz Can K\u0131z\u0131l","author_url":"https:\/\/denizcankizil.tr\/en","title":"Konyaalt\u0131\u2019n\u0131n kalbine 5 y\u0131ld\u0131zl\u0131 bir otel daha geliyor!","type":"rich","width":600,"height":338,"html":"<blockquote class=\"wp-embedded-content\" data-secret=\"9p9nudNiOd\"><a href=\"https:\/\/denizcankizil.tr\/en\/haberler\/gundem\/konyaaltinin-kalbine-5-yildizli-bir-otel-daha-geliyor\/\">Konyaalt\u0131\u2019n\u0131n kalbine 5 y\u0131ld\u0131zl\u0131 bir otel daha geliyor!<\/a><\/blockquote><iframe sandbox=\"allow-scripts\" security=\"restricted\" src=\"https:\/\/denizcankizil.tr\/en\/haberler\/gundem\/konyaaltinin-kalbine-5-yildizli-bir-otel-daha-geliyor\/embed\/#?secret=9p9nudNiOd\" width=\"600\" height=\"338\" title=\"&#8220;Konyaalt\u0131\u2019n\u0131n kalbine 5 y\u0131ld\u0131zl\u0131 bir otel daha geliyor!&#8221; &#8212; Av. Deniz Can K\u0131z\u0131l\" data-secret=\"9p9nudNiOd\" frameborder=\"0\" marginwidth=\"0\" marginheight=\"0\" scrolling=\"no\" class=\"wp-embedded-content\"><\/iframe><script>\n\/*! This file is auto-generated *\/\n!function(d,l){\"use strict\";l.querySelector&&d.addEventListener&&\"undefined\"!=typeof URL&&(d.wp=d.wp||{},d.wp.receiveEmbedMessage||(d.wp.receiveEmbedMessage=function(e){var t=e.data;if((t||t.secret||t.message||t.value)&&!\/[^a-zA-Z0-9]\/.test(t.secret)){for(var s,r,n,a=l.querySelectorAll('iframe[data-secret=\"'+t.secret+'\"]'),o=l.querySelectorAll('blockquote[data-secret=\"'+t.secret+'\"]'),c=new RegExp(\"^https?:$\",\"i\"),i=0;i<o.length;i++)o[i].style.display=\"none\";for(i=0;i<a.length;i++)s=a[i],e.source===s.contentWindow&&(s.removeAttribute(\"style\"),\"height\"===t.message?(1e3<(r=parseInt(t.value,10))?r=1e3:~~r<200&&(r=200),s.height=r):\"link\"===t.message&&(r=new URL(s.getAttribute(\"src\")),n=new URL(t.value),c.test(n.protocol))&&n.host===r.host&&l.activeElement===s&&(d.top.location.href=t.value))}},d.addEventListener(\"message\",d.wp.receiveEmbedMessage,!1),l.addEventListener(\"DOMContentLoaded\",function(){for(var e,t,s=l.querySelectorAll(\"iframe.wp-embedded-content\"),r=0;r<s.length;r++)(t=(e=s[r]).getAttribute(\"data-secret\"))||(t=Math.random().toString(36).substring(2,12),e.src+=\"#?secret=\"+t,e.setAttribute(\"data-secret\",t)),e.contentWindow.postMessage({message:\"ready\",secret:t},\"*\")},!1)))}(window,document);\n\/\/# sourceURL=https:\/\/denizcankizil.tr\/wp-includes\/js\/wp-embed.min.js\n<\/script>","description":"Antalya\u2019n\u0131n Konyaalt\u0131 il\u00e7esi Arapsuyu Mahallesinde Konyaalt\u0131 Sahili Akdeniz Bulvar\u0131n\u0131n hemen \u00fczerinde yer alan bo\u015f araziye 5 y\u0131ld\u0131zl\u0131 bir otelin daha yap\u0131m\u0131 i\u00e7in s\u00fcre\u00e7 ba\u015flad\u0131. \u00d6zp\u0131narlar \u0130n\u015faat Taahh\u00fct Turizm Sanayi ve Ticaret A.\u015e. taraf\u0131ndan yap\u0131lmas\u0131 planlanan yeni turizm konaklama tesisinin \u00c7ED s\u00fcrecinin ba\u015flad\u0131\u011f\u0131 duyuruldu. Proje 6 bin 286 metrekare y\u00fcz \u00f6l\u00e7\u00fcm\u00fcne sahip arazi \u00fczerine kurulacak. 170 oda ve 450 yatak kapasitesine sahip olarak planlanan tesisin, toplamda 13 bin 649 metrekare in\u015faat alan\u0131 bulunuyor. 170 oda ve 450 yatak kapasitesine sahip olarak planlanan tesisin, 13 bin 649 metrekare in\u015faat alan\u0131 oldu\u011fu a\u00e7\u0131kland\u0131. \u00a0\u0130n\u015faat alan\u0131; 2 bodrum kat, zemin kat, asma kat, 8 normal kat ve \u00e7at\u0131 kat\u0131ndan olu\u015facak \u015fekilde projelendirildi. Proje ile b\u00f6lgedeki turizm ve istihdam potansiyelini art\u0131r\u0131lmas\u0131 hedefliyor.\u00a0 5 YILDIZLI OTEL KR\u0130TERLER\u0130NE UYGUN OLARAK YAPILACAK\u00a0 Antalya K\u00f6rfez Gazetesi muhabiri Ertu\u011frul G\u00fcn&#8217;\u00fcn haberine g\u00f6re Turizm Bakanl\u0131\u011f\u0131\u2019n\u0131n 5 y\u0131ld\u0131zl\u0131 otel kriterlerine uygun olarak yap\u0131lacak tesis, modern tasar\u0131m\u0131 ve kaliteli hizmet anlay\u0131\u015f\u0131yla hem yerli hem de yabanc\u0131 turistlere hitap edecek \u015fekilde planland\u0131. Proje kapsam\u0131nda, Antalya\u2019n\u0131n turizm potansiyelini de\u011ferlendirmek, b\u00f6lgeye daha fazla turist \u00e7ekmek ve konaklama kalitesini art\u0131rman\u0131n ama\u00e7land\u0131\u011f\u0131 ifade edildi. Bu yat\u0131r\u0131m\u0131n, istihdam yaratma ve Antalya\u2019n\u0131n turistik de\u011ferini g\u00fc\u00e7lendirme gibi katk\u0131lar sa\u011flayaca\u011f\u0131 \u00f6ng\u00f6r\u00fcld\u00fc.\u00a0 \u00c7ALI\u015eMALAR DURDURULACAK \u00c7evresel Etki De\u011ferlendirmesi (\u00c7ED) s\u00fcreci de dikkate al\u0131nan projede, &hellip;"}