{"version":"1.0","provider_name":"Av. Deniz Can K\u0131z\u0131l","provider_url":"https:\/\/denizcankizil.tr\/en","author_name":"admin","author_url":"https:\/\/denizcankizil.tr\/en\/author\/admin\/","title":"Konya Karatay'da hizmetler konu\u015fuldu","type":"rich","width":600,"height":338,"html":"<blockquote class=\"wp-embedded-content\" data-secret=\"r7ZwVx5ZVp\"><a href=\"https:\/\/denizcankizil.tr\/en\/haberler\/gundem\/konya-karatayda-hizmetler-konusuldu\/\">Konya Karatay&#8217;da hizmetler konu\u015fuldu<\/a><\/blockquote><iframe sandbox=\"allow-scripts\" security=\"restricted\" src=\"https:\/\/denizcankizil.tr\/en\/haberler\/gundem\/konya-karatayda-hizmetler-konusuldu\/embed\/#?secret=r7ZwVx5ZVp\" width=\"600\" height=\"338\" title=\"&#8220;Konya Karatay&#8217;da hizmetler konu\u015fuldu&#8221; &#8212; Av. Deniz Can K\u0131z\u0131l\" data-secret=\"r7ZwVx5ZVp\" frameborder=\"0\" marginwidth=\"0\" marginheight=\"0\" scrolling=\"no\" class=\"wp-embedded-content\"><\/iframe><script>\n\/*! This file is auto-generated *\/\n!function(d,l){\"use strict\";l.querySelector&&d.addEventListener&&\"undefined\"!=typeof URL&&(d.wp=d.wp||{},d.wp.receiveEmbedMessage||(d.wp.receiveEmbedMessage=function(e){var t=e.data;if((t||t.secret||t.message||t.value)&&!\/[^a-zA-Z0-9]\/.test(t.secret)){for(var s,r,n,a=l.querySelectorAll('iframe[data-secret=\"'+t.secret+'\"]'),o=l.querySelectorAll('blockquote[data-secret=\"'+t.secret+'\"]'),c=new RegExp(\"^https?:$\",\"i\"),i=0;i<o.length;i++)o[i].style.display=\"none\";for(i=0;i<a.length;i++)s=a[i],e.source===s.contentWindow&&(s.removeAttribute(\"style\"),\"height\"===t.message?(1e3<(r=parseInt(t.value,10))?r=1e3:~~r<200&&(r=200),s.height=r):\"link\"===t.message&&(r=new URL(s.getAttribute(\"src\")),n=new URL(t.value),c.test(n.protocol))&&n.host===r.host&&l.activeElement===s&&(d.top.location.href=t.value))}},d.addEventListener(\"message\",d.wp.receiveEmbedMessage,!1),l.addEventListener(\"DOMContentLoaded\",function(){for(var e,t,s=l.querySelectorAll(\"iframe.wp-embedded-content\"),r=0;r<s.length;r++)(t=(e=s[r]).getAttribute(\"data-secret\"))||(t=Math.random().toString(36).substring(2,12),e.src+=\"#?secret=\"+t,e.setAttribute(\"data-secret\",t)),e.contentWindow.postMessage({message:\"ready\",secret:t},\"*\")},!1)))}(window,document);\n\/\/# sourceURL=https:\/\/denizcankizil.tr\/wp-includes\/js\/wp-embed.min.js\n<\/script>","description":"Karatay Belediye Ba\u015fkan\u0131 Hasan K\u0131lca, AK Parti Yerel Y\u00f6netimler Ba\u015fkanl\u0131\u011f\u0131\u2019n\u0131n d\u00fczenledi\u011fi \u201cVatanda\u015f Soruyor, Ba\u015fkan Cevapl\u0131yor\u201d program\u0131 kapsam\u0131nda Sedirler ve Ulubatl\u0131 Hasan Mahallelerinde vatanda\u015flarla bir araya geldi.KONYA (\u0130GFA) &#8211; AK Parti Yerel Y\u00f6netimler Ba\u015fkanl\u0131\u011f\u0131 taraf\u0131ndan e\u015f zamanl\u0131 olarak T\u00fcrkiye genelinde d\u00fczenlenen bu bulu\u015fmalar\u0131n Karatay aya\u011f\u0131, Konya B\u00fcy\u00fck\u015fehir Belediye Ba\u015fkan\u0131 U\u011fur \u0130brahim Altay\u2019\u0131n da kat\u0131l\u0131m\u0131yla ger\u00e7ekle\u015ftirildi. Programa ayr\u0131ca AK Parti Karatay \u0130l\u00e7e Ba\u015fkan\u0131 Akif Demirci, il\u00e7e y\u00f6netimi, meclis \u00fcyeleri, belediye ba\u015fkan yard\u0131mc\u0131lar\u0131, birim m\u00fcd\u00fcrleri ve \u00e7ok say\u0131da vatanda\u015f kat\u0131ld\u0131.Toplant\u0131da, Karatay\u2019da bug\u00fcne kadar hayata ge\u00e7irilen projeler ile \u00f6n\u00fcm\u00fczdeki d\u00f6neme dair hedefler ayr\u0131nt\u0131l\u0131 bir \u015fekilde anlat\u0131ld\u0131. Vatanda\u015flar da taleplerini ve \u00f6nerilerini do\u011frudan yetkililere iletti. KILCA: \u201cEN B\u00dcY\u00dcK PROJEM\u0130Z G\u00d6N\u00dcLLERE G\u0130RMEK\u201d Ba\u015fkan Hasan K\u0131lca, Sedirler ve Ulubatl\u0131 Hasan mahallelerinde ger\u00e7ekle\u015ftirilen yat\u0131r\u0131mlar hakk\u0131nda bilgi vererek, \u201cSedirler Mahallemiz her ge\u00e7en g\u00fcn de\u011fi\u015fiyor, geli\u015fiyor. Daha yap\u0131lacak \u00e7ok i\u015fimiz var. Park s\u00f6z\u00fcm\u00fcz\u00fc tuttuk, m\u00fclkiyet sorunu olan alanlarda \u00e7\u00f6z\u00fcm sa\u011flad\u0131k. \u015eimdi ise b\u00fcy\u00fck bir konut kooperatifi kurarak yeni in\u015faatlara ba\u015flayaca\u011f\u0131z. Karatay Sedir Park Konut Yap\u0131 Kooperatifi kurarak in\u015faatlar\u0131n\u0131 h\u0131zl\u0131 bir \u015fekilde devam ediyor. \u00a0Yak\u0131nda 220 daireyi hak sahiplerine teslim edece\u011fiz\u201d dedi.K\u0131lca, il\u00e7ede her ya\u015f grubuna y\u00f6nelik hizmetlerin s\u00fcrd\u00fc\u011f\u00fcn\u00fc belirterek, \u201cEmekliler i\u00e7in Emekli Kona\u011f\u0131, \u00e7ocuklar\u0131m\u0131z i\u00e7in Bilgi Evi, ucuz ve kaliteli ekmek i\u00e7in ekmek b\u00fcfeleri, gen\u00e7lerimize spor salonlar\u0131, k\u00fct\u00fcphaneler, hal\u0131 sahalar &hellip;"}