{"version":"1.0","provider_name":"Av. Deniz Can K\u0131z\u0131l","provider_url":"https:\/\/denizcankizil.tr\/en","author_name":"Av. Deniz Can K\u0131z\u0131l","author_url":"https:\/\/denizcankizil.tr\/en","title":"K\u0131l\u0131\u00e7daro\u011flu, d\u00fcn\u00fcr\u00fcn\u00fcn cenazesi i\u00e7in Antalya\u2019da","type":"rich","width":600,"height":338,"html":"<blockquote class=\"wp-embedded-content\" data-secret=\"ky1AyZnw4M\"><a href=\"https:\/\/denizcankizil.tr\/en\/haberler\/gundem\/kilicdaroglu-dunurunun-cenazesi-icin-antalyada\/\">K\u0131l\u0131\u00e7daro\u011flu, d\u00fcn\u00fcr\u00fcn\u00fcn cenazesi i\u00e7in Antalya\u2019da<\/a><\/blockquote><iframe sandbox=\"allow-scripts\" security=\"restricted\" src=\"https:\/\/denizcankizil.tr\/en\/haberler\/gundem\/kilicdaroglu-dunurunun-cenazesi-icin-antalyada\/embed\/#?secret=ky1AyZnw4M\" width=\"600\" height=\"338\" title=\"&#8220;K\u0131l\u0131\u00e7daro\u011flu, d\u00fcn\u00fcr\u00fcn\u00fcn cenazesi i\u00e7in Antalya\u2019da&#8221; &#8212; Av. Deniz Can K\u0131z\u0131l\" data-secret=\"ky1AyZnw4M\" frameborder=\"0\" marginwidth=\"0\" marginheight=\"0\" scrolling=\"no\" class=\"wp-embedded-content\"><\/iframe><script>\n\/*! This file is auto-generated *\/\n!function(d,l){\"use strict\";l.querySelector&&d.addEventListener&&\"undefined\"!=typeof URL&&(d.wp=d.wp||{},d.wp.receiveEmbedMessage||(d.wp.receiveEmbedMessage=function(e){var t=e.data;if((t||t.secret||t.message||t.value)&&!\/[^a-zA-Z0-9]\/.test(t.secret)){for(var s,r,n,a=l.querySelectorAll('iframe[data-secret=\"'+t.secret+'\"]'),o=l.querySelectorAll('blockquote[data-secret=\"'+t.secret+'\"]'),c=new RegExp(\"^https?:$\",\"i\"),i=0;i<o.length;i++)o[i].style.display=\"none\";for(i=0;i<a.length;i++)s=a[i],e.source===s.contentWindow&&(s.removeAttribute(\"style\"),\"height\"===t.message?(1e3<(r=parseInt(t.value,10))?r=1e3:~~r<200&&(r=200),s.height=r):\"link\"===t.message&&(r=new URL(s.getAttribute(\"src\")),n=new URL(t.value),c.test(n.protocol))&&n.host===r.host&&l.activeElement===s&&(d.top.location.href=t.value))}},d.addEventListener(\"message\",d.wp.receiveEmbedMessage,!1),l.addEventListener(\"DOMContentLoaded\",function(){for(var e,t,s=l.querySelectorAll(\"iframe.wp-embedded-content\"),r=0;r<s.length;r++)(t=(e=s[r]).getAttribute(\"data-secret\"))||(t=Math.random().toString(36).substring(2,12),e.src+=\"#?secret=\"+t,e.setAttribute(\"data-secret\",t)),e.contentWindow.postMessage({message:\"ready\",secret:t},\"*\")},!1)))}(window,document);\n\/\/# sourceURL=https:\/\/denizcankizil.tr\/wp-includes\/js\/wp-embed.min.js\n<\/script>","description":"CHP&#8217;nin 7. Genel Ba\u015fkan\u0131 Kemal K\u0131l\u0131\u00e7daro\u011flu&#8217;nun Antalya&#8217;da ya\u015fayan d\u00fcn\u00fcr\u00fc Orhan Nadir, \u00f6nceki g\u00fcn ya\u015fam\u0131n\u0131 yitirdi. BA\u015eKANLAR KATILDI Ya\u015fl\u0131l\u0131\u011fa ba\u011fl\u0131 olarak 82 ya\u015f\u0131nda hayata g\u00f6zlerini yuman Orhan Nadir\u2019in cenazesine d\u00fcn\u00fcr\u00fc CHP\u2019nin \u00f6nceki genel ba\u015fkan\u0131 Kemal K\u0131l\u0131\u00e7daro\u011flu da kat\u0131ld\u0131. K\u0131l\u0131\u00e7daro\u011flu\u2019nun yan\u0131 s\u0131ra Antalya B\u00fcy\u00fck\u015fehir belediye Ba\u015fkan\u0131 Muhittin B\u00f6cek, Muratpa\u015fa Belediye Ba\u015fkan\u0131 \u00dcmit Uysal, Konyaalt\u0131 Belediye Ba\u015fkan\u0131 Cem Kotan, CHP Antalya \u0130l Ba\u015fkan\u0131 Nail Kamac\u0131, eski B\u00fcy\u00fck\u015fehir Belediye Ba\u015fkan\u0131 Hasan Suba\u015f\u0131 ve Nadir\u2019in sevenleri de t\u00f6rende yer ald\u0131. \u00a0K\u0131l\u0131\u00e7daro\u011flu, cenaze t\u00f6reni sonras\u0131 a\u00e7\u0131klama yapmad\u0131. K\u0131l\u0131\u00e7daro\u011flu ile yan yana duran Muhittin B\u00f6cek ise ba\u015fsa\u011fl\u0131\u011f\u0131 mesajlar\u0131n\u0131 iletti. \u200bCHP\u2019nin 7. Genel Ba\u015fkan\u0131 Kemal K\u0131l\u0131\u00e7daro\u011flu, \u00f6nceki g\u00fcn vefat eden d\u00fcn\u00fcr\u00fc Orhan Nadir\u2019in cenazesine kat\u0131lmak \u00fczere Antalya\u2019ya geldi\u00a0 \u200bHaberin Al\u0131nt\u0131land\u0131\u011f\u0131 Kaynak: www.antalyakorfez.com"}