{"version":"1.0","provider_name":"Av. Deniz Can K\u0131z\u0131l","provider_url":"https:\/\/denizcankizil.tr\/en","author_name":"Av. Deniz Can K\u0131z\u0131l","author_url":"https:\/\/denizcankizil.tr\/en","title":"KESK\u2019ten yoksullu\u011fa kar\u015f\u0131 Ankara mitingi!","type":"rich","width":600,"height":338,"html":"<blockquote class=\"wp-embedded-content\" data-secret=\"vI4fyu1nsf\"><a href=\"https:\/\/denizcankizil.tr\/en\/haberler\/gundem\/keskten-yoksulluga-karsi-ankara-mitingi\/\">KESK\u2019ten yoksullu\u011fa kar\u015f\u0131 Ankara mitingi!<\/a><\/blockquote><iframe sandbox=\"allow-scripts\" security=\"restricted\" src=\"https:\/\/denizcankizil.tr\/en\/haberler\/gundem\/keskten-yoksulluga-karsi-ankara-mitingi\/embed\/#?secret=vI4fyu1nsf\" width=\"600\" height=\"338\" title=\"&#8220;KESK\u2019ten yoksullu\u011fa kar\u015f\u0131 Ankara mitingi!&#8221; &#8212; Av. Deniz Can K\u0131z\u0131l\" data-secret=\"vI4fyu1nsf\" frameborder=\"0\" marginwidth=\"0\" marginheight=\"0\" scrolling=\"no\" class=\"wp-embedded-content\"><\/iframe><script>\n\/*! This file is auto-generated *\/\n!function(d,l){\"use strict\";l.querySelector&&d.addEventListener&&\"undefined\"!=typeof URL&&(d.wp=d.wp||{},d.wp.receiveEmbedMessage||(d.wp.receiveEmbedMessage=function(e){var t=e.data;if((t||t.secret||t.message||t.value)&&!\/[^a-zA-Z0-9]\/.test(t.secret)){for(var s,r,n,a=l.querySelectorAll('iframe[data-secret=\"'+t.secret+'\"]'),o=l.querySelectorAll('blockquote[data-secret=\"'+t.secret+'\"]'),c=new RegExp(\"^https?:$\",\"i\"),i=0;i<o.length;i++)o[i].style.display=\"none\";for(i=0;i<a.length;i++)s=a[i],e.source===s.contentWindow&&(s.removeAttribute(\"style\"),\"height\"===t.message?(1e3<(r=parseInt(t.value,10))?r=1e3:~~r<200&&(r=200),s.height=r):\"link\"===t.message&&(r=new URL(s.getAttribute(\"src\")),n=new URL(t.value),c.test(n.protocol))&&n.host===r.host&&l.activeElement===s&&(d.top.location.href=t.value))}},d.addEventListener(\"message\",d.wp.receiveEmbedMessage,!1),l.addEventListener(\"DOMContentLoaded\",function(){for(var e,t,s=l.querySelectorAll(\"iframe.wp-embedded-content\"),r=0;r<s.length;r++)(t=(e=s[r]).getAttribute(\"data-secret\"))||(t=Math.random().toString(36).substring(2,12),e.src+=\"#?secret=\"+t,e.setAttribute(\"data-secret\",t)),e.contentWindow.postMessage({message:\"ready\",secret:t},\"*\")},!1)))}(window,document);\n\/\/# sourceURL=https:\/\/denizcankizil.tr\/wp-includes\/js\/wp-embed.min.js\n<\/script>","description":"Kamu Emek\u00e7ileri Sendikalar\u0131 Konfederasyonu (KESK) 30 Kas\u0131m&#8217;da Ankara\u2019da yap\u0131lacak \u2018Ge\u00e7inemiyoruz\u2019 mitingine haz\u0131rlan\u0131yor.\u00a0www.antalyakorfez.com&#8217;a ziyaret eden KESK E\u015f Genel Ba\u015fkan\u0131 Ahmet Karag\u00f6z, &#8220;Ge\u00e7inemiyoruz, Yoksullu\u011fa Kar\u015f\u0131 M\u00fccadelede Birle\u015fiyoruz&#8221; \u00a0dedi.\u00a0 M\u0130T\u0130NG 30 KASIM\u2019DA ANKARA\u2019DA \u00dclkede ya\u015fanan derin yoksulluk ad\u0131na KESK Ankara\u2019da b\u00fcy\u00fck mitinge haz\u0131rlan\u0131yor. &#8220;Ge\u00e7inemiyoruz, Yoksullu\u011fa Kar\u015f\u0131 M\u00fccadelede Birle\u015fiyoruz&#8221; \u00a0\u015fiar\u0131yla 30 Kas\u0131m&#8217;da Tando\u011fan Mitingi d\u00fczenlediklerini a\u00e7\u0131klayan KESK E\u015f Genel Ba\u015fkan\u0131 Ahmet Karag\u00f6z, internet sitemize ziyaret ederek a\u00e7\u0131klamalarda bulundu.\u00a0 VATANDA\u015e GE\u00c7\u0130NEM\u0130YOR KESK \u00e7at\u0131s\u0131 alt\u0131nda TMMOB, TTB, TBB, D\u0130SK ve emek \u00f6rg\u00fctleriyle d\u00fczenlenecek olan miting &#8220;Ge\u00e7inemiyoruz, Yoksullu\u011fa Kar\u015f\u0131 M\u00fccadelede Birle\u015fiyoruz&#8221; \u00a0\u015fiar\u0131yla d\u00fczenlenecek. Kamu emek\u00e7isi, sivil toplum, esnaf, \u00e7ift\u00e7i, \u00f6\u011frenci \u00f6rg\u00fctleriyle 30 Kas\u0131m\u2019da Ankara\u2019da bulu\u015facaklar\u0131n\u0131 s\u00f6yleyen Karag\u00f6z, \u201c\u0130nsanlar art\u0131k ge\u00e7inemiyor. \u00c7ift\u00e7i trakt\u00f6r\u00fcne mazot alam\u0131yor. \u00dcretici yeti\u015ftirdi\u011fi \u00fcr\u00fcnleri de\u011fer fiyat\u0131na satam\u0131yor. Ge\u00e7en y\u0131l Y\u00d6K&#8217;ten ald\u0131\u011f\u0131m\u0131z bir rakam bu. Vak\u0131f ve devlet \u00fcniversitelerinde toplam 6 bu\u00e7uk milyonu a\u015fk\u0131n \u00f6\u011frenci, bar\u0131nma ve ekonomik sorunlar nedeniyle 120 bin \u00f6\u011frenci ya kayd\u0131n\u0131 dondurmu\u015f ya e\u011fitimine son verdi\u201d ifadelerini kaydetti.\u00a0 TASARRUF \u00d6\u011eRENC\u0130LER\u0130N 1 \u00d6G\u00dcN YEME\u011e\u0130NDEN YAPILIYOR B\u00fct\u00e7enin da\u011f\u0131l\u0131m\u0131nda 85 milyon insana e\u015fit\u00e7e yap\u0131lamas\u0131 gerekti\u011fini s\u00f6yleyen Karag\u00f6z, \u201cVatanda\u015f \u00fcretti\u011fi her \u015fey de devlete vergi \u00f6d\u00fcyor. Yani b\u00fct\u00e7eyi 85 milyon insan olu\u015fturuyorsa b\u00fct\u00e7enin da\u011f\u0131l\u0131m\u0131 da 85 milyon insana g\u00f6re yap\u0131lmal\u0131. Bu \u00fclkenin en zenginleri olan y\u00fczde birlik bir kesime g\u00f6re b\u00fct\u00e7e olu\u015fturuluyor. Zenginlerde sermayeler patronlardan &hellip;"}