{"version":"1.0","provider_name":"Av. Deniz Can K\u0131z\u0131l","provider_url":"https:\/\/denizcankizil.tr\/en","author_name":"admin","author_url":"https:\/\/denizcankizil.tr\/en\/author\/admin\/","title":"Ke\u015fan Sebze Bakkal ve Manavlar Odas\u0131\u2019nda yeni d\u00f6nem","type":"rich","width":600,"height":338,"html":"<blockquote class=\"wp-embedded-content\" data-secret=\"jaHNT38Vcq\"><a href=\"https:\/\/denizcankizil.tr\/en\/haberler\/gundem\/kesan-sebze-bakkal-ve-manavlar-odasinda-yeni-donem\/\">Ke\u015fan Sebze Bakkal ve Manavlar Odas\u0131\u2019nda yeni d\u00f6nem<\/a><\/blockquote><iframe sandbox=\"allow-scripts\" security=\"restricted\" src=\"https:\/\/denizcankizil.tr\/en\/haberler\/gundem\/kesan-sebze-bakkal-ve-manavlar-odasinda-yeni-donem\/embed\/#?secret=jaHNT38Vcq\" width=\"600\" height=\"338\" title=\"&#8220;Ke\u015fan Sebze Bakkal ve Manavlar Odas\u0131\u2019nda yeni d\u00f6nem&#8221; &#8212; Av. Deniz Can K\u0131z\u0131l\" data-secret=\"jaHNT38Vcq\" frameborder=\"0\" marginwidth=\"0\" marginheight=\"0\" scrolling=\"no\" class=\"wp-embedded-content\"><\/iframe><script>\n\/*! This file is auto-generated *\/\n!function(d,l){\"use strict\";l.querySelector&&d.addEventListener&&\"undefined\"!=typeof URL&&(d.wp=d.wp||{},d.wp.receiveEmbedMessage||(d.wp.receiveEmbedMessage=function(e){var t=e.data;if((t||t.secret||t.message||t.value)&&!\/[^a-zA-Z0-9]\/.test(t.secret)){for(var s,r,n,a=l.querySelectorAll('iframe[data-secret=\"'+t.secret+'\"]'),o=l.querySelectorAll('blockquote[data-secret=\"'+t.secret+'\"]'),c=new RegExp(\"^https?:$\",\"i\"),i=0;i<o.length;i++)o[i].style.display=\"none\";for(i=0;i<a.length;i++)s=a[i],e.source===s.contentWindow&&(s.removeAttribute(\"style\"),\"height\"===t.message?(1e3<(r=parseInt(t.value,10))?r=1e3:~~r<200&&(r=200),s.height=r):\"link\"===t.message&&(r=new URL(s.getAttribute(\"src\")),n=new URL(t.value),c.test(n.protocol))&&n.host===r.host&&l.activeElement===s&&(d.top.location.href=t.value))}},d.addEventListener(\"message\",d.wp.receiveEmbedMessage,!1),l.addEventListener(\"DOMContentLoaded\",function(){for(var e,t,s=l.querySelectorAll(\"iframe.wp-embedded-content\"),r=0;r<s.length;r++)(t=(e=s[r]).getAttribute(\"data-secret\"))||(t=Math.random().toString(36).substring(2,12),e.src+=\"#?secret=\"+t,e.setAttribute(\"data-secret\",t)),e.contentWindow.postMessage({message:\"ready\",secret:t},\"*\")},!1)))}(window,document);\n\/\/# sourceURL=https:\/\/denizcankizil.tr\/wp-includes\/js\/wp-embed.min.js\n<\/script>","description":"Edirne&#8217;de Ke\u015fan Sebze Bakkal ve Manavlar Odas\u0131\u2019n\u0131n yeni ba\u015fkan\u0131 Alper Karaa\u011fa\u00e7 oldu.Erdo\u011fan DEM\u0130R \/ED\u0130RNE (\u0130GFA) &#8211; Mustafa \u00c7ak\u0131r\u2019\u0131n vefat\u0131n\u0131n ard\u0131ndan yap\u0131lan y\u00f6netim kurulu toplant\u0131s\u0131yla Ke\u015fan Sebze Bakkal ve manavlar odas\u0131 ba\u015fkanl\u0131\u011f\u0131 g\u00f6revine Alper Karaa\u011fa\u00e7 se\u00e7ildi KE\u015eAN SEBZE BAKKAL VE MANAVLAR ODASI BA\u015eKANLI\u011eINA ALPER KARAA\u011eA\u00c7 SE\u00c7\u0130LD\u0130 Ke\u015fan Sebze Bakkal ve Manavlar Odas\u0131\u2019nda ba\u015fkanl\u0131k de\u011fi\u015fimi ya\u015fand\u0131. Oda Ba\u015fkan\u0131 Mustafa \u00c7ak\u0131r\u2019\u0131n vefat\u0131n\u0131n ard\u0131ndan, y\u00f6netim kurulu yedek listesinin ilk s\u0131ras\u0131nda bulunan Alper Karaa\u011fa\u00e7, mevcut y\u00f6netime dahil edildi. Y\u00d6NET\u0130M KURULU BA\u015eKANINI SE\u00c7T\u0130 Karaa\u011fa\u00e7\u2019\u0131n y\u00f6netime kat\u0131lmas\u0131n\u0131n ard\u0131ndan, 27 Haziran 2025 Cuma g\u00fcn\u00fc yap\u0131lan y\u00f6netim kurulu toplant\u0131s\u0131nda, yeni oda ba\u015fkan\u0131n\u0131 belirlemek \u00fczere oylama yap\u0131ld\u0131. Toplant\u0131 sonucunda Alper Karaa\u011fa\u00e7, oy birli\u011fiyle Ke\u015fan Sebze Bakkal ve Manavlar Odas\u0131 Ba\u015fkan\u0131 olarak se\u00e7ildi. YEN\u0130 D\u00d6NEM BA\u015eLADI Alper Karaa\u011fa\u00e7\u2019\u0131n ba\u015fkanl\u0131\u011fa se\u00e7ilmesiyle birlikte odada yeni bir d\u00f6nem ba\u015flam\u0131\u015f oldu. Esnaf temsilcileri, Karaa\u011fa\u00e7\u2019a ba\u015far\u0131 dileklerini iletirken, merhum Mustafa \u00c7ak\u0131r da sayg\u0131yla an\u0131ld\u0131. \u200bEdirne&#8217;de Ke\u015fan Sebze Bakkal ve Manavlar Odas\u0131\u2019n\u0131n yeni ba\u015fkan\u0131 Alper Karaa\u011fa\u00e7 oldu.Erdo\u011fan DEM\u0130R \/ED\u0130RNE (\u0130GFA) &#8211; Mustafa \u00c7ak\u0131r\u2019\u0131n vefat\u0131n\u0131n ard\u0131ndan yap\u0131lan y\u00f6netim kurulu toplant\u0131s\u0131yla Ke\u015fan Sebze Bakkal ve manavlar odas\u0131 ba\u015fkanl\u0131\u011f\u0131 g\u00f6revine Alper Karaa\u011fa\u00e7 se\u00e7ildi KE\u015eAN SEBZE BAKKAL VE MANAVLAR ODASI BA\u015eKANLI\u011eINA ALPER KARAA\u011eA\u00c7 SE\u00c7\u0130LD\u0130 Ke\u015fan Sebze Bakkal ve Manavlar Odas\u0131\u2019nda ba\u015fkanl\u0131k de\u011fi\u015fimi ya\u015fand\u0131. Oda Ba\u015fkan\u0131 Mustafa \u00c7ak\u0131r\u2019\u0131n vefat\u0131n\u0131n ard\u0131ndan, y\u00f6netim kurulu &hellip;"}