{"version":"1.0","provider_name":"Av. Deniz Can K\u0131z\u0131l","provider_url":"https:\/\/denizcankizil.tr\/en","author_name":"admin","author_url":"https:\/\/denizcankizil.tr\/en\/author\/admin\/","title":"Kaymakamdan jandarmaya ba\u015far\u0131 belgesi","type":"rich","width":600,"height":338,"html":"<blockquote class=\"wp-embedded-content\" data-secret=\"ORCTl0lFvR\"><a href=\"https:\/\/denizcankizil.tr\/en\/haberler\/gundem\/kaymakamdan-jandarmaya-basari-belgesi\/\">Kaymakamdan jandarmaya ba\u015far\u0131 belgesi<\/a><\/blockquote><iframe sandbox=\"allow-scripts\" security=\"restricted\" src=\"https:\/\/denizcankizil.tr\/en\/haberler\/gundem\/kaymakamdan-jandarmaya-basari-belgesi\/embed\/#?secret=ORCTl0lFvR\" width=\"600\" height=\"338\" title=\"&#8220;Kaymakamdan jandarmaya ba\u015far\u0131 belgesi&#8221; &#8212; Av. Deniz Can K\u0131z\u0131l\" data-secret=\"ORCTl0lFvR\" frameborder=\"0\" marginwidth=\"0\" marginheight=\"0\" scrolling=\"no\" class=\"wp-embedded-content\"><\/iframe><script>\n\/*! This file is auto-generated *\/\n!function(d,l){\"use strict\";l.querySelector&&d.addEventListener&&\"undefined\"!=typeof URL&&(d.wp=d.wp||{},d.wp.receiveEmbedMessage||(d.wp.receiveEmbedMessage=function(e){var t=e.data;if((t||t.secret||t.message||t.value)&&!\/[^a-zA-Z0-9]\/.test(t.secret)){for(var s,r,n,a=l.querySelectorAll('iframe[data-secret=\"'+t.secret+'\"]'),o=l.querySelectorAll('blockquote[data-secret=\"'+t.secret+'\"]'),c=new RegExp(\"^https?:$\",\"i\"),i=0;i<o.length;i++)o[i].style.display=\"none\";for(i=0;i<a.length;i++)s=a[i],e.source===s.contentWindow&&(s.removeAttribute(\"style\"),\"height\"===t.message?(1e3<(r=parseInt(t.value,10))?r=1e3:~~r<200&&(r=200),s.height=r):\"link\"===t.message&&(r=new URL(s.getAttribute(\"src\")),n=new URL(t.value),c.test(n.protocol))&&n.host===r.host&&l.activeElement===s&&(d.top.location.href=t.value))}},d.addEventListener(\"message\",d.wp.receiveEmbedMessage,!1),l.addEventListener(\"DOMContentLoaded\",function(){for(var e,t,s=l.querySelectorAll(\"iframe.wp-embedded-content\"),r=0;r<s.length;r++)(t=(e=s[r]).getAttribute(\"data-secret\"))||(t=Math.random().toString(36).substring(2,12),e.src+=\"#?secret=\"+t,e.setAttribute(\"data-secret\",t)),e.contentWindow.postMessage({message:\"ready\",secret:t},\"*\")},!1)))}(window,document);\n\/\/# sourceURL=https:\/\/denizcankizil.tr\/wp-includes\/js\/wp-embed.min.js\n<\/script>","description":"Son bir ay i\u00e7erisinde \u0130skenderun genelinde Jandarma ekipleri taraf\u0131ndan ba\u015far\u0131yla ger\u00e7ekle\u015ftirilen bir dizi kritik operasyon sonras\u0131, g\u00f6rev alan personelin \u00f6zverili \u00e7al\u0131\u015fmalar\u0131 takdirle kar\u015f\u0131land\u0131. Bu kapsamda d\u00fczenlenen t\u00f6rende, Kaymakam \u00d6nder taraf\u0131ndan Jandarma personeline ba\u015far\u0131 belgeleri takdim edildi. \u201cSU\u00c7 VE SU\u00c7 \u00d6RG\u00dcTLER\u0130NE KAR\u015eI M\u00dcCADELE S\u00dcRECEK\u201d T\u00f6rende konu\u015fan Kaymakam Muhammet \u00d6nder, vatanda\u015flar\u0131n can ve mal g\u00fcvenli\u011fini tehdit eden her t\u00fcrl\u00fc unsurla m\u00fccadelenin, kararl\u0131l\u0131kla s\u00fcrece\u011fini vurgulad\u0131. \u0130skenderun Jandarma ekiplerinin g\u00f6rev bilinciyle hareket etti\u011fini belirten Kaymakam \u00d6nder, emniyet ve asayi\u015fin sa\u011flanmas\u0131nda eme\u011fi ge\u00e7en t\u00fcm personele te\u015fekk\u00fcr etti. TOPLUMSAL HUZURA KATKI Ger\u00e7ekle\u015ftirilen operasyonlar\u0131n, il\u00e7ede huzur ve g\u00fcven ortam\u0131n\u0131n korunmas\u0131na b\u00fcy\u00fck katk\u0131 sundu\u011funa dikkat \u00e7ekilen t\u00f6rende, Jandarma personelinin g\u00f6revlerine ayn\u0131 azimle devam edeceklerine y\u00f6nelik g\u00fc\u00e7l\u00fc mesajlar verildi. T\u00f6ren, toplu hat\u0131ra foto\u011fraf\u0131n\u0131n \u00e7ekilmesiyle sona erdi. \u200b\u0130skenderun Kaymakam\u0131 Muhammet \u00d6nder, il\u00e7ede y\u00fcr\u00fct\u00fclen ba\u015far\u0131l\u0131 \u00e7al\u0131\u015fmalar nedeniyle \u0130l\u00e7e Jandarma Komutan\u0131 Jandarma Binba\u015f\u0131 Mustafa A\u00e7\u0131k ve Jandarma personelini ba\u015far\u0131 belgesiyle \u00f6d\u00fcllendirdi.\u00a0 \u200bHaberin Al\u0131nt\u0131land\u0131\u011f\u0131 Kaynak: www.iskenderun.org"}