{"version":"1.0","provider_name":"Av. Deniz Can K\u0131z\u0131l","provider_url":"https:\/\/denizcankizil.tr\/en","author_name":"admin","author_url":"https:\/\/denizcankizil.tr\/en\/author\/admin\/","title":"Kartalkaya\u2019daki yang\u0131n i\u00e7in d\u00fcnyadan taziye mesajlar\u0131","type":"rich","width":600,"height":338,"html":"<blockquote class=\"wp-embedded-content\" data-secret=\"gjEoyH77Vd\"><a href=\"https:\/\/denizcankizil.tr\/en\/haberler\/gundem\/kartalkayadaki-yangin-icin-dunyadan-taziye-mesajlari\/\">Kartalkaya\u2019daki yang\u0131n i\u00e7in d\u00fcnyadan taziye mesajlar\u0131<\/a><\/blockquote><iframe sandbox=\"allow-scripts\" security=\"restricted\" src=\"https:\/\/denizcankizil.tr\/en\/haberler\/gundem\/kartalkayadaki-yangin-icin-dunyadan-taziye-mesajlari\/embed\/#?secret=gjEoyH77Vd\" width=\"600\" height=\"338\" title=\"&#8220;Kartalkaya\u2019daki yang\u0131n i\u00e7in d\u00fcnyadan taziye mesajlar\u0131&#8221; &#8212; Av. Deniz Can K\u0131z\u0131l\" data-secret=\"gjEoyH77Vd\" frameborder=\"0\" marginwidth=\"0\" marginheight=\"0\" scrolling=\"no\" class=\"wp-embedded-content\"><\/iframe><script>\n\/*! This file is auto-generated *\/\n!function(d,l){\"use strict\";l.querySelector&&d.addEventListener&&\"undefined\"!=typeof URL&&(d.wp=d.wp||{},d.wp.receiveEmbedMessage||(d.wp.receiveEmbedMessage=function(e){var t=e.data;if((t||t.secret||t.message||t.value)&&!\/[^a-zA-Z0-9]\/.test(t.secret)){for(var s,r,n,a=l.querySelectorAll('iframe[data-secret=\"'+t.secret+'\"]'),o=l.querySelectorAll('blockquote[data-secret=\"'+t.secret+'\"]'),c=new RegExp(\"^https?:$\",\"i\"),i=0;i<o.length;i++)o[i].style.display=\"none\";for(i=0;i<a.length;i++)s=a[i],e.source===s.contentWindow&&(s.removeAttribute(\"style\"),\"height\"===t.message?(1e3<(r=parseInt(t.value,10))?r=1e3:~~r<200&&(r=200),s.height=r):\"link\"===t.message&&(r=new URL(s.getAttribute(\"src\")),n=new URL(t.value),c.test(n.protocol))&&n.host===r.host&&l.activeElement===s&&(d.top.location.href=t.value))}},d.addEventListener(\"message\",d.wp.receiveEmbedMessage,!1),l.addEventListener(\"DOMContentLoaded\",function(){for(var e,t,s=l.querySelectorAll(\"iframe.wp-embedded-content\"),r=0;r<s.length;r++)(t=(e=s[r]).getAttribute(\"data-secret\"))||(t=Math.random().toString(36).substring(2,12),e.src+=\"#?secret=\"+t,e.setAttribute(\"data-secret\",t)),e.contentWindow.postMessage({message:\"ready\",secret:t},\"*\")},!1)))}(window,document);\n\/\/# sourceURL=https:\/\/denizcankizil.tr\/wp-includes\/js\/wp-embed.min.js\n<\/script>","description":"D\u00fcnya \u00fclkeleri, Bolu Kartalkaya Kayak Merkezi&#8217;ndeki Grand Kartal Otel&#8217;de \u00e7\u0131kan yang\u0131nda hayat\u0131n\u0131 kaybedenler i\u00e7in Cumhurba\u015fkan\u0131 Recep Tayyip Erdo\u011fan, \u00fclke genelinde 1 g\u00fcnl\u00fck milli yas ilan etmi\u015fti. D\u00fcnyadan yang\u0131n i\u00e7in Cumhurba\u015fkan\u0131 Erdo\u011fan&#8217;a ba\u015fsa\u011fl\u0131\u011f\u0131 dile\u011finde bulunuldu.ANKARA (\u0130GFA) &#8211; \u0130leti\u015fim Ba\u015fkanl\u0131\u011f\u0131, Kartalkaya\u2019daki yang\u0131n i\u00e7in \u00fclkemize gelen taziye mesajlar\u0131n\u0131 derledi. 76 can\u0131n hayat\u0131n\u0131 kaybetti\u011fi Bolu Kartalkaya Kayak Merkezi&#8217;ndeki otel yang\u0131n\u0131 ile \u00fclkelerden gelen mesajlar \u015f\u00f6yle: ALMANYA Almanya Cumhurba\u015fkan\u0131 Frank-Walter Steinmeier, Bolu Kartalkaya Kayak Merkezi&#8217;ndeki Grand Kartal Otel&#8217;de \u00e7\u0131kan yang\u0131nda hayat\u0131n\u0131 kaybedenler i\u00e7in Cumhurba\u015fkan\u0131 Erdo\u011fan&#8217;a ba\u015fsa\u011fl\u0131\u011f\u0131 dile\u011finde bulundu. Almanya Cumhurba\u015fkan\u0131 Ofisinden yap\u0131lan a\u00e7\u0131klamaya g\u00f6re Steinmeier, Kartalkaya&#8217;daki otel yang\u0131n\u0131n\u0131n ard\u0131ndan Cumhurba\u015fkan\u0131 Erdo\u011fan&#8217;a taziye mesaj\u0131 g\u00f6nderdi. Steinmeier, Kartalkaya&#8217;da \u00e7ok say\u0131da ki\u015finin hayat\u0131n\u0131 kaybetti\u011fi otel yang\u0131n\u0131n\u0131n kendisini \u00e7ok \u00fczd\u00fc\u011f\u00fcn\u00fc belirterek &#8220;Say\u0131n Cumhurba\u015fkan\u0131, size ve vatanda\u015flar\u0131n\u0131za, vatanda\u015flar\u0131m ad\u0131na da en derin taziyelerimi ifade etmek istiyorum. D\u00fc\u015f\u00fcncelerim kayak tatili s\u0131ras\u0131nda ba\u015flar\u0131na gelen bu felaketin kurbanlar\u0131yla birlikte. Bu, onlar\u0131n aileleri ve arkada\u015flar\u0131 i\u00e7in ani bir kay\u0131p ve anla\u015f\u0131lmaz bir ac\u0131d\u0131r.&#8221; ifadesini kulland\u0131. Almanya Cumhurba\u015fkan\u0131 Frank-Walter Steinmeier de Cumhurba\u015fkan\u0131 Recep Tayyip Erdo\u011fan\u2019a bir taziye mesaj\u0131 g\u00f6nderdi. \u00a0 Almanya Ba\u015fbakan\u0131 Olaf Scholz, Kartalkaya&#8217;daki yang\u0131n haberinin kendisini derinden \u00fczd\u00fc\u011f\u00fcn\u00fc a\u00e7\u0131klad\u0131. Scholz, ya\u015fam\u0131n\u0131 yitirenlerin ailelerine taziye dileklerini iletti. \u00a0 Almanya D\u0131\u015fi\u015fleri Bakan\u0131 Annalena Baerbock, Kartalkaya Kayak Merkezi\u2019nde meydana gelen yang\u0131n\u0131n g\u00f6r\u00fcnt\u00fclerinden derin \u00fcz\u00fcnt\u00fc duydu\u011funu belirtti. &hellip;"}