{"version":"1.0","provider_name":"Av. Deniz Can K\u0131z\u0131l","provider_url":"https:\/\/denizcankizil.tr\/en","author_name":"admin","author_url":"https:\/\/denizcankizil.tr\/en\/author\/admin\/","title":"Kamu y\u00f6neticilerinin yeni maa\u015flar\u0131 'Resmi'le\u015fti!","type":"rich","width":600,"height":338,"html":"<blockquote class=\"wp-embedded-content\" data-secret=\"9Ma1PHgoIq\"><a href=\"https:\/\/denizcankizil.tr\/en\/haberler\/gundem\/kamu-yoneticilerinin-yeni-maaslari-resmilesti\/\">Kamu y\u00f6neticilerinin yeni maa\u015flar\u0131 &#8216;Resmi&#8217;le\u015fti!<\/a><\/blockquote><iframe sandbox=\"allow-scripts\" security=\"restricted\" src=\"https:\/\/denizcankizil.tr\/en\/haberler\/gundem\/kamu-yoneticilerinin-yeni-maaslari-resmilesti\/embed\/#?secret=9Ma1PHgoIq\" width=\"600\" height=\"338\" title=\"&#8220;Kamu y\u00f6neticilerinin yeni maa\u015flar\u0131 &#8216;Resmi&#8217;le\u015fti!&#8221; &#8212; Av. Deniz Can K\u0131z\u0131l\" data-secret=\"9Ma1PHgoIq\" frameborder=\"0\" marginwidth=\"0\" marginheight=\"0\" scrolling=\"no\" class=\"wp-embedded-content\"><\/iframe><script>\n\/*! This file is auto-generated *\/\n!function(d,l){\"use strict\";l.querySelector&&d.addEventListener&&\"undefined\"!=typeof URL&&(d.wp=d.wp||{},d.wp.receiveEmbedMessage||(d.wp.receiveEmbedMessage=function(e){var t=e.data;if((t||t.secret||t.message||t.value)&&!\/[^a-zA-Z0-9]\/.test(t.secret)){for(var s,r,n,a=l.querySelectorAll('iframe[data-secret=\"'+t.secret+'\"]'),o=l.querySelectorAll('blockquote[data-secret=\"'+t.secret+'\"]'),c=new RegExp(\"^https?:$\",\"i\"),i=0;i<o.length;i++)o[i].style.display=\"none\";for(i=0;i<a.length;i++)s=a[i],e.source===s.contentWindow&&(s.removeAttribute(\"style\"),\"height\"===t.message?(1e3<(r=parseInt(t.value,10))?r=1e3:~~r<200&&(r=200),s.height=r):\"link\"===t.message&&(r=new URL(s.getAttribute(\"src\")),n=new URL(t.value),c.test(n.protocol))&&n.host===r.host&&l.activeElement===s&&(d.top.location.href=t.value))}},d.addEventListener(\"message\",d.wp.receiveEmbedMessage,!1),l.addEventListener(\"DOMContentLoaded\",function(){for(var e,t,s=l.querySelectorAll(\"iframe.wp-embedded-content\"),r=0;r<s.length;r++)(t=(e=s[r]).getAttribute(\"data-secret\"))||(t=Math.random().toString(36).substring(2,12),e.src+=\"#?secret=\"+t,e.setAttribute(\"data-secret\",t)),e.contentWindow.postMessage({message:\"ready\",secret:t},\"*\")},!1)))}(window,document);\n\/\/# sourceURL=https:\/\/denizcankizil.tr\/wp-includes\/js\/wp-embed.min.js\n<\/script>","description":"Baz\u0131 kamu kurum ve kurulu\u015flar\u0131nda g\u00f6rev yapan y\u00f6netim, denetim ve tasfiye kurulu \u00fcyeleri ile s\u00f6zle\u015fmeli ve kapsam d\u0131\u015f\u0131 personelin taban ve tavan \u00fccretleri, Cumhurba\u015fkan\u0131 Karar\u0131 ile yeniden d\u00fczenlendi. Karar, bug\u00fcnk\u00fc Resmi Gazete\u2019de yay\u0131mland\u0131.Kamu Kurumlar\u0131nda Y\u00f6netim ve Denetim Kurulu \u00dcyeleri ile S\u00f6zle\u015fmeli Personelin \u00dccretleri Belirlendi ANKARA (\u0130GFA) &#8211; Bug\u00fcnk\u00fc Resmi Gazete\u2019de yay\u0131mlanan Cumhurba\u015fkan\u0131 Karar\u0131\u2019na g\u00f6re, BOTA\u015e, TPAO, TEMSAN ve \u0130ller Bankas\u0131 A.\u015e. gibi kamu kurumlar\u0131nda g\u00f6rev yapan y\u00f6netim, denetim ve tasfiye kurulu \u00fcyeleri ile s\u00f6zle\u015fmeli ve kapsam d\u0131\u015f\u0131 personelin \u00fccret s\u0131n\u0131rlar\u0131 belirlendi. Buna g\u00f6re, kamu iktisadi te\u015febb\u00fcsleri (K\u0130T) ve ba\u011fl\u0131 kurulu\u015flarda g\u00f6rev yapan y\u00f6netim kurulu ba\u015fkan ve \u00fcyeleri, denetim kurulu \u00fcyeleri, tasfiye kurulu \u00fcyeleri ile s\u00f6zle\u015fmeli ve kapsam d\u0131\u015f\u0131 personeli kapsayan d\u00fczenleme ile \u00fccretlerin taban ve tavan s\u0131n\u0131rlar\u0131 belirlendi. Birden fazla kurulu\u015fta g\u00f6rev alan personelin yaln\u0131zca bir g\u00f6rev i\u00e7in \u00fccret alaca\u011f\u0131 belirtildi. Kamu personelinin mali haklar\u0131n\u0131 d\u00fczenleyen \u00f6nemli bir ad\u0131m olarak de\u011ferlendirilen karar, 15 Ocak 2025\u2019ten itibaren ge\u00e7erli olmak \u00fczere y\u00fcr\u00fcrl\u00fc\u011fe girdi. \u200bBaz\u0131 kamu kurum ve kurulu\u015flar\u0131nda g\u00f6rev yapan y\u00f6netim, denetim ve tasfiye kurulu \u00fcyeleri ile s\u00f6zle\u015fmeli ve kapsam d\u0131\u015f\u0131 personelin taban ve tavan \u00fccretleri, Cumhurba\u015fkan\u0131 Karar\u0131 ile yeniden d\u00fczenlendi. Karar, bug\u00fcnk\u00fc Resmi Gazete\u2019de yay\u0131mland\u0131.Kamu Kurumlar\u0131nda Y\u00f6netim ve Denetim Kurulu \u00dcyeleri ile S\u00f6zle\u015fmeli Personelin \u00dccretleri Belirlendi ANKARA (\u0130GFA) &#8211; Bug\u00fcnk\u00fc Resmi &hellip;"}