{"version":"1.0","provider_name":"Av. Deniz Can K\u0131z\u0131l","provider_url":"https:\/\/denizcankizil.tr\/en","author_name":"admin","author_url":"https:\/\/denizcankizil.tr\/en\/author\/admin\/","title":"\u0130zmir'de tatil \u00e7ocuk at\u00f6lyeleri ile \u015fenlenecek","type":"rich","width":600,"height":338,"html":"<blockquote class=\"wp-embedded-content\" data-secret=\"jZ1tDDeX3b\"><a href=\"https:\/\/denizcankizil.tr\/en\/haberler\/gundem\/izmirde-tatil-cocuk-atolyeleri-ile-senlenecek\/\">\u0130zmir&#8217;de tatil \u00e7ocuk at\u00f6lyeleri ile \u015fenlenecek<\/a><\/blockquote><iframe sandbox=\"allow-scripts\" security=\"restricted\" src=\"https:\/\/denizcankizil.tr\/en\/haberler\/gundem\/izmirde-tatil-cocuk-atolyeleri-ile-senlenecek\/embed\/#?secret=jZ1tDDeX3b\" width=\"600\" height=\"338\" title=\"&#8220;\u0130zmir&#8217;de tatil \u00e7ocuk at\u00f6lyeleri ile \u015fenlenecek&#8221; &#8212; Av. Deniz Can K\u0131z\u0131l\" data-secret=\"jZ1tDDeX3b\" frameborder=\"0\" marginwidth=\"0\" marginheight=\"0\" scrolling=\"no\" class=\"wp-embedded-content\"><\/iframe><script>\n\/*! This file is auto-generated *\/\n!function(d,l){\"use strict\";l.querySelector&&d.addEventListener&&\"undefined\"!=typeof URL&&(d.wp=d.wp||{},d.wp.receiveEmbedMessage||(d.wp.receiveEmbedMessage=function(e){var t=e.data;if((t||t.secret||t.message||t.value)&&!\/[^a-zA-Z0-9]\/.test(t.secret)){for(var s,r,n,a=l.querySelectorAll('iframe[data-secret=\"'+t.secret+'\"]'),o=l.querySelectorAll('blockquote[data-secret=\"'+t.secret+'\"]'),c=new RegExp(\"^https?:$\",\"i\"),i=0;i<o.length;i++)o[i].style.display=\"none\";for(i=0;i<a.length;i++)s=a[i],e.source===s.contentWindow&&(s.removeAttribute(\"style\"),\"height\"===t.message?(1e3<(r=parseInt(t.value,10))?r=1e3:~~r<200&&(r=200),s.height=r):\"link\"===t.message&&(r=new URL(s.getAttribute(\"src\")),n=new URL(t.value),c.test(n.protocol))&&n.host===r.host&&l.activeElement===s&&(d.top.location.href=t.value))}},d.addEventListener(\"message\",d.wp.receiveEmbedMessage,!1),l.addEventListener(\"DOMContentLoaded\",function(){for(var e,t,s=l.querySelectorAll(\"iframe.wp-embedded-content\"),r=0;r<s.length;r++)(t=(e=s[r]).getAttribute(\"data-secret\"))||(t=Math.random().toString(36).substring(2,12),e.src+=\"#?secret=\"+t,e.setAttribute(\"data-secret\",t)),e.contentWindow.postMessage({message:\"ready\",secret:t},\"*\")},!1)))}(window,document);\n\/\/# sourceURL=https:\/\/denizcankizil.tr\/wp-includes\/js\/wp-embed.min.js\n<\/script>","description":"\u0130zmirli \u00e7ocuklar, \u0130zmir B\u00fcy\u00fck\u015fehir Belediyesi\u2019nin s\u00f6mestr tatili i\u00e7in d\u00fczenledi\u011fi birbirinden keyifli at\u00f6lyelerde bulu\u015facak. 29 Ocak-31 Ocak tarihleri aras\u0131nda yap\u0131lacak \u00fc\u00e7 at\u00f6lye, \u00e7ocuklar\u0131n zihninde yeni kap\u0131lar a\u00e7acak.\u0130ZM\u0130R (\u0130GFA) &#8211;\u00a0\u0130zmir B\u00fcy\u00fck\u015fehir Belediyesi, s\u00f6mestr tatilinde \u00e7ocuklar i\u00e7in keyifli ve e\u011fitici etkinlikler d\u00fczenliyor. \u0130zmirli \u00e7ocuklar, Sade \u015eeylerin B\u00fcy\u00fcs\u00fc Masal At\u00f6lyesi, Sonuna Sen Karar Ver Yarat\u0131c\u0131 Yazma At\u00f6lyesi ve Yarat\u0131c\u0131 Drama At\u00f6lyesi\u2019ne kat\u0131labilecek. \u201cKe\u015ffet, E\u011flen\u201d temas\u0131 ile bir araya gelecek \u00e7ocuklar, interaktif bir yakla\u015f\u0131mla alan\u0131nda uzman y\u00fcr\u00fct\u00fcc\u00fcler taraf\u0131ndan yap\u0131lacak at\u00f6lyelerde hayaller kuracak, hik\u00e2yeler yazacak, masallar dinleyecek ve s\u00f6zc\u00fcklerin g\u00fcc\u00fcn\u00fc ke\u015ffedecek. \u00a0KAYITLAR BA\u015eLADI \u0130zmir\u2019in farkl\u0131 noktalar\u0131nda bulunan yedi yerle\u015fik k\u00fct\u00fcphanenin yan\u0131 s\u0131ra k\u0131rsal b\u00f6lgelere hizmet veren iki gezici k\u00fct\u00fcphanesi olan K\u00fct\u00fcphaneler \u015eube M\u00fcd\u00fcrl\u00fc\u011f\u00fc, kapsay\u0131c\u0131l\u0131k ilkesi do\u011frultusunda bilgiye eri\u015fimde f\u0131rsat e\u015fitli\u011finin sa\u011flanmas\u0131na y\u00f6nelik projeler geli\u015ftirip at\u00f6lye ve etkinlikler d\u00fczenliyor. K\u00fct\u00fcphaneler \u015eube M\u00fcd\u00fcrl\u00fc\u011f\u00fc\u2019n\u00fcn Alsancak Kent K\u00fct\u00fcphanesi\u2019nde \u00fc\u00e7 g\u00fcn boyunca ger\u00e7ekle\u015ftirilece\u011fi at\u00f6lyelere kat\u0131l\u0131m i\u00e7in https:\/\/www.izmir.art\/tr\/preview\/679092c01f67308007798a87 adresi veya 232 293 41 77 numaral\u0131 telefon \u00fczerinden kay\u0131t olunabiliyor. \u00a0AT\u00d6LYE TAKV\u0130M\u0130 Y\u00fcr\u00fct\u00fcc\u00fcl\u00fc\u011f\u00fcn\u00fc Didem Tarlal\u0131\u2019n\u0131n yapaca\u011f\u0131 8-10 ya\u015f aral\u0131\u011f\u0131 \u00e7ocuklara y\u00f6nelik Sade \u015eeylerin B\u00fcy\u00fcs\u00fc Masal At\u00f6lyesi 29 Ocak \u00c7ar\u015famba g\u00fcn\u00fc 15.00-16.00 saatleri aras\u0131nda yap\u0131lacak. Y\u00fcr\u00fct\u00fcc\u00fcl\u00fc\u011f\u00fcn\u00fc Fato\u015f Mutlug\u00fcn ve Ertu\u011frul Mutlug\u00fcn\u2019\u00fcn yapaca\u011f\u0131 10-12 ya\u015f aral\u0131\u011f\u0131 \u00e7ocuklara y\u00f6nelik Sonuna Sen Karar Ver Yarat\u0131c\u0131 Yazma At\u00f6lyesi, 30 Ocak Per\u015fembe g\u00fcn\u00fc 15.00-16.30 saatleri aras\u0131nda d\u00fczenlenecek. Y\u00fcr\u00fct\u00fcc\u00fcl\u00fc\u011f\u00fcn\u00fc \u015eeniz &hellip;"}