{"version":"1.0","provider_name":"Av. Deniz Can K\u0131z\u0131l","provider_url":"https:\/\/denizcankizil.tr\/en","author_name":"admin","author_url":"https:\/\/denizcankizil.tr\/en\/author\/admin\/","title":"\u0130zmir'de su tarifelerinde yeni d\u00fczenleme","type":"rich","width":600,"height":338,"html":"<blockquote class=\"wp-embedded-content\" data-secret=\"k53e8gikBY\"><a href=\"https:\/\/denizcankizil.tr\/en\/haberler\/gundem\/izmirde-su-tarifelerinde-yeni-duzenleme\/\">\u0130zmir&#8217;de su tarifelerinde yeni d\u00fczenleme<\/a><\/blockquote><iframe sandbox=\"allow-scripts\" security=\"restricted\" src=\"https:\/\/denizcankizil.tr\/en\/haberler\/gundem\/izmirde-su-tarifelerinde-yeni-duzenleme\/embed\/#?secret=k53e8gikBY\" width=\"600\" height=\"338\" title=\"&#8220;\u0130zmir&#8217;de su tarifelerinde yeni d\u00fczenleme&#8221; &#8212; Av. Deniz Can K\u0131z\u0131l\" data-secret=\"k53e8gikBY\" frameborder=\"0\" marginwidth=\"0\" marginheight=\"0\" scrolling=\"no\" class=\"wp-embedded-content\"><\/iframe><script>\n\/*! This file is auto-generated *\/\n!function(d,l){\"use strict\";l.querySelector&&d.addEventListener&&\"undefined\"!=typeof URL&&(d.wp=d.wp||{},d.wp.receiveEmbedMessage||(d.wp.receiveEmbedMessage=function(e){var t=e.data;if((t||t.secret||t.message||t.value)&&!\/[^a-zA-Z0-9]\/.test(t.secret)){for(var s,r,n,a=l.querySelectorAll('iframe[data-secret=\"'+t.secret+'\"]'),o=l.querySelectorAll('blockquote[data-secret=\"'+t.secret+'\"]'),c=new RegExp(\"^https?:$\",\"i\"),i=0;i<o.length;i++)o[i].style.display=\"none\";for(i=0;i<a.length;i++)s=a[i],e.source===s.contentWindow&&(s.removeAttribute(\"style\"),\"height\"===t.message?(1e3<(r=parseInt(t.value,10))?r=1e3:~~r<200&&(r=200),s.height=r):\"link\"===t.message&&(r=new URL(s.getAttribute(\"src\")),n=new URL(t.value),c.test(n.protocol))&&n.host===r.host&&l.activeElement===s&&(d.top.location.href=t.value))}},d.addEventListener(\"message\",d.wp.receiveEmbedMessage,!1),l.addEventListener(\"DOMContentLoaded\",function(){for(var e,t,s=l.querySelectorAll(\"iframe.wp-embedded-content\"),r=0;r<s.length;r++)(t=(e=s[r]).getAttribute(\"data-secret\"))||(t=Math.random().toString(36).substring(2,12),e.src+=\"#?secret=\"+t,e.setAttribute(\"data-secret\",t)),e.contentWindow.postMessage({message:\"ready\",secret:t},\"*\")},!1)))}(window,document);\n\/\/# sourceURL=https:\/\/denizcankizil.tr\/wp-includes\/js\/wp-embed.min.js\n<\/script>","description":"\u0130ZSU Genel M\u00fcd\u00fcrl\u00fc\u011f\u00fc ba\u015fta t\u00fcketilen elektrik olmak \u00fczere girdi maliyetlerindeki art\u0131\u015flar do\u011frultusunda su ve at\u0131k su tarifelerini su tasarrufunu da \u00f6zendirecek \u015fekilde yeniden d\u00fczenledi.\u00a0\u0130ZM\u0130R (\u0130GFA) &#8211;\u00a0\u0130ZSU Genel M\u00fcd\u00fcrl\u00fc\u011f\u00fc\u2019n\u00fcn Ola\u011fan\u00fcst\u00fc Genel Kurul Toplant\u0131s\u0131\u2019nda su ve at\u0131k su tarifelerini su tasarrufunu da \u00f6zendirecek \u015fekilde yeniden d\u00fczenlendi. May\u0131s ay\u0131ndan itibaren ge\u00e7erli olacak yeni tarifeye g\u00f6re 0-4 metrek\u00fcp su kullan\u0131m\u0131 (1. kademe)\u00a0 haricindeki kademelerde ortalama y\u00fczde 11 oran\u0131nda art\u0131\u015f yap\u0131ld\u0131. Ba\u015fta elektri\u011fe yap\u0131lan y\u00fczde 25\u2019lik zam olmak \u00fczere artan maliyet art\u0131\u015flar\u0131 ve kurakl\u0131k sonucu azalan su kaynaklar\u0131n\u0131 korumak amac\u0131yla su tarifelerinin yeniden d\u00fczenlendi\u011fi belirtildi.\u00a0 \u0130ZM\u0130R KAYIP KA\u00c7AK ORANINDA EN \u0130Y\u0130 YED\u0130NC\u0130 \u015eEH\u0130R Genel kurul toplant\u0131s\u0131nda konu\u015fan \u0130zmir B\u00fcy\u00fck\u015fehir Belediyesi Meclis Ba\u015fkan Vekili Dr. Zafer Levent Y\u0131ld\u0131r, suyun \u00e7ok de\u011ferli oldu\u011funu belirterek tasarrufa dikkat \u00e7ekti. Y\u0131ld\u0131r, \u201c\u0130stanbul&#8217;un su ihtiyac\u0131n\u0131n y\u00fczde 98\u2019i, Ankara&#8217;n\u0131n su ihtiyac\u0131n\u0131n y\u00fczde 99\u2019u yer \u00fcst\u00fc sular\u0131ndan kar\u015f\u0131l\u0131yor. \u0130zmir&#8217;de ise bu oran y\u00fczde 35.\u00a0 Bunu d\u00fc\u015f\u00fcnmek zorunday\u0131z. Her konuda tasarrufa b\u00fcy\u00fck \u00f6nem veriyoruz. \u0130ZSU verilerinden hareketle \u0130zmir kay\u0131p ka\u00e7ak oran\u0131nda en iyi yedinci \u015fehir. Bundan sonraki s\u00fcre\u00e7te tasarrufla ilgili \u00e7al\u0131\u015fmalar\u0131m\u0131z s\u00fcrecek\u201d \u015feklinde konu\u015ftu.\u00a0 SUSUZLUKLA M\u00dcCADELE TOPYEK\u00dbN B\u0130R M\u00dcCADELED\u0130R CHP Grup Ba\u015fkan Vekili Altan \u0130nan\u00e7 ise, \u201cSu alt\u0131n kadar k\u0131ymetli. Yurtta\u015flar\u0131m\u0131za suyu tasarruflu kullanmalar\u0131 \u00e7a\u011fr\u0131s\u0131 yap\u0131yoruz.\u00a0 Su kullan\u0131m\u0131n\u0131 hem g\u00fcnl\u00fck hayatta hem tar\u0131mda d\u00fczenlemeliyiz. &hellip;"}