{"version":"1.0","provider_name":"Av. Deniz Can K\u0131z\u0131l","provider_url":"https:\/\/denizcankizil.tr\/en","author_name":"admin","author_url":"https:\/\/denizcankizil.tr\/en\/author\/admin\/","title":"\u0130zmir'de Roman giri\u015fimcili\u011fine g\u00fc\u00e7l\u00fc destek","type":"rich","width":600,"height":338,"html":"<blockquote class=\"wp-embedded-content\" data-secret=\"ZRCTUzZB1t\"><a href=\"https:\/\/denizcankizil.tr\/en\/haberler\/gundem\/izmirde-roman-girisimciligine-guclu-destek\/\">\u0130zmir&#8217;de Roman giri\u015fimcili\u011fine g\u00fc\u00e7l\u00fc destek<\/a><\/blockquote><iframe sandbox=\"allow-scripts\" security=\"restricted\" src=\"https:\/\/denizcankizil.tr\/en\/haberler\/gundem\/izmirde-roman-girisimciligine-guclu-destek\/embed\/#?secret=ZRCTUzZB1t\" width=\"600\" height=\"338\" title=\"&#8220;\u0130zmir&#8217;de Roman giri\u015fimcili\u011fine g\u00fc\u00e7l\u00fc destek&#8221; &#8212; Av. Deniz Can K\u0131z\u0131l\" data-secret=\"ZRCTUzZB1t\" frameborder=\"0\" marginwidth=\"0\" marginheight=\"0\" scrolling=\"no\" class=\"wp-embedded-content\"><\/iframe><script>\n\/*! This file is auto-generated *\/\n!function(d,l){\"use strict\";l.querySelector&&d.addEventListener&&\"undefined\"!=typeof URL&&(d.wp=d.wp||{},d.wp.receiveEmbedMessage||(d.wp.receiveEmbedMessage=function(e){var t=e.data;if((t||t.secret||t.message||t.value)&&!\/[^a-zA-Z0-9]\/.test(t.secret)){for(var s,r,n,a=l.querySelectorAll('iframe[data-secret=\"'+t.secret+'\"]'),o=l.querySelectorAll('blockquote[data-secret=\"'+t.secret+'\"]'),c=new RegExp(\"^https?:$\",\"i\"),i=0;i<o.length;i++)o[i].style.display=\"none\";for(i=0;i<a.length;i++)s=a[i],e.source===s.contentWindow&&(s.removeAttribute(\"style\"),\"height\"===t.message?(1e3<(r=parseInt(t.value,10))?r=1e3:~~r<200&&(r=200),s.height=r):\"link\"===t.message&&(r=new URL(s.getAttribute(\"src\")),n=new URL(t.value),c.test(n.protocol))&&n.host===r.host&&l.activeElement===s&&(d.top.location.href=t.value))}},d.addEventListener(\"message\",d.wp.receiveEmbedMessage,!1),l.addEventListener(\"DOMContentLoaded\",function(){for(var e,t,s=l.querySelectorAll(\"iframe.wp-embedded-content\"),r=0;r<s.length;r++)(t=(e=s[r]).getAttribute(\"data-secret\"))||(t=Math.random().toString(36).substring(2,12),e.src+=\"#?secret=\"+t,e.setAttribute(\"data-secret\",t)),e.contentWindow.postMessage({message:\"ready\",secret:t},\"*\")},!1)))}(window,document);\n\/\/# sourceURL=https:\/\/denizcankizil.tr\/wp-includes\/js\/wp-embed.min.js\n<\/script>","description":"Roman Giri\u015fimcili\u011fini Geli\u015ftirme \u0130nsiyatifi\u2019nin (REDI) haz\u0131rlad\u0131\u011f\u0131 \u201cT\u00fcrkiye Roman Giri\u015fimcilerin Geli\u015ftirilmesi Projesi\u201d Tarihi Havagaz\u0131 Fabrikas\u0131\u2019nda tan\u0131t\u0131ld\u0131.\u0130ZM\u0130R (\u0130GFA) &#8211; A\u00e7\u0131l\u0131\u015f t\u00f6reninde konu\u015fan \u0130zmir B\u00fcy\u00fck\u015fehir Belediyesi Ba\u015fkan Vekili Dr. Zafer Levent Y\u0131ld\u0131r, \u201cRoman vatanda\u015flar\u0131m\u0131z\u0131n hayata e\u015fit ba\u015flamas\u0131 i\u00e7in ta\u015f \u00fcst\u00fcne ta\u015f koymaya devam edece\u011fiz. G\u00f6rev s\u00fcremiz boyunca bize ihtiyac\u0131 olan herkese kap\u0131m\u0131z a\u00e7\u0131k. \u0130zmir&#8217;de hi\u00e7 kimse yaln\u0131z y\u00fcr\u00fcmeyecek\u201d diye konu\u015ftu. Roman Giri\u015fimcili\u011fini Geli\u015ftirme \u0130nsiyatifi taraf\u0131ndan (REDI) Roman yurtta\u015flar\u0131n ya\u015fam ko\u015fullar\u0131n\u0131 iyile\u015ftirmek i\u00e7in geli\u015ftirilen Avrupa Birli\u011fi destekli \u201cBat\u0131 Balkanlar ve T\u00fcrkiye\u2019de Roman Giri\u015fimcilerin Desteklenmesi\u201d projesi, Tarihi Havagaz\u0131 Fabrikas\u0131\u2019nda tan\u0131t\u0131ld\u0131. Toplant\u0131ya \u0130zmir B\u00fcy\u00fck\u015fehir Belediyesi Ba\u015fkan Vekili Dr. Zafer Levent Y\u0131ld\u0131r, CHP 25, 26 ve 27. D\u00f6nem \u0130zmir Milletvekili \u00d6zcan Pur\u00e7u, REDI Network Direkt\u00f6r\u00fc Patrica Dulgheru, Konak Belediye Ba\u015fkan\u0131 Nil\u00fcfer \u00c7\u0131narl\u0131 Mutlu, Kar\u015f\u0131yaka Belediye Ba\u015fkan\u0131 Y\u0131ld\u0131z \u00dcnsal, Sel\u00e7uk Belediye Ba\u015fkan\u0131 Filiz Cerito\u011flu Sengel ve Torbal\u0131 Belediye Ba\u015fkan\u0131 \u00d6v\u00fcn\u00e7 Demir kat\u0131ld\u0131. YILDIR: TA\u015e \u00dcST\u00dcNE TA\u015e KOYMAYA DEVAM EDECE\u011e\u0130Z Toplant\u0131n\u0131n a\u00e7\u0131l\u0131\u015f\u0131nda konu\u015fan \u0130zmir B\u00fcy\u00fck\u015fehir Belediyesi Ba\u015fkan Vekili Dr. Zafer Levent Y\u0131ld\u0131r projenin Bat\u0131 Balkanlar ve T\u00fcrkiye&#8217;deki Roman giri\u015fimcilerin g\u00fc\u00e7lendirilmesi i\u00e7in \u00f6nemli bir ad\u0131m oldu\u011funu s\u00f6yledi. \u0130zmir B\u00fcy\u00fck\u015fehir Belediyesi olarak bu konuda i\u00e7ten ve samimi olduklar\u0131n\u0131 aktaran Y\u0131ld\u0131r, \u201cKararl\u0131 ve adil davran\u0131yoruz. Belediye Ba\u015fkan\u0131m\u0131z Dr. Cemil Tugay ile Roman toplumuna hizmet etmek en \u00f6nemli hedeflerimizden bir tanesi. Ge\u00e7mi\u015fte ba\u015fkan\u0131m\u0131z &hellip;"}