{"version":"1.0","provider_name":"Av. Deniz Can K\u0131z\u0131l","provider_url":"https:\/\/denizcankizil.tr\/en","author_name":"admin","author_url":"https:\/\/denizcankizil.tr\/en\/author\/admin\/","title":"\u0130stanbul'da tepki \u00e7eken eyleme B\u00fcy\u00fck\u015fehir'den a\u00e7\u0131klama","type":"rich","width":600,"height":338,"html":"<blockquote class=\"wp-embedded-content\" data-secret=\"2LCNyHR2XG\"><a href=\"https:\/\/denizcankizil.tr\/en\/haberler\/gundem\/istanbulda-tepki-ceken-eyleme-buyuksehirden-aciklama\/\">\u0130stanbul&#8217;da tepki \u00e7eken eyleme B\u00fcy\u00fck\u015fehir&#8217;den a\u00e7\u0131klama<\/a><\/blockquote><iframe sandbox=\"allow-scripts\" security=\"restricted\" src=\"https:\/\/denizcankizil.tr\/en\/haberler\/gundem\/istanbulda-tepki-ceken-eyleme-buyuksehirden-aciklama\/embed\/#?secret=2LCNyHR2XG\" width=\"600\" height=\"338\" title=\"&#8220;\u0130stanbul&#8217;da tepki \u00e7eken eyleme B\u00fcy\u00fck\u015fehir&#8217;den a\u00e7\u0131klama&#8221; &#8212; Av. Deniz Can K\u0131z\u0131l\" data-secret=\"2LCNyHR2XG\" frameborder=\"0\" marginwidth=\"0\" marginheight=\"0\" scrolling=\"no\" class=\"wp-embedded-content\"><\/iframe><script>\n\/*! This file is auto-generated *\/\n!function(d,l){\"use strict\";l.querySelector&&d.addEventListener&&\"undefined\"!=typeof URL&&(d.wp=d.wp||{},d.wp.receiveEmbedMessage||(d.wp.receiveEmbedMessage=function(e){var t=e.data;if((t||t.secret||t.message||t.value)&&!\/[^a-zA-Z0-9]\/.test(t.secret)){for(var s,r,n,a=l.querySelectorAll('iframe[data-secret=\"'+t.secret+'\"]'),o=l.querySelectorAll('blockquote[data-secret=\"'+t.secret+'\"]'),c=new RegExp(\"^https?:$\",\"i\"),i=0;i<o.length;i++)o[i].style.display=\"none\";for(i=0;i<a.length;i++)s=a[i],e.source===s.contentWindow&&(s.removeAttribute(\"style\"),\"height\"===t.message?(1e3<(r=parseInt(t.value,10))?r=1e3:~~r<200&&(r=200),s.height=r):\"link\"===t.message&&(r=new URL(s.getAttribute(\"src\")),n=new URL(t.value),c.test(n.protocol))&&n.host===r.host&&l.activeElement===s&&(d.top.location.href=t.value))}},d.addEventListener(\"message\",d.wp.receiveEmbedMessage,!1),l.addEventListener(\"DOMContentLoaded\",function(){for(var e,t,s=l.querySelectorAll(\"iframe.wp-embedded-content\"),r=0;r<s.length;r++)(t=(e=s[r]).getAttribute(\"data-secret\"))||(t=Math.random().toString(36).substring(2,12),e.src+=\"#?secret=\"+t,e.setAttribute(\"data-secret\",t)),e.contentWindow.postMessage({message:\"ready\",secret:t},\"*\")},!1)))}(window,document);\n\/\/# sourceURL=https:\/\/denizcankizil.tr\/wp-includes\/js\/wp-embed.min.js\n<\/script>","description":"\u0130stanbul&#8217;da haz\u0131 hafriyat kamyonu s\u00fcr\u00fcc\u00fclerinin ger\u00e7ekle\u015ftirdi\u011fi ve \u015fehir i\u00e7i trafik ak\u0131\u015f\u0131n\u0131 olumsuz etkiledi\u011fi yol kapatma eylemine y\u00f6nelik \u0130stanbul B\u00fcy\u00fck\u015fehir Belediyesi&#8217;nden a\u00e7\u0131kllama geldi.\u0130STANBUL (\u0130GFA) &#8211; \u0130stanbul&#8217;da \u00e7al\u0131\u015fan hafriyat kamyon \u015fof\u00f6rlerinin Gebze&#8217;deki d\u00f6k\u00fcm sahas\u0131na giri\u015f izinlerinin kapat\u0131lmas\u0131 dolay\u0131s\u0131yla Kartal ve Maltepe D-100 Karayolu&#8217;na \u00e7\u0131karak durumu protesto etti. Seslerini duyurmak i\u00e7in eylem yapan kamyoncular, trafi\u011fi kilitledi.\u00a0 Konuyla ilgili \u0130stanbul B\u00fcy\u00fck\u015fehir Belediyesi, baz\u0131 hafriyat kamyonu s\u00fcr\u00fcc\u00fclerinin ger\u00e7ekle\u015ftirdi\u011fi yol kapatma eylemi ve \u015fehir i\u00e7i trafik ak\u0131\u015f\u0131n\u0131 olumsuz etkiledi\u011fini belirterek, vatanda\u015flar\u0131n ma\u011fduriyet ya\u015famamas\u0131 ad\u0131na emniyet g\u00fc\u00e7leriyle koordineli olarak s\u00fcrecin takip edilerek, trafik ak\u0131\u015f\u0131n\u0131n en k\u0131sa s\u00fcrede normale d\u00f6nmesi i\u00e7in gerekli \u00f6nlemlerin al\u0131nd\u0131\u011f\u0131n\u0131 duyurdu. B\u00fcy\u00fck\u015fehir Belediyesi&#8217;nden yap\u0131lan yaz\u0131l\u0131 a\u00e7\u0131klamada, \u015fehir planlamas\u0131, \u00e7evresel s\u00fcrd\u00fcr\u00fclebilirlik ve halk sa\u011fl\u0131\u011f\u0131na \u00f6ncelik veren bir anlay\u0131\u015fla \u00e7al\u0131\u015fmalar\u0131m\u0131za devam ettiklerini belirtildi. \u0130stanbul B\u00fcy\u00fck\u015fehir Belediyesi olarak, \u015fehir i\u00e7indeki hafriyat topra\u011f\u0131, in\u015faat ve y\u0131k\u0131nt\u0131 at\u0131klar\u0131n\u0131n d\u00fczenli ve \u00e7evreye duyarl\u0131 bir \u015fekilde bertaraf edilmesini sa\u011flamak amac\u0131yla ilgili y\u00f6netmelik ve mevzuatlar \u00e7er\u00e7evesinde gerekli d\u00fczenlemeler yap\u0131ld\u0131\u011f\u0131n\u0131n alt\u0131 \u00e7izilen a\u00e7\u0131klamada, &#8220;Bu kapsamda, 18 Mart 2004 tarih ve 25406 say\u0131l\u0131 Resm\u00ee Gazete\u2019de yay\u0131mlanan \u201cHafriyat Topra\u011f\u0131, \u0130n\u015faat ve Y\u0131k\u0131nt\u0131 At\u0131klar\u0131n\u0131n Kontrol\u00fc Y\u00f6netmeli\u011fi\u201d do\u011frultusunda, \u0130stanbul\u2019da hafriyat d\u00f6k\u00fcm alanlar\u0131n\u0131n etkin kullan\u0131m\u0131 ve denetimi konusunda d\u00fczenlemeler ger\u00e7ekle\u015ftirilmi\u015ftir. Hafriyat sekt\u00f6r\u00fcnde faaliyet g\u00f6steren t\u00fcm payda\u015flarla i\u015f birli\u011fi i\u00e7inde, \u015fehir i\u00e7i at\u0131k y\u00f6netimi s\u00fcre\u00e7lerinin en verimli \u015fekilde y\u00fcr\u00fct\u00fclmesi &hellip;"}