{"version":"1.0","provider_name":"Av. Deniz Can K\u0131z\u0131l","provider_url":"https:\/\/denizcankizil.tr\/en","author_name":"Antalya K\u00f6rfez","author_url":"https:\/\/denizcankizil.tr\/en\/author\/www-antalyakorfez-com\/","title":"\u0130stanbul'da 4.3 b\u00fcy\u00fckl\u00fc\u011f\u00fcnde bir deprem daha oldu!","type":"rich","width":600,"height":338,"html":"<blockquote class=\"wp-embedded-content\" data-secret=\"m2wtQDfNkI\"><a href=\"https:\/\/denizcankizil.tr\/en\/haberler\/gundem\/istanbulda-4-3-buyuklugunde-bir-deprem-daha-oldu\/\">\u0130stanbul&#8217;da 4.3 b\u00fcy\u00fckl\u00fc\u011f\u00fcnde bir deprem daha oldu!<\/a><\/blockquote><iframe sandbox=\"allow-scripts\" security=\"restricted\" src=\"https:\/\/denizcankizil.tr\/en\/haberler\/gundem\/istanbulda-4-3-buyuklugunde-bir-deprem-daha-oldu\/embed\/#?secret=m2wtQDfNkI\" width=\"600\" height=\"338\" title=\"&#8220;\u0130stanbul&#8217;da 4.3 b\u00fcy\u00fckl\u00fc\u011f\u00fcnde bir deprem daha oldu!&#8221; &#8212; Av. Deniz Can K\u0131z\u0131l\" data-secret=\"m2wtQDfNkI\" frameborder=\"0\" marginwidth=\"0\" marginheight=\"0\" scrolling=\"no\" class=\"wp-embedded-content\"><\/iframe><script>\n\/*! This file is auto-generated *\/\n!function(d,l){\"use strict\";l.querySelector&&d.addEventListener&&\"undefined\"!=typeof URL&&(d.wp=d.wp||{},d.wp.receiveEmbedMessage||(d.wp.receiveEmbedMessage=function(e){var t=e.data;if((t||t.secret||t.message||t.value)&&!\/[^a-zA-Z0-9]\/.test(t.secret)){for(var s,r,n,a=l.querySelectorAll('iframe[data-secret=\"'+t.secret+'\"]'),o=l.querySelectorAll('blockquote[data-secret=\"'+t.secret+'\"]'),c=new RegExp(\"^https?:$\",\"i\"),i=0;i<o.length;i++)o[i].style.display=\"none\";for(i=0;i<a.length;i++)s=a[i],e.source===s.contentWindow&&(s.removeAttribute(\"style\"),\"height\"===t.message?(1e3<(r=parseInt(t.value,10))?r=1e3:~~r<200&&(r=200),s.height=r):\"link\"===t.message&&(r=new URL(s.getAttribute(\"src\")),n=new URL(t.value),c.test(n.protocol))&&n.host===r.host&&l.activeElement===s&&(d.top.location.href=t.value))}},d.addEventListener(\"message\",d.wp.receiveEmbedMessage,!1),l.addEventListener(\"DOMContentLoaded\",function(){for(var e,t,s=l.querySelectorAll(\"iframe.wp-embedded-content\"),r=0;r<s.length;r++)(t=(e=s[r]).getAttribute(\"data-secret\"))||(t=Math.random().toString(36).substring(2,12),e.src+=\"#?secret=\"+t,e.setAttribute(\"data-secret\",t)),e.contentWindow.postMessage({message:\"ready\",secret:t},\"*\")},!1)))}(window,document);\n\/\/# sourceURL=https:\/\/denizcankizil.tr\/wp-includes\/js\/wp-embed.min.js\n<\/script>","description":"Bo\u011fazi\u00e7i \u00dcniversitesi Kandilli Rasathanesi, Marmara Denizi\u2019nde 4.3 b\u00fcy\u00fckl\u00fc\u011f\u00fcnde bir deprem daha meydana geldi\u011fini duyurdu. Depremin yerin 9.5 kilometre derinli\u011finde ger\u00e7ekle\u015fti\u011fi a\u00e7\u0131kland\u0131. MARMARA DENIZI 23.04.2025, 14:50:35 TS\u0130 B\u00fcy\u00fckl\u00fck: 4.3 Derinlik: 9.5 km 44 ART\u00c7I DEPREM YA\u015eANDI AFAD verilerine g\u00f6re, \u0130stanbul&#8217;da bug\u00fcn sabah saat 09.13 itibar\u0131yla art\u00e7\u0131 depremler ya\u015fanmaya ba\u015flad\u0131. Ya\u015fanan 44 depremin merkez \u00fcss\u00fc Silivri ve B\u00fcy\u00fck\u00e7ekmece olarak kay\u0131tlara ge\u00e7ti. Depremlerin b\u00fcy\u00fckl\u00fc\u011f\u00fc 6.2 ile 2.0 aras\u0131nda de\u011fi\u015fiyor. 6.2 b\u00fcy\u00fckl\u00fc\u011f\u00fcndeki Silivri merkezli deprem Ankara ba\u015fta olmak \u00fczere \u00e7ok say\u0131da kentte hissedildi. Ya\u015fanan depremlere ili\u015fkin veriler \u015f\u00f6yle: \u200bBo\u011fazi\u00e7i \u00dcniversitesi Kandilli Rasathanesi, \u0130stanbul&#8217;da bug\u00fcn ya\u015fanan 6.2 b\u00fcy\u00fckl\u00fc\u011f\u00fcndeki depremin ard\u0131ndan Marmara Denizi\u2019nde 4.3 b\u00fcy\u00fckl\u00fc\u011f\u00fcnde bir depremin daha meydana geldi\u011fini duyurdu.\u00a0 \u200bHaberin Al\u0131nt\u0131land\u0131\u011f\u0131 Kaynak: www.antalyakorfez.com"}