{"version":"1.0","provider_name":"Av. Deniz Can K\u0131z\u0131l","provider_url":"https:\/\/denizcankizil.tr\/en","author_name":"admin","author_url":"https:\/\/denizcankizil.tr\/en\/author\/admin\/","title":"\u0130skenderun'da 1 May\u0131s Co\u015fkusu","type":"rich","width":600,"height":338,"html":"<blockquote class=\"wp-embedded-content\" data-secret=\"HV8VqXjSb5\"><a href=\"https:\/\/denizcankizil.tr\/en\/haberler\/gundem\/iskenderunda-1-mayis-coskusu\/\">\u0130skenderun&#8217;da 1 May\u0131s Co\u015fkusu<\/a><\/blockquote><iframe sandbox=\"allow-scripts\" security=\"restricted\" src=\"https:\/\/denizcankizil.tr\/en\/haberler\/gundem\/iskenderunda-1-mayis-coskusu\/embed\/#?secret=HV8VqXjSb5\" width=\"600\" height=\"338\" title=\"&#8220;\u0130skenderun&#8217;da 1 May\u0131s Co\u015fkusu&#8221; &#8212; Av. Deniz Can K\u0131z\u0131l\" data-secret=\"HV8VqXjSb5\" frameborder=\"0\" marginwidth=\"0\" marginheight=\"0\" scrolling=\"no\" class=\"wp-embedded-content\"><\/iframe><script>\n\/*! This file is auto-generated *\/\n!function(d,l){\"use strict\";l.querySelector&&d.addEventListener&&\"undefined\"!=typeof URL&&(d.wp=d.wp||{},d.wp.receiveEmbedMessage||(d.wp.receiveEmbedMessage=function(e){var t=e.data;if((t||t.secret||t.message||t.value)&&!\/[^a-zA-Z0-9]\/.test(t.secret)){for(var s,r,n,a=l.querySelectorAll('iframe[data-secret=\"'+t.secret+'\"]'),o=l.querySelectorAll('blockquote[data-secret=\"'+t.secret+'\"]'),c=new RegExp(\"^https?:$\",\"i\"),i=0;i<o.length;i++)o[i].style.display=\"none\";for(i=0;i<a.length;i++)s=a[i],e.source===s.contentWindow&&(s.removeAttribute(\"style\"),\"height\"===t.message?(1e3<(r=parseInt(t.value,10))?r=1e3:~~r<200&&(r=200),s.height=r):\"link\"===t.message&&(r=new URL(s.getAttribute(\"src\")),n=new URL(t.value),c.test(n.protocol))&&n.host===r.host&&l.activeElement===s&&(d.top.location.href=t.value))}},d.addEventListener(\"message\",d.wp.receiveEmbedMessage,!1),l.addEventListener(\"DOMContentLoaded\",function(){for(var e,t,s=l.querySelectorAll(\"iframe.wp-embedded-content\"),r=0;r<s.length;r++)(t=(e=s[r]).getAttribute(\"data-secret\"))||(t=Math.random().toString(36).substring(2,12),e.src+=\"#?secret=\"+t,e.setAttribute(\"data-secret\",t)),e.contentWindow.postMessage({message:\"ready\",secret:t},\"*\")},!1)))}(window,document);\n\/\/# sourceURL=https:\/\/denizcankizil.tr\/wp-includes\/js\/wp-embed.min.js\n<\/script>","description":"\u0130skenderun Emek ve Demokrasi Platformu taraf\u0131ndan organize edilen etkinlikler i\u00e7in kat\u0131l\u0131mc\u0131lar toplanma yeri Merkez Bankas\u0131 \u00f6n\u00fcne \u00e7e\u015fitli noktalardan yola \u00e7\u0131kt\u0131. CHP\u2019liler de, il\u00e7e te\u015fkilat\u0131 \u00f6n\u00fcnde toplanarak aralar\u0131nda Milletvekili Nermin Y\u0131ld\u0131r\u0131m Kara, D\u00f6rtyol Belediye Ba\u015fkan\u0131 Bahad\u0131r Ama\u00e7, Arsuz Belediye Ba\u015fkan\u0131 Sami \u00dcst\u00fcn, \u0130l\u00e7e Ba\u015fkan\u0131 H\u00fcseyin Derin, \u00e7evre il\u00e7e ba\u015fkanlar\u0131, partililerden olu\u015fan grup kat\u0131larak destek verdi. Merkez Bankas\u0131na kadar y\u00fcr\u00fcyen CHP\u2019liler, di\u011fer gruplarla birle\u015fti. Ba\u015flang\u0131\u00e7 noktas\u0131 Merkez Bankas\u0131 \u00f6n\u00fcnden ba\u015flayan kortejin ba\u015f\u0131nda \u201cYa\u015fas\u0131n Bir May\u0131s\u2019 yaz\u0131l\u0131 pankart, ard\u0131ndan 316. Grevlerinde 316. g\u00fcn\u00fcne gelen Yolbulan i\u015f\u00e7ilerine destek pankart\u0131, gerisinde de kat\u0131l\u0131mc\u0131lar\u0131n flamalar\u0131 ve d\u00f6vizler yer ald\u0131. Kat\u0131l\u0131mc\u0131lar, buradan harekete ge\u00e7erek, Mete Aslan Bulvar\u0131na ve Gar Meydan\u0131&#8217;na kadar y\u00fcr\u00fcd\u00fc ve miting alan\u0131na ula\u015ft\u0131lar. Y\u00fcr\u00fcy\u00fc\u015f boyunca sloganlar at\u0131ld\u0131 ve &#8220;Ya\u015fas\u0131n 1 May\u0131s&#8221; pankartlar\u0131 ta\u015f\u0131nd\u0131. Mitingde bir konu\u015fma yapan \u0130skenderun 1 May\u0131s Tertip Komitesi Ba\u015fkan\u0131 Mustafa \u00dcnsal, kat\u0131l\u0131mc\u0131lar\u0131n 1May\u0131s birlik ve dayan\u0131\u015fma g\u00fcn\u00fcn\u00fc kutlayarak \u201cBug\u00fcn d\u00fcnyan\u0131n d\u00f6rt bir yan\u0131ndaki s\u0131n\u0131f karde\u015flerimizle beraber demokrasiye, adalete, \u00f6zg\u00fcrl\u00fc\u011fe, e\u015fitli\u011fi, bar\u0131\u015fa ve karde\u015fli\u011fe dair umutlar\u0131m\u0131z\u0131 ve taleplerini hayk\u0131rmak i\u00e7in bir araday\u0131z\u201d dedi. Bu y\u0131lki 1 May\u0131s kutlamalar\u0131, emek\u00e7ilerin haklar\u0131n\u0131 savunma ve dayan\u0131\u015fma mesajlar\u0131yla birlikte sadece bir bayram de\u011fil; ayn\u0131 zamanda deprem sonras\u0131 yeniden aya\u011fa kalkma ve dayan\u0131\u015fmay\u0131 b\u00fcy\u00fctme \u00e7a\u011fr\u0131s\u0131 olarak da yank\u0131 buldu. \u200b\u0130skenderun\u2019da d\u00fczenlenen 1 May\u0131s Emek ve Dayan\u0131\u015fma &hellip;"}