{"version":"1.0","provider_name":"Av. Deniz Can K\u0131z\u0131l","provider_url":"https:\/\/denizcankizil.tr\/en","author_name":"Antalya K\u00f6rfez","author_url":"https:\/\/denizcankizil.tr\/en\/author\/www-antalyakorfez-com\/","title":"Hara\u00e7 gibi giri\u015f \u00fccreti alan Mermerli Plaj\u0131 kapand\u0131!","type":"rich","width":600,"height":338,"html":"<blockquote class=\"wp-embedded-content\" data-secret=\"BGOXRxPVgI\"><a href=\"https:\/\/denizcankizil.tr\/en\/haberler\/gundem\/harac-gibi-giris-ucreti-alan-mermerli-plaji-kapandi\/\">Hara\u00e7 gibi giri\u015f \u00fccreti alan Mermerli Plaj\u0131 kapand\u0131!<\/a><\/blockquote><iframe sandbox=\"allow-scripts\" security=\"restricted\" src=\"https:\/\/denizcankizil.tr\/en\/haberler\/gundem\/harac-gibi-giris-ucreti-alan-mermerli-plaji-kapandi\/embed\/#?secret=BGOXRxPVgI\" width=\"600\" height=\"338\" title=\"&#8220;Hara\u00e7 gibi giri\u015f \u00fccreti alan Mermerli Plaj\u0131 kapand\u0131!&#8221; &#8212; Av. Deniz Can K\u0131z\u0131l\" data-secret=\"BGOXRxPVgI\" frameborder=\"0\" marginwidth=\"0\" marginheight=\"0\" scrolling=\"no\" class=\"wp-embedded-content\"><\/iframe><script>\n\/*! This file is auto-generated *\/\n!function(d,l){\"use strict\";l.querySelector&&d.addEventListener&&\"undefined\"!=typeof URL&&(d.wp=d.wp||{},d.wp.receiveEmbedMessage||(d.wp.receiveEmbedMessage=function(e){var t=e.data;if((t||t.secret||t.message||t.value)&&!\/[^a-zA-Z0-9]\/.test(t.secret)){for(var s,r,n,a=l.querySelectorAll('iframe[data-secret=\"'+t.secret+'\"]'),o=l.querySelectorAll('blockquote[data-secret=\"'+t.secret+'\"]'),c=new RegExp(\"^https?:$\",\"i\"),i=0;i<o.length;i++)o[i].style.display=\"none\";for(i=0;i<a.length;i++)s=a[i],e.source===s.contentWindow&&(s.removeAttribute(\"style\"),\"height\"===t.message?(1e3<(r=parseInt(t.value,10))?r=1e3:~~r<200&&(r=200),s.height=r):\"link\"===t.message&&(r=new URL(s.getAttribute(\"src\")),n=new URL(t.value),c.test(n.protocol))&&n.host===r.host&&l.activeElement===s&&(d.top.location.href=t.value))}},d.addEventListener(\"message\",d.wp.receiveEmbedMessage,!1),l.addEventListener(\"DOMContentLoaded\",function(){for(var e,t,s=l.querySelectorAll(\"iframe.wp-embedded-content\"),r=0;r<s.length;r++)(t=(e=s[r]).getAttribute(\"data-secret\"))||(t=Math.random().toString(36).substring(2,12),e.src+=\"#?secret=\"+t,e.setAttribute(\"data-secret\",t)),e.contentWindow.postMessage({message:\"ready\",secret:t},\"*\")},!1)))}(window,document);\n\/\/# sourceURL=https:\/\/denizcankizil.tr\/wp-includes\/js\/wp-embed.min.js\n<\/script>","description":"\u00c7evre, \u015eehircilik ve \u0130klim De\u011fi\u015fikli\u011fi Bakanl\u0131\u011f\u0131 taraf\u0131ndan Antalya Valili\u011fi\u2019ne devredilen Kalei\u00e7i Yat Liman\u0131\u2019ndaki Mermerli Plaj\u0131\u2019nda ge\u00e7ti\u011fimiz \u015eubat ay\u0131nda onar\u0131m ve restorasyon \u00e7al\u0131\u015fmas\u0131 ba\u015flat\u0131lm\u0131\u015ft\u0131. Bu geli\u015fmeyi kent halk\u0131na m\u00fcjde olarak duyuran Antalya Valisi Hulusi \u015eahin, 80 milyon liradan fazla para harcanan projenin tamamlanmas\u0131yla birlikte Valili\u011fin i\u015fletece\u011fi plaj\u0131n halka ve turistlere makul fiyatlarla kaliteli hizmet sunaca\u011f\u0131n\u0131 dile getirmi\u015fti. VAL\u0130L\u0130K \u015e\u0130RKET\u0130 B\u0130R OTELC\u0130YE K\u0130RALADI, 1000 TL G\u0130R\u0130\u015e \u00dcCRET\u0130 KONDU Ancak sit alan\u0131 olan tarihi b\u00f6lgede yer alan Mermerli Plaj\u0131\u2019n\u0131n, Antalya Valili\u011fi Yat\u0131r\u0131m \u0130zleme ve Koordinasyon Ba\u015fkanl\u0131\u011f\u0131 (Y\u0130KOB) b\u00fcnyesinde kurulan AYDA\u015e A\u015e taraf\u0131ndan 28 May\u0131s 2025 tarihinde yap\u0131lan s\u00f6zle\u015fmeyle sessiz sedas\u0131z \u00f6zel bir \u015firkete kiraya verilmesi kent kamuoyunda tepkiyle kar\u015f\u0131land\u0131. Bayram tatili i\u00e7in kente gelen ziyaret\u00e7iler ve kent halk\u0131 plajda serinlemek isteyince, giri\u015fte 1000 TL \u00fccret uygulamas\u0131yla kar\u015f\u0131la\u015f\u0131nca tepkiler daha da artt\u0131. \u0130ki ayr\u0131 \u015firket \u00fczerinden hizmet fi\u015fi kesildi\u011fi g\u00f6r\u00fclen plajda, yiyecek i\u00e7ecek hizmeti de verilirken, fiyatlar\u0131n y\u00fcksek tutulmas\u0131 dikkat \u00e7ekti. TEPK\u0130 GEL\u0130NCE VAL\u0130L\u0130K \u2018\u00dcCRET 500\u2019E D\u00dc\u015eECEK\u2019 A\u00c7IKLAMASI YAPTI Konuyu g\u00fcndeme getiren haberimizin ard\u0131ndan bir a\u00e7\u0131klama ileten Antalya Valili\u011fi, Mermerli Plaj\u0131n\u0131n Kalei\u00e7i\u2019nde hizmet veren Puding Otel\u2019e kiraland\u0131\u011f\u0131n\u0131, 1000 TL\u2019lik giri\u015f \u00fccretinin ise firmayla yap\u0131lan g\u00f6r\u00fc\u015fmenin ard\u0131ndan 500 TL\u2019ye d\u00fc\u015f\u00fcr\u00fclece\u011fini belirtti. Valili\u011fin a\u00e7\u0131klamas\u0131nda, plaj\u0131n kiralanmas\u0131yla ilgili s\u00f6zle\u015fmeyi imzalayan i\u015fletme sahibinin de Kerem \u00c7ankaya oldu\u011fu belirtildi. &hellip;"}