{"version":"1.0","provider_name":"Av. Deniz Can K\u0131z\u0131l","provider_url":"https:\/\/denizcankizil.tr\/en","author_name":"Av. Deniz Can K\u0131z\u0131l","author_url":"https:\/\/denizcankizil.tr\/en","title":"Gonce: \u201cKad\u0131na y\u00f6nelik \u015fiddetin k\u00f6k\u00fcn\u00fc kaz\u0131yaca\u011f\u0131z\u201d","type":"rich","width":600,"height":338,"html":"<blockquote class=\"wp-embedded-content\" data-secret=\"1JwdHiLRaC\"><a href=\"https:\/\/denizcankizil.tr\/en\/haberler\/gundem\/gonce-kadina-yonelik-siddetin-kokunu-kaziyacagiz\/\">Gonce: \u201cKad\u0131na y\u00f6nelik \u015fiddetin k\u00f6k\u00fcn\u00fc kaz\u0131yaca\u011f\u0131z\u201d<\/a><\/blockquote><iframe sandbox=\"allow-scripts\" security=\"restricted\" src=\"https:\/\/denizcankizil.tr\/en\/haberler\/gundem\/gonce-kadina-yonelik-siddetin-kokunu-kaziyacagiz\/embed\/#?secret=1JwdHiLRaC\" width=\"600\" height=\"338\" title=\"&#8220;Gonce: \u201cKad\u0131na y\u00f6nelik \u015fiddetin k\u00f6k\u00fcn\u00fc kaz\u0131yaca\u011f\u0131z\u201d&#8221; &#8212; Av. Deniz Can K\u0131z\u0131l\" data-secret=\"1JwdHiLRaC\" frameborder=\"0\" marginwidth=\"0\" marginheight=\"0\" scrolling=\"no\" class=\"wp-embedded-content\"><\/iframe><script>\n\/*! This file is auto-generated *\/\n!function(d,l){\"use strict\";l.querySelector&&d.addEventListener&&\"undefined\"!=typeof URL&&(d.wp=d.wp||{},d.wp.receiveEmbedMessage||(d.wp.receiveEmbedMessage=function(e){var t=e.data;if((t||t.secret||t.message||t.value)&&!\/[^a-zA-Z0-9]\/.test(t.secret)){for(var s,r,n,a=l.querySelectorAll('iframe[data-secret=\"'+t.secret+'\"]'),o=l.querySelectorAll('blockquote[data-secret=\"'+t.secret+'\"]'),c=new RegExp(\"^https?:$\",\"i\"),i=0;i<o.length;i++)o[i].style.display=\"none\";for(i=0;i<a.length;i++)s=a[i],e.source===s.contentWindow&&(s.removeAttribute(\"style\"),\"height\"===t.message?(1e3<(r=parseInt(t.value,10))?r=1e3:~~r<200&&(r=200),s.height=r):\"link\"===t.message&&(r=new URL(s.getAttribute(\"src\")),n=new URL(t.value),c.test(n.protocol))&&n.host===r.host&&l.activeElement===s&&(d.top.location.href=t.value))}},d.addEventListener(\"message\",d.wp.receiveEmbedMessage,!1),l.addEventListener(\"DOMContentLoaded\",function(){for(var e,t,s=l.querySelectorAll(\"iframe.wp-embedded-content\"),r=0;r<s.length;r++)(t=(e=s[r]).getAttribute(\"data-secret\"))||(t=Math.random().toString(36).substring(2,12),e.src+=\"#?secret=\"+t,e.setAttribute(\"data-secret\",t)),e.contentWindow.postMessage({message:\"ready\",secret:t},\"*\")},!1)))}(window,document);\n\/\/# sourceURL=https:\/\/denizcankizil.tr\/wp-includes\/js\/wp-embed.min.js\n<\/script>","description":"Saray Belediye Meclisi Ekim ay\u0131 ola\u011fan meclis toplant\u0131s\u0131 2. Oturumu, 11 Ekim Cuma g\u00fcn\u00fc saat 14.00\u2019da Saray Atat\u00fcrk K\u00fclt\u00fcr Merkezi Ali G\u00fcrsu Ergene Toplant\u0131 Salonu\u2019nda ger\u00e7ekle\u015ftirildi. Toplant\u0131n\u0131n a\u00e7\u0131l\u0131\u015f konu\u015fmas\u0131n\u0131 yapan Saray Belediye Ba\u015fkan\u0131 Abd\u00fcl Ta\u015fyasan \u015funlar\u0131 ifade etti: \u200bSaray Belediye Meclisi Ekim ay\u0131 ola\u011fan meclis toplant\u0131s\u0131 2. Oturumu, 11 Ekim Cuma g\u00fcn\u00fc saat 14.00\u2019da Saray Atat\u00fcrk K\u00fclt\u00fcr Merkezi Ali G\u00fcrsu Ergene Toplant\u0131 Salonu\u2019nda ger\u00e7ekle\u015ftirildi. Toplant\u0131n\u0131n a\u00e7\u0131l\u0131\u015f konu\u015fmas\u0131n\u0131 yapan Saray Belediye Ba\u015fkan\u0131 Abd\u00fcl Ta\u015fyasan \u015funlar\u0131 ifade etti:\u00a0 \u200biskenderun"}