{"version":"1.0","provider_name":"Av. Deniz Can K\u0131z\u0131l","provider_url":"https:\/\/denizcankizil.tr\/en","author_name":"Antalya K\u00f6rfez","author_url":"https:\/\/denizcankizil.tr\/en\/author\/www-antalyakorfez-com\/","title":"\u201cEvlad\u0131m bayramd\u0131, bayram\u0131m\u0131z onsuz eksik\u201d","type":"rich","width":600,"height":338,"html":"<blockquote class=\"wp-embedded-content\" data-secret=\"mc15gYtJcH\"><a href=\"https:\/\/denizcankizil.tr\/en\/haberler\/gundem\/evladim-bayramdi-bayramimiz-onsuz-eksik\/\">\u201cEvlad\u0131m bayramd\u0131, bayram\u0131m\u0131z onsuz eksik\u201d<\/a><\/blockquote><iframe sandbox=\"allow-scripts\" security=\"restricted\" src=\"https:\/\/denizcankizil.tr\/en\/haberler\/gundem\/evladim-bayramdi-bayramimiz-onsuz-eksik\/embed\/#?secret=mc15gYtJcH\" width=\"600\" height=\"338\" title=\"&#8220;\u201cEvlad\u0131m bayramd\u0131, bayram\u0131m\u0131z onsuz eksik\u201d&#8221; &#8212; Av. Deniz Can K\u0131z\u0131l\" data-secret=\"mc15gYtJcH\" frameborder=\"0\" marginwidth=\"0\" marginheight=\"0\" scrolling=\"no\" class=\"wp-embedded-content\"><\/iframe><script>\n\/*! This file is auto-generated *\/\n!function(d,l){\"use strict\";l.querySelector&&d.addEventListener&&\"undefined\"!=typeof URL&&(d.wp=d.wp||{},d.wp.receiveEmbedMessage||(d.wp.receiveEmbedMessage=function(e){var t=e.data;if((t||t.secret||t.message||t.value)&&!\/[^a-zA-Z0-9]\/.test(t.secret)){for(var s,r,n,a=l.querySelectorAll('iframe[data-secret=\"'+t.secret+'\"]'),o=l.querySelectorAll('blockquote[data-secret=\"'+t.secret+'\"]'),c=new RegExp(\"^https?:$\",\"i\"),i=0;i<o.length;i++)o[i].style.display=\"none\";for(i=0;i<a.length;i++)s=a[i],e.source===s.contentWindow&&(s.removeAttribute(\"style\"),\"height\"===t.message?(1e3<(r=parseInt(t.value,10))?r=1e3:~~r<200&&(r=200),s.height=r):\"link\"===t.message&&(r=new URL(s.getAttribute(\"src\")),n=new URL(t.value),c.test(n.protocol))&&n.host===r.host&&l.activeElement===s&&(d.top.location.href=t.value))}},d.addEventListener(\"message\",d.wp.receiveEmbedMessage,!1),l.addEventListener(\"DOMContentLoaded\",function(){for(var e,t,s=l.querySelectorAll(\"iframe.wp-embedded-content\"),r=0;r<s.length;r++)(t=(e=s[r]).getAttribute(\"data-secret\"))||(t=Math.random().toString(36).substring(2,12),e.src+=\"#?secret=\"+t,e.setAttribute(\"data-secret\",t)),e.contentWindow.postMessage({message:\"ready\",secret:t},\"*\")},!1)))}(window,document);\n\/\/# sourceURL=https:\/\/denizcankizil.tr\/wp-includes\/js\/wp-embed.min.js\n<\/script>","description":"Her y\u0131l oldu\u011fu gibi bu sene de Ramazan Bayram\u0131 nedeniyle bir \u00e7ok ki\u015fi, mezarl\u0131k ve \u015fehitliklere giderek yak\u0131nlar\u0131n\u0131n kabirlerini ziyaret etti. Y\u00fcre\u011fir il\u00e7esindeki Asri Mezarl\u0131\u011f\u0131&#8217;na sabah saatlerinde gelenler, yak\u0131nlar\u0131n\u0131n mezar\u0131nda dua okuyup, kabirlerine \u00e7i\u00e7ek b\u0131rakt\u0131. \u015eehit aileleri de mezarl\u0131ktaki \u015fehitli\u011fe gelerek kaybetti\u011fi \u00e7ocuklar\u0131n\u0131 dualarla and\u0131. \u015eehit mezarlar\u0131nda dualar okuyan aileler, g\u00f6zya\u015flar\u0131na hakim olamad\u0131. Bu s\u0131rada baz\u0131 \u015fehit mezarlar\u0131na \u015feker b\u0131rak\u0131ld\u0131\u011f\u0131 da g\u00f6r\u00fcld\u00fc. \u00a0&#8220;GURURU DA ACISI DA \u00c7OK B\u00dcY\u00dcK&#8221; Diyarbak\u0131r&#8217;da, b\u00f6l\u00fcc\u00fc ter\u00f6r \u00f6rg\u00fct\u00fc taraf\u0131ndan 1997 y\u0131l\u0131nda 32 ya\u015f\u0131ndayken \u015fehit edilen uzman \u00e7avu\u015f Zeki Da\u011f&#8217;\u0131n annesi Fatma Da\u011f, evlad\u0131n\u0131n \u015fehit olmas\u0131ndan dolay\u0131 gururlu oldu\u011funu anlatt\u0131. Anne Da\u011f, &#8220;Evlad\u0131m \u015fehit olal\u0131 27 sene oldu ama ac\u0131s\u0131 hi\u00e7 dinmedi. Her Cuma g\u00fcn\u00fc her bayram g\u00fcn\u00fc buraday\u0131m. Vatan sa\u011f olsun. Evlad\u0131m devletine, milletine ba\u011fl\u0131 bir \u00e7ocuktu. Bu hayatta insan al\u0131\u015f\u0131yor. Evlad\u0131m\u0131n \u015fehitli\u011fiyle i\u00e7li d\u0131\u015fl\u0131 olduk, her sabah onun foto\u011fraf\u0131na \u2018G\u00fcnayd\u0131n&#8217; diyorum. Gururu da ac\u0131s\u0131 da \u00e7ok b\u00fcy\u00fck&#8221; ifadelerini kulland\u0131. \u00a0&#8220;\u015eEH\u0130T OLMAYI ARZU ED\u0130YORDU&#8221; Evlad\u0131n\u0131n \u015fehit olmay\u0131 hep istedi\u011fini anlatan Da\u011f, &#8220;Evlad\u0131m her zaman \u015fehit olmay\u0131 istiyordu. \u2018\u015eehit olmak en b\u00fcy\u00fck mertebe&#8217; diyordu. \u2018Ac\u0131na nas\u0131l dayan\u0131r\u0131m&#8217; diyordum o da bana hep \u2018Karde\u015flerim var. Bir \u015fey olmaz&#8217; diyordu&#8221; dedi. \u00a0&#8220;ONSUZ BAYRAMI NE YAPAYIM&#8221; O\u011flu Astsubay \u00dcst\u00e7avu\u015f Bayram Erba\u015f&#8217;\u0131 29 y\u0131l \u00f6nce 21 ya\u015f\u0131nda \u015fehit veren anne Tenzile &hellip;"}