{"version":"1.0","provider_name":"Av. Deniz Can K\u0131z\u0131l","provider_url":"https:\/\/denizcankizil.tr\/en","author_name":"Av. Deniz Can K\u0131z\u0131l","author_url":"https:\/\/denizcankizil.tr\/en","title":"Erzin'de seyir halindeki Otomobil takla Att\u0131...","type":"rich","width":600,"height":338,"html":"<blockquote class=\"wp-embedded-content\" data-secret=\"jerWxrIcCp\"><a href=\"https:\/\/denizcankizil.tr\/en\/haberler\/gundem\/erzinde-seyir-halindeki-otomobil-takla-atti\/\">A Car While Driving in Erzin Overturned\u2026<\/a><\/blockquote><iframe sandbox=\"allow-scripts\" security=\"restricted\" src=\"https:\/\/denizcankizil.tr\/en\/haberler\/gundem\/erzinde-seyir-halindeki-otomobil-takla-atti\/embed\/#?secret=jerWxrIcCp\" width=\"600\" height=\"338\" title=\"&#8220;Erzin&#8217;de seyir halindeki Otomobil takla Att\u0131&#8230;&#8221; &#8212; Av. Deniz Can K\u0131z\u0131l\" data-secret=\"jerWxrIcCp\" frameborder=\"0\" marginwidth=\"0\" marginheight=\"0\" scrolling=\"no\" class=\"wp-embedded-content\"><\/iframe><script>\n\/*! This file is auto-generated *\/\n!function(d,l){\"use strict\";l.querySelector&&d.addEventListener&&\"undefined\"!=typeof URL&&(d.wp=d.wp||{},d.wp.receiveEmbedMessage||(d.wp.receiveEmbedMessage=function(e){var t=e.data;if((t||t.secret||t.message||t.value)&&!\/[^a-zA-Z0-9]\/.test(t.secret)){for(var s,r,n,a=l.querySelectorAll('iframe[data-secret=\"'+t.secret+'\"]'),o=l.querySelectorAll('blockquote[data-secret=\"'+t.secret+'\"]'),c=new RegExp(\"^https?:$\",\"i\"),i=0;i<o.length;i++)o[i].style.display=\"none\";for(i=0;i<a.length;i++)s=a[i],e.source===s.contentWindow&&(s.removeAttribute(\"style\"),\"height\"===t.message?(1e3<(r=parseInt(t.value,10))?r=1e3:~~r<200&&(r=200),s.height=r):\"link\"===t.message&&(r=new URL(s.getAttribute(\"src\")),n=new URL(t.value),c.test(n.protocol))&&n.host===r.host&&l.activeElement===s&&(d.top.location.href=t.value))}},d.addEventListener(\"message\",d.wp.receiveEmbedMessage,!1),l.addEventListener(\"DOMContentLoaded\",function(){for(var e,t,s=l.querySelectorAll(\"iframe.wp-embedded-content\"),r=0;r<s.length;r++)(t=(e=s[r]).getAttribute(\"data-secret\"))||(t=Math.random().toString(36).substring(2,12),e.src+=\"#?secret=\"+t,e.setAttribute(\"data-secret\",t)),e.contentWindow.postMessage({message:\"ready\",secret:t},\"*\")},!1)))}(window,document);\n\/\/# sourceURL=https:\/\/denizcankizil.tr\/wp-includes\/js\/wp-embed.min.js\n<\/script>","description":"Adil Co\u015fkuner\/Erzin Edinilen bilgilere g\u00f6re kaza TEM Otoyolu kav\u015fa\u011f\u0131, H\u00fcrriyet Mahallesi Hanifi Soylu Bulvar\u0131&#8217;nda ya\u015fand\u0131. S\u00fcr\u00fcc\u00fcn\u00fcn direksiyon hakimiyetini kaybetmesi sonucu otomobil kontrolden \u00e7\u0131karak ref\u00fcje \u00e7arparak takla att\u0131. Meydana gelen trafik kazas\u0131nda, ara\u00e7 i\u00e7erisinde s\u0131k\u0131\u015fan bir yaral\u0131 vatanda\u015f, haber verilmesi \u00fczerine b\u00f6lgeye sevk edilen Erzin \u0130tfaiye \u0130stasyonu ekiplerinin \u00f6zverili \u00e7al\u0131\u015fmas\u0131yla kurtar\u0131ld\u0131. Olay yerindeki ilk m\u00fcdahalenin ard\u0131ndan sa\u011fl\u0131k ekipleri taraf\u0131ndan yaral\u0131, tedavi alt\u0131na al\u0131nmak \u00fczere, ambulansla Erzin Devlet hastanesine sevk edildi. \u200bHatay\u2019\u0131n Erzin \u0130l\u00e7esinde gece saatlerinde meydana gelen tek tarafl\u0131 trafik kazas\u0131nda otomobil kontrolden \u00e7\u0131kt\u0131 ve ref\u00fcje \u00e7arparak takla att\u0131.\u00a0 \u200bHaberin Al\u0131nt\u0131land\u0131\u011f\u0131 Kaynak: www.iskenderun.org"}