{"version":"1.0","provider_name":"Av. Deniz Can K\u0131z\u0131l","provider_url":"https:\/\/denizcankizil.tr\/en","author_name":"admin","author_url":"https:\/\/denizcankizil.tr\/en\/author\/admin\/","title":"Erzin'de \u00c7anakkale Zaferi\u2019ni Kutlama ve anma\u2026","type":"rich","width":600,"height":338,"html":"<blockquote class=\"wp-embedded-content\" data-secret=\"qvdy9DadjL\"><a href=\"https:\/\/denizcankizil.tr\/en\/haberler\/gundem\/erzinde-canakkale-zaferini-kutlama-ve-anma\/\">Erzin&#8217;de \u00c7anakkale Zaferi\u2019ni Kutlama ve anma\u2026<\/a><\/blockquote><iframe sandbox=\"allow-scripts\" security=\"restricted\" src=\"https:\/\/denizcankizil.tr\/en\/haberler\/gundem\/erzinde-canakkale-zaferini-kutlama-ve-anma\/embed\/#?secret=qvdy9DadjL\" width=\"600\" height=\"338\" title=\"&#8220;Erzin&#8217;de \u00c7anakkale Zaferi\u2019ni Kutlama ve anma\u2026&#8221; &#8212; Av. Deniz Can K\u0131z\u0131l\" data-secret=\"qvdy9DadjL\" frameborder=\"0\" marginwidth=\"0\" marginheight=\"0\" scrolling=\"no\" class=\"wp-embedded-content\"><\/iframe><script>\n\/*! This file is auto-generated *\/\n!function(d,l){\"use strict\";l.querySelector&&d.addEventListener&&\"undefined\"!=typeof URL&&(d.wp=d.wp||{},d.wp.receiveEmbedMessage||(d.wp.receiveEmbedMessage=function(e){var t=e.data;if((t||t.secret||t.message||t.value)&&!\/[^a-zA-Z0-9]\/.test(t.secret)){for(var s,r,n,a=l.querySelectorAll('iframe[data-secret=\"'+t.secret+'\"]'),o=l.querySelectorAll('blockquote[data-secret=\"'+t.secret+'\"]'),c=new RegExp(\"^https?:$\",\"i\"),i=0;i<o.length;i++)o[i].style.display=\"none\";for(i=0;i<a.length;i++)s=a[i],e.source===s.contentWindow&&(s.removeAttribute(\"style\"),\"height\"===t.message?(1e3<(r=parseInt(t.value,10))?r=1e3:~~r<200&&(r=200),s.height=r):\"link\"===t.message&&(r=new URL(s.getAttribute(\"src\")),n=new URL(t.value),c.test(n.protocol))&&n.host===r.host&&l.activeElement===s&&(d.top.location.href=t.value))}},d.addEventListener(\"message\",d.wp.receiveEmbedMessage,!1),l.addEventListener(\"DOMContentLoaded\",function(){for(var e,t,s=l.querySelectorAll(\"iframe.wp-embedded-content\"),r=0;r<s.length;r++)(t=(e=s[r]).getAttribute(\"data-secret\"))||(t=Math.random().toString(36).substring(2,12),e.src+=\"#?secret=\"+t,e.setAttribute(\"data-secret\",t)),e.contentWindow.postMessage({message:\"ready\",secret:t},\"*\")},!1)))}(window,document);\n\/\/# sourceURL=https:\/\/denizcankizil.tr\/wp-includes\/js\/wp-embed.min.js\n<\/script>","description":"Adil Co\u015fkuner\/Erzin \u00c7anakkale Zaferi\u2019nin y\u0131ld\u00f6n\u00fcm\u00fc program\u0131, il\u00e7ede Cumhuriyet Meydan\u0131\u2019nda ger\u00e7ekle\u015ftirilen \u00e7elenk sunma t\u00f6reniyle ba\u015flad\u0131. T\u00f6rene, Erzin Kaymakam\u0131 Onur \u00d6zayd\u0131n, Belediye Ba\u015fkan\u0131 \u00d6kke\u015f Elmaso\u011flu, Ba\u015fsavc\u0131 Leyla T\u00fcrkay, \u0130l\u00e7e Jandarma Komutan\u0131 \u00dcste\u011fmen Harun Baykal, \u0130l\u00e7e Emniyet M\u00fcd\u00fcr\u00fc \u0130sa Alt\u0131nda\u015f, protokol \u00fcyeleri, sivil toplum kurulu\u015fu temsilcileri, askeri ve sivil erkan STK ve Siyasi parti temsilcileri ile \u00f6\u011frenciler kat\u0131ld\u0131. T\u00f6rende, Atat\u00fcrk&#8217;\u00fcn manevi huzuruna sayg\u0131 \u00e7elenkleri, Kaymakaml\u0131k, Garnizon Komutanl\u0131\u011f\u0131, Belediye Ba\u015fkanl\u0131\u011f\u0131 ve \u015eehit ve Gazi Aileleri Dernekleri taraf\u0131ndan sunuldu. Sayg\u0131 duru\u015fu ve \u0130stiklal Mar\u015f\u0131\u2019n\u0131n okunmas\u0131n\u0131n ard\u0131ndan \u00e7elenk sunma t\u00f6reni sona erdi. \u00c7anakkale Zaferi\u2019nin 110. Y\u0131ld\u00f6n\u00fcm\u00fc Program\u0131, daha sonra \u00d6mer Halis \u00d6zdemir K\u00fclt\u00fcr Merkezi&#8217;nde devam etti. Burada, \u00f6\u011frencilerin haz\u0131rlad\u0131\u011f\u0131 \u201c\u00c7anakkale Ge\u00e7ilmez\u201d sunumu ve \u201c\u00c7anakkale\u201d \u015fark\u0131lar\u0131 b\u00fcy\u00fck be\u011feni toplad\u0131. Etkinlik, kat\u0131l\u0131mc\u0131lara \u00c7anakkale ruhunu bir kez daha hat\u0131rlatt\u0131. Ayr\u0131ca \u00e7e\u015fitli yar\u0131\u015fmalarda dereceye giren \u00f6\u011frencilere madalyalar\u0131 kaymakam Onur \u00d6zayd\u0131n, Belediye Ba\u015fkan\u0131 \u00d6kke\u015f Elmasoglu, \u0130l\u00e7e Jandarma Komutan\u0131 \u00fcste\u011fmen Harun Baykal, Emniyet M\u00fcd\u00fcr\u00fc \u0130sa Alt\u0131nda\u015f taraf\u0131ndan takdim edildi. \u200bHatay\u2019\u0131n Erzin il\u00e7esinde de, T\u00fcrk ve d\u00fcnya tarihine alt\u0131n harflerle kaz\u0131nan \u00c7anakkale Zaferi&#8217;nin 110. y\u0131ld\u00f6n\u00fcm\u00fc d\u00fczenlenen t\u00f6renlerle kutland\u0131. Ebediyete intikal eden \u015fehitler ve gaziler de, yap\u0131lan etkinliklerle an\u0131ld\u0131.\u00a0 \u200bHaberin Al\u0131nt\u0131land\u0131\u011f\u0131 Kaynak: www.iskenderun.org"}