{"version":"1.0","provider_name":"Av. Deniz Can K\u0131z\u0131l","provider_url":"https:\/\/denizcankizil.tr\/en","author_name":"admin","author_url":"https:\/\/denizcankizil.tr\/en\/author\/admin\/","title":"Engelliler Haftas\u0131\u2019nda g\u00f6n\u00fcllerince e\u011flendiler","type":"rich","width":600,"height":338,"html":"<blockquote class=\"wp-embedded-content\" data-secret=\"RpOoFi1ubx\"><a href=\"https:\/\/denizcankizil.tr\/en\/haberler\/gundem\/engelliler-haftasinda-gonullerince-eglendiler\/\">Engelliler Haftas\u0131\u2019nda g\u00f6n\u00fcllerince e\u011flendiler<\/a><\/blockquote><iframe sandbox=\"allow-scripts\" security=\"restricted\" src=\"https:\/\/denizcankizil.tr\/en\/haberler\/gundem\/engelliler-haftasinda-gonullerince-eglendiler\/embed\/#?secret=RpOoFi1ubx\" width=\"600\" height=\"338\" title=\"&#8220;Engelliler Haftas\u0131\u2019nda g\u00f6n\u00fcllerince e\u011flendiler&#8221; &#8212; Av. Deniz Can K\u0131z\u0131l\" data-secret=\"RpOoFi1ubx\" frameborder=\"0\" marginwidth=\"0\" marginheight=\"0\" scrolling=\"no\" class=\"wp-embedded-content\"><\/iframe><script>\n\/*! This file is auto-generated *\/\n!function(d,l){\"use strict\";l.querySelector&&d.addEventListener&&\"undefined\"!=typeof URL&&(d.wp=d.wp||{},d.wp.receiveEmbedMessage||(d.wp.receiveEmbedMessage=function(e){var t=e.data;if((t||t.secret||t.message||t.value)&&!\/[^a-zA-Z0-9]\/.test(t.secret)){for(var s,r,n,a=l.querySelectorAll('iframe[data-secret=\"'+t.secret+'\"]'),o=l.querySelectorAll('blockquote[data-secret=\"'+t.secret+'\"]'),c=new RegExp(\"^https?:$\",\"i\"),i=0;i<o.length;i++)o[i].style.display=\"none\";for(i=0;i<a.length;i++)s=a[i],e.source===s.contentWindow&&(s.removeAttribute(\"style\"),\"height\"===t.message?(1e3<(r=parseInt(t.value,10))?r=1e3:~~r<200&&(r=200),s.height=r):\"link\"===t.message&&(r=new URL(s.getAttribute(\"src\")),n=new URL(t.value),c.test(n.protocol))&&n.host===r.host&&l.activeElement===s&&(d.top.location.href=t.value))}},d.addEventListener(\"message\",d.wp.receiveEmbedMessage,!1),l.addEventListener(\"DOMContentLoaded\",function(){for(var e,t,s=l.querySelectorAll(\"iframe.wp-embedded-content\"),r=0;r<s.length;r++)(t=(e=s[r]).getAttribute(\"data-secret\"))||(t=Math.random().toString(36).substring(2,12),e.src+=\"#?secret=\"+t,e.setAttribute(\"data-secret\",t)),e.contentWindow.postMessage({message:\"ready\",secret:t},\"*\")},!1)))}(window,document);\n\/\/# sourceURL=https:\/\/denizcankizil.tr\/wp-includes\/js\/wp-embed.min.js\n<\/script>","description":"Bal\u0131kesir&#8217;de Ayval\u0131k Belediyesi, 10-16 May\u0131s Engelliler Haftas\u0131 kapsam\u0131nda Cunda (Alibey) Adas\u0131 Atat\u00fcrk Korulu\u011fu\u2019nda \u00f6zel bir etkinli\u011fe ev sahipli\u011fi yapt\u0131.BALIKES\u0130R (\u0130GFA) &#8211; Bal\u0131kesir&#8217;de Ayval\u0131k Belediyesi Sosyal Yard\u0131m \u0130\u015fleri M\u00fcd\u00fcrl\u00fc\u011f\u00fc\u2019n\u00fcn organize etti\u011fi programda \u00f6zel bireyler ve aileleri g\u00f6n\u00fcllerince e\u011flendi. Etkinli\u011fe, Ayval\u0131k Belediyesi \u00d6zel \u00c7ocuklar E\u011fitim Evi, Birlik Ortopedik Engelliler Derne\u011fi, \u00d6zel Ayval\u0131k \u00d6zel E\u011fitim ve Rehabilitasyon Merkezi ile \u00d6zel Zeytin \u00d6zel E\u011fitim ve Rehabilitasyon Merkezi\u2019nden \u00e7ok say\u0131da engelli birey ve aileleri kat\u0131l\u0131m g\u00f6sterdi. \u00d6zel \u00f6\u011frencilerin sahneledi\u011fi g\u00f6steriler, kat\u0131l\u0131mc\u0131lardan b\u00fcy\u00fck be\u011feni toplarken; renkli ve co\u015fkulu anlar ya\u015fand\u0131. G\u00fcn boyunca s\u00fcren etkinliklerde sahne alan \u00f6zel bireyler, alk\u0131\u015flarla desteklendi ve unutulmaz bir g\u00fcn ge\u00e7irdi. Ayval\u0131k Belediye Ba\u015fkan\u0131 Mesut Ergin, \u201cEn \u00f6nemli g\u00f6revimiz, \u00f6zel hem\u015fehrilerimizin g\u00fcnl\u00fck hayata dahil olmalar\u0131n\u0131 sa\u011flamak ve hayatlar\u0131n\u0131 kolayla\u015ft\u0131rmakt\u0131r. Y\u0131l boyunca d\u00fczenledi\u011fimiz k\u00fclt\u00fcr, sanat ve spor etkinlikleriyle bu hedefi ger\u00e7ekle\u015ftirmeye \u00e7al\u0131\u015f\u0131yoruz. Onlar\u0131n y\u00fcz\u00fcn\u00fc g\u00fcld\u00fcrmek i\u00e7in ne yapsak az. Biz onlar\u0131n bir g\u00fcn de\u011fil, her g\u00fcn yan\u0131nday\u0131z\u201d diye konu\u015ftu. Engelliler Haftas\u0131 kapsam\u0131nda d\u00fczenlenen bu \u00f6zel bulu\u015fma, toplumsal fark\u0131ndal\u0131k yaratman\u0131n yan\u0131 s\u0131ra, \u00f6zel bireylerin sosyal ya\u015fama daha aktif kat\u0131l\u0131m\u0131n\u0131 desteklemeyi ama\u00e7lad\u0131. \u200bBal\u0131kesir&#8217;de Ayval\u0131k Belediyesi, 10-16 May\u0131s Engelliler Haftas\u0131 kapsam\u0131nda Cunda (Alibey) Adas\u0131 Atat\u00fcrk Korulu\u011fu\u2019nda \u00f6zel bir etkinli\u011fe ev sahipli\u011fi yapt\u0131.BALIKES\u0130R (\u0130GFA) &#8211; Bal\u0131kesir&#8217;de Ayval\u0131k Belediyesi Sosyal Yard\u0131m \u0130\u015fleri M\u00fcd\u00fcrl\u00fc\u011f\u00fc\u2019n\u00fcn organize etti\u011fi programda \u00f6zel bireyler &hellip;"}