{"version":"1.0","provider_name":"Av. Deniz Can K\u0131z\u0131l","provider_url":"https:\/\/denizcankizil.tr\/en","author_name":"Av. Deniz Can K\u0131z\u0131l","author_url":"https:\/\/denizcankizil.tr\/en","title":"Emlak\u00e7\u0131lar Odas\u0131 Ba\u015fkan\u0131 \u00c7a\u011flar\u2019dan dikkat \u00e7eken mesaj!","type":"rich","width":600,"height":338,"html":"<blockquote class=\"wp-embedded-content\" data-secret=\"7UhOCYJLft\"><a href=\"https:\/\/denizcankizil.tr\/en\/haberler\/gundem\/emlakcilar-odasi-baskani-caglardan-dikkat-ceken-mesaj\/\">Emlak\u00e7\u0131lar Odas\u0131 Ba\u015fkan\u0131 \u00c7a\u011flar\u2019dan dikkat \u00e7eken mesaj!<\/a><\/blockquote><iframe sandbox=\"allow-scripts\" security=\"restricted\" src=\"https:\/\/denizcankizil.tr\/en\/haberler\/gundem\/emlakcilar-odasi-baskani-caglardan-dikkat-ceken-mesaj\/embed\/#?secret=7UhOCYJLft\" width=\"600\" height=\"338\" title=\"&#8220;Emlak\u00e7\u0131lar Odas\u0131 Ba\u015fkan\u0131 \u00c7a\u011flar\u2019dan dikkat \u00e7eken mesaj!&#8221; &#8212; Av. Deniz Can K\u0131z\u0131l\" data-secret=\"7UhOCYJLft\" frameborder=\"0\" marginwidth=\"0\" marginheight=\"0\" scrolling=\"no\" class=\"wp-embedded-content\"><\/iframe><script>\n\/*! This file is auto-generated *\/\n!function(d,l){\"use strict\";l.querySelector&&d.addEventListener&&\"undefined\"!=typeof URL&&(d.wp=d.wp||{},d.wp.receiveEmbedMessage||(d.wp.receiveEmbedMessage=function(e){var t=e.data;if((t||t.secret||t.message||t.value)&&!\/[^a-zA-Z0-9]\/.test(t.secret)){for(var s,r,n,a=l.querySelectorAll('iframe[data-secret=\"'+t.secret+'\"]'),o=l.querySelectorAll('blockquote[data-secret=\"'+t.secret+'\"]'),c=new RegExp(\"^https?:$\",\"i\"),i=0;i<o.length;i++)o[i].style.display=\"none\";for(i=0;i<a.length;i++)s=a[i],e.source===s.contentWindow&&(s.removeAttribute(\"style\"),\"height\"===t.message?(1e3<(r=parseInt(t.value,10))?r=1e3:~~r<200&&(r=200),s.height=r):\"link\"===t.message&&(r=new URL(s.getAttribute(\"src\")),n=new URL(t.value),c.test(n.protocol))&&n.host===r.host&&l.activeElement===s&&(d.top.location.href=t.value))}},d.addEventListener(\"message\",d.wp.receiveEmbedMessage,!1),l.addEventListener(\"DOMContentLoaded\",function(){for(var e,t,s=l.querySelectorAll(\"iframe.wp-embedded-content\"),r=0;r<s.length;r++)(t=(e=s[r]).getAttribute(\"data-secret\"))||(t=Math.random().toString(36).substring(2,12),e.src+=\"#?secret=\"+t,e.setAttribute(\"data-secret\",t)),e.contentWindow.postMessage({message:\"ready\",secret:t},\"*\")},!1)))}(window,document);\n\/\/# sourceURL=https:\/\/denizcankizil.tr\/wp-includes\/js\/wp-embed.min.js\n<\/script>","description":"Antalya Emlak\u00e7\u0131lar ve \u0130\u015f Takip\u00e7ileri Oto Galerisi Esnaf Odas\u0131\u2019na kay\u0131tl\u0131 emlak dan\u0131\u015fmanlar\u0131, ge\u00e7ti\u011fimiz g\u00fcnlerde bir araya geldi. Antalya Emlak\u00e7\u0131lar, Oto Galericileri ve \u0130\u015f Takip\u00e7ileri Odas\u0131 Ba\u015fkan\u0131 \u0130smail \u00c7a\u011flar\u2019\u0131n \u00f6nderli\u011finde Antalya Esnaf ve Sanatkarlar Odalar\u0131 Birli\u011fi (AESOB) Toplant\u0131 Salonu\u2019nda bir araya gelen emlak\u00e7\u0131lar, sorunlar\u0131n\u0131 ve \u00e7\u00f6z\u00fcm \u00f6nerilerini dile getirdi.\u00a0 T\u00dcM EMLAK\u00c7ILAR B\u0130R \u00c7ATI ALTINDA T\u00fcm Emlak Dan\u0131\u015fmalar\u0131 Birli\u011fi Genel Ba\u015fkan\u0131 Hakan Ak\u00e7am, toplant\u0131da yapt\u0131\u011f\u0131 konu\u015fmada, \u201cBirli\u011fimiz, Cumhurba\u015fkan\u0131 Recep Tayyip Erdo\u011fan\u2019\u0131n onay\u0131 ile kuruldu. 81 ilde il temsilcilikleri atand\u0131. Art\u0131k emlak\u00e7\u0131lar ve emlak dan\u0131\u015fmanlar\u0131 \u00e7ok daha g\u00fc\u00e7l\u00fc. \u0130lk hedefimiz sekt\u00f6r\u00fcm\u00fcz ile ilgili sorunlar\u0131 ilk a\u011f\u0131zdan tek seferde \u00e7\u00f6z\u00fcme kavu\u015fturmak olacakt\u0131r\u201d dedi. BA\u015eKAN \u00c7A\u011eLAR\u2019DAN \u0130\u015eB\u0130RL\u0130\u011e\u0130 VURGUSU \u00a0 Emlak\u00e7\u0131l\u0131kta 25 y\u0131l\u0131n\u0131 dolduran oda \u00fcyelerine plaket takdim eden Ba\u015fkan \u00c7a\u011flar, sekt\u00f6rlerinin bug\u00fcnlere gelmesinde emekleri olan \u00fcyelerine te\u015fekk\u00fcr etti. \u0130\u015fbirli\u011fi vurgusu da yapan Ba\u015fkan \u00c7a\u011flar, \u201cBirlikte hareket etmemiz durumunda her t\u00fcrl\u00fc zorlu\u011fun \u00fcstesinden gelece\u011fiz\u201d diye konu\u015ftu.\u00a0 \u201cE\u011e\u0130T\u0130MLERE MUTLAKA KATILIN\u201d\u00a0 Ba\u015fkan \u00c7a\u011flar, ayr\u0131ca y\u0131l i\u00e7inde Oda \u0130rtibat Ofisi\u2019nde \u00fccretsiz olarak verilen i\u00e7 e\u011fitimlere kat\u0131l\u0131m sa\u011flayan 500 \u00fcyeye kat\u0131l\u0131m sertifikas\u0131 takdim etti. Mesleki e\u011fitimlerin, Oda \u0130rtibat Ofisi\u2019nde h\u0131zla devam etti\u011finin bilgisini veren Ba\u015fkan \u00c7a\u011flar, t\u00fcm \u00fcyelerin bu e\u011fitimlerden faydalanmas\u0131n\u0131n \u00f6nemine dikkat \u00e7ekti. \u00c7a\u011flar, haftan\u0131n 3 g\u00fcn\u00fc odada devam eden e\u011fitimlere t\u00fcm \u00fcyelerin \u00fccretsiz olarak kat\u0131l\u0131m sa\u011flamas\u0131 gerekti\u011fini belirtti. &hellip;"}