{"version":"1.0","provider_name":"Av. Deniz Can K\u0131z\u0131l","provider_url":"https:\/\/denizcankizil.tr\/en","author_name":"admin","author_url":"https:\/\/denizcankizil.tr\/en\/author\/admin\/","title":"Emekli iki belediye ba\u015fkan yard\u0131mc\u0131s\u0131 bulu\u015ftu\u2026","type":"rich","width":600,"height":338,"html":"<blockquote class=\"wp-embedded-content\" data-secret=\"RxTW99nPRg\"><a href=\"https:\/\/denizcankizil.tr\/en\/haberler\/gundem\/emekli-iki-belediye-baskan-yardimcisi-bulustu\/\">Emekli iki belediye ba\u015fkan yard\u0131mc\u0131s\u0131 bulu\u015ftu\u2026<\/a><\/blockquote><iframe sandbox=\"allow-scripts\" security=\"restricted\" src=\"https:\/\/denizcankizil.tr\/en\/haberler\/gundem\/emekli-iki-belediye-baskan-yardimcisi-bulustu\/embed\/#?secret=RxTW99nPRg\" width=\"600\" height=\"338\" title=\"&#8220;Emekli iki belediye ba\u015fkan yard\u0131mc\u0131s\u0131 bulu\u015ftu\u2026&#8221; &#8212; Av. Deniz Can K\u0131z\u0131l\" data-secret=\"RxTW99nPRg\" frameborder=\"0\" marginwidth=\"0\" marginheight=\"0\" scrolling=\"no\" class=\"wp-embedded-content\"><\/iframe><script>\n\/*! This file is auto-generated *\/\n!function(d,l){\"use strict\";l.querySelector&&d.addEventListener&&\"undefined\"!=typeof URL&&(d.wp=d.wp||{},d.wp.receiveEmbedMessage||(d.wp.receiveEmbedMessage=function(e){var t=e.data;if((t||t.secret||t.message||t.value)&&!\/[^a-zA-Z0-9]\/.test(t.secret)){for(var s,r,n,a=l.querySelectorAll('iframe[data-secret=\"'+t.secret+'\"]'),o=l.querySelectorAll('blockquote[data-secret=\"'+t.secret+'\"]'),c=new RegExp(\"^https?:$\",\"i\"),i=0;i<o.length;i++)o[i].style.display=\"none\";for(i=0;i<a.length;i++)s=a[i],e.source===s.contentWindow&&(s.removeAttribute(\"style\"),\"height\"===t.message?(1e3<(r=parseInt(t.value,10))?r=1e3:~~r<200&&(r=200),s.height=r):\"link\"===t.message&&(r=new URL(s.getAttribute(\"src\")),n=new URL(t.value),c.test(n.protocol))&&n.host===r.host&&l.activeElement===s&&(d.top.location.href=t.value))}},d.addEventListener(\"message\",d.wp.receiveEmbedMessage,!1),l.addEventListener(\"DOMContentLoaded\",function(){for(var e,t,s=l.querySelectorAll(\"iframe.wp-embedded-content\"),r=0;r<s.length;r++)(t=(e=s[r]).getAttribute(\"data-secret\"))||(t=Math.random().toString(36).substring(2,12),e.src+=\"#?secret=\"+t,e.setAttribute(\"data-secret\",t)),e.contentWindow.postMessage({message:\"ready\",secret:t},\"*\")},!1)))}(window,document);\n\/\/# sourceURL=https:\/\/denizcankizil.tr\/wp-includes\/js\/wp-embed.min.js\n<\/script>","description":"Adil Co\u015fkuner\/Erzin HEM eski M\u00fcd\u00fcrl\u00fc\u011f\u00fc ile Erzin Belediye Ba\u015fkan yard\u0131mc\u0131l\u0131\u011f\u0131 yapan emekli \u00d6kke\u015f Ko\u00e7ak, ge\u00e7mi\u015fte mesai yapt\u0131\u011f\u0131 Mehmet Vural\u2019\u0131 Vural Gayrimenkul Dan\u0131\u015fmanl\u0131k Ofisinde ziyaret etti. Emekli her iki Ba\u015fkan yard\u0131mc\u0131s\u0131 bir araya geldikleri ziyarette ho\u015f sohbet ortam\u0131nda bulu\u015ftu. Erzin Belediyesi emeklisi Ersan Vural, birlikte mesai yapt\u0131\u011f\u0131 HEM (Halk E\u011fitim Merkezi M\u00fcd\u00fcrl\u00fc\u011f\u00fc)\u2019nden emekli olan Belediye Ba\u015fkan yard\u0131mc\u0131lar\u0131ndan \u00d6kke\u015f Ko\u00e7ak\u2019la hem il\u00e7ede ya\u015fanan sorunlar \u00fczerine, hem de \u00fclke g\u00fcndemine ili\u015fkin kar\u015f\u0131l\u0131kl\u0131 al\u0131\u015fveri\u015finde bulundu. Ge\u00e7mi\u015f g\u00fcnlerde birlikte mesai yapt\u0131\u011f\u0131 zamanlar\u0131 da anmadan ge\u00e7emeyen her iki dost eski g\u00fcnleri de yad ettiler. \u200bHatay Erzin il\u00e7esinde Belediye ba\u015fkan yard\u0131mc\u0131l\u0131\u011f\u0131 g\u00f6revinde birlikte \u00e7al\u0131\u015fan \u00d6kke\u015f Ko\u00e7ak ve Mehmet Vural, uzun bir ardan sonda bir araya gelerek keyifli bir sohbet etti, birlikte eski g\u00fcnleri yad etti.\u00a0 \u200bHaberin Al\u0131nt\u0131land\u0131\u011f\u0131 Kaynak: www.iskenderun.org"}