{"version":"1.0","provider_name":"Av. Deniz Can K\u0131z\u0131l","provider_url":"https:\/\/denizcankizil.tr\/en","author_name":"admin","author_url":"https:\/\/denizcankizil.tr\/en\/author\/admin\/","title":"Efes Sel\u00e7uk\u2019ta \u00e7ocuklar ve aileler yaln\u0131z de\u011fil","type":"rich","width":600,"height":338,"html":"<blockquote class=\"wp-embedded-content\" data-secret=\"JY9yr1Glfg\"><a href=\"https:\/\/denizcankizil.tr\/en\/haberler\/gundem\/efes-selcukta-cocuklar-ve-aileler-yalniz-degil\/\">Efes Sel\u00e7uk\u2019ta \u00e7ocuklar ve aileler yaln\u0131z de\u011fil<\/a><\/blockquote><iframe sandbox=\"allow-scripts\" security=\"restricted\" src=\"https:\/\/denizcankizil.tr\/en\/haberler\/gundem\/efes-selcukta-cocuklar-ve-aileler-yalniz-degil\/embed\/#?secret=JY9yr1Glfg\" width=\"600\" height=\"338\" title=\"&#8220;Efes Sel\u00e7uk\u2019ta \u00e7ocuklar ve aileler yaln\u0131z de\u011fil&#8221; &#8212; Av. Deniz Can K\u0131z\u0131l\" data-secret=\"JY9yr1Glfg\" frameborder=\"0\" marginwidth=\"0\" marginheight=\"0\" scrolling=\"no\" class=\"wp-embedded-content\"><\/iframe><script>\n\/*! This file is auto-generated *\/\n!function(d,l){\"use strict\";l.querySelector&&d.addEventListener&&\"undefined\"!=typeof URL&&(d.wp=d.wp||{},d.wp.receiveEmbedMessage||(d.wp.receiveEmbedMessage=function(e){var t=e.data;if((t||t.secret||t.message||t.value)&&!\/[^a-zA-Z0-9]\/.test(t.secret)){for(var s,r,n,a=l.querySelectorAll('iframe[data-secret=\"'+t.secret+'\"]'),o=l.querySelectorAll('blockquote[data-secret=\"'+t.secret+'\"]'),c=new RegExp(\"^https?:$\",\"i\"),i=0;i<o.length;i++)o[i].style.display=\"none\";for(i=0;i<a.length;i++)s=a[i],e.source===s.contentWindow&&(s.removeAttribute(\"style\"),\"height\"===t.message?(1e3<(r=parseInt(t.value,10))?r=1e3:~~r<200&&(r=200),s.height=r):\"link\"===t.message&&(r=new URL(s.getAttribute(\"src\")),n=new URL(t.value),c.test(n.protocol))&&n.host===r.host&&l.activeElement===s&&(d.top.location.href=t.value))}},d.addEventListener(\"message\",d.wp.receiveEmbedMessage,!1),l.addEventListener(\"DOMContentLoaded\",function(){for(var e,t,s=l.querySelectorAll(\"iframe.wp-embedded-content\"),r=0;r<s.length;r++)(t=(e=s[r]).getAttribute(\"data-secret\"))||(t=Math.random().toString(36).substring(2,12),e.src+=\"#?secret=\"+t,e.setAttribute(\"data-secret\",t)),e.contentWindow.postMessage({message:\"ready\",secret:t},\"*\")},!1)))}(window,document);\n\/\/# sourceURL=https:\/\/denizcankizil.tr\/wp-includes\/js\/wp-embed.min.js\n<\/script>","description":"Efes Sel\u00e7uk Belediyesi, kad\u0131nlara ve \u00e7ocuklara y\u00f6nelik sosyal projeleri ile dikkat \u00e7ekiyor. Belediye Ba\u015fkan\u0131 Filiz Cerito\u011flu Sengel\u2019in 2019\u2019da g\u00f6reve gelmesinin ard\u0131ndan hayata ge\u00e7irdi\u011fi \u015een \u00c7ocuk At\u00f6lyeleri ve Mahalle K\u00fct\u00fcphaneleri ile \u00e7ocuklar\u0131n e\u011fitim s\u00fcrecine katk\u0131 sunulmas\u0131n\u0131n yan\u0131 s\u0131ra ailelere de destek sunuluyor. \u200bEfes Sel\u00e7uk Belediyesi, kad\u0131nlara ve \u00e7ocuklara y\u00f6nelik sosyal projeleri ile dikkat \u00e7ekiyor. Belediye Ba\u015fkan\u0131 Filiz Cerito\u011flu Sengel\u2019in 2019\u2019da g\u00f6reve gelmesinin ard\u0131ndan hayata ge\u00e7irdi\u011fi \u015een \u00c7ocuk At\u00f6lyeleri ve Mahalle K\u00fct\u00fcphaneleri ile \u00e7ocuklar\u0131n e\u011fitim s\u00fcrecine katk\u0131 sunulmas\u0131n\u0131n yan\u0131 s\u0131ra ailelere de destek sunuluyor.\u00a0 \u200bHaberin Al\u0131nt\u0131land\u0131\u011f\u0131 Kaynak: www.iskenderun.org"}