{"version":"1.0","provider_name":"Av. Deniz Can K\u0131z\u0131l","provider_url":"https:\/\/denizcankizil.tr\/en","author_name":"admin","author_url":"https:\/\/denizcankizil.tr\/en\/author\/admin\/","title":"D\u00fczce'de trafik kazas\u0131: 2 polis memuru yaraland\u0131","type":"rich","width":600,"height":338,"html":"<blockquote class=\"wp-embedded-content\" data-secret=\"lTJEer8c7n\"><a href=\"https:\/\/denizcankizil.tr\/en\/haberler\/gundem\/duzcede-trafik-kazasi-2-polis-memuru-yaralandi\/\">D\u00fczce&#8217;de trafik kazas\u0131: 2 polis memuru yaraland\u0131<\/a><\/blockquote><iframe sandbox=\"allow-scripts\" security=\"restricted\" src=\"https:\/\/denizcankizil.tr\/en\/haberler\/gundem\/duzcede-trafik-kazasi-2-polis-memuru-yaralandi\/embed\/#?secret=lTJEer8c7n\" width=\"600\" height=\"338\" title=\"&#8220;D\u00fczce&#8217;de trafik kazas\u0131: 2 polis memuru yaraland\u0131&#8221; &#8212; Av. Deniz Can K\u0131z\u0131l\" data-secret=\"lTJEer8c7n\" frameborder=\"0\" marginwidth=\"0\" marginheight=\"0\" scrolling=\"no\" class=\"wp-embedded-content\"><\/iframe><script>\n\/*! This file is auto-generated *\/\n!function(d,l){\"use strict\";l.querySelector&&d.addEventListener&&\"undefined\"!=typeof URL&&(d.wp=d.wp||{},d.wp.receiveEmbedMessage||(d.wp.receiveEmbedMessage=function(e){var t=e.data;if((t||t.secret||t.message||t.value)&&!\/[^a-zA-Z0-9]\/.test(t.secret)){for(var s,r,n,a=l.querySelectorAll('iframe[data-secret=\"'+t.secret+'\"]'),o=l.querySelectorAll('blockquote[data-secret=\"'+t.secret+'\"]'),c=new RegExp(\"^https?:$\",\"i\"),i=0;i<o.length;i++)o[i].style.display=\"none\";for(i=0;i<a.length;i++)s=a[i],e.source===s.contentWindow&&(s.removeAttribute(\"style\"),\"height\"===t.message?(1e3<(r=parseInt(t.value,10))?r=1e3:~~r<200&&(r=200),s.height=r):\"link\"===t.message&&(r=new URL(s.getAttribute(\"src\")),n=new URL(t.value),c.test(n.protocol))&&n.host===r.host&&l.activeElement===s&&(d.top.location.href=t.value))}},d.addEventListener(\"message\",d.wp.receiveEmbedMessage,!1),l.addEventListener(\"DOMContentLoaded\",function(){for(var e,t,s=l.querySelectorAll(\"iframe.wp-embedded-content\"),r=0;r<s.length;r++)(t=(e=s[r]).getAttribute(\"data-secret\"))||(t=Math.random().toString(36).substring(2,12),e.src+=\"#?secret=\"+t,e.setAttribute(\"data-secret\",t)),e.contentWindow.postMessage({message:\"ready\",secret:t},\"*\")},!1)))}(window,document);\n\/\/# sourceURL=https:\/\/denizcankizil.tr\/wp-includes\/js\/wp-embed.min.js\n<\/script>","description":"D\u00fczce&#8217;de Y.E. Ulcay&#8217;\u0131n kulland\u0131\u011f\u0131 otomobil, kar\u015f\u0131 \u015feride ge\u00e7erek motosikletli polis arac\u0131na \u00e7arpt\u0131, H.D. ve O.A. yaraland\u0131. Polis ve sa\u011fl\u0131k ekipleri olay yerine sevk edildi, yaral\u0131lar D\u00fczce Atat\u00fcrk Devlet Hastanesi&#8217;ne kald\u0131r\u0131ld\u0131. Kaza inceleme alt\u0131nda.Sefer DEM\u0130R \/ D\u00dcZCE (\u0130GFA) &#8211; D\u00fczce&#8217;de Kuyumcuzade Bulvar\u0131&#8217;ndan \u00d6zt\u00fcrkler Kav\u015fa\u011f\u0131 istikametine seyir halinde olan Y.E. Ulcay y\u00f6netimindeki 81 AEE 695 plakal\u0131 otomobil, aniden kar\u015f\u0131 \u015feride ge\u00e7ti. Bu s\u0131rada kent merkezi y\u00f6n\u00fcnde ilerleyen motosikletli yunus polis arac\u0131na \u00e7arpan otomobil, kazaya neden oldu. \u00c7arp\u0131\u015fman\u0131n etkisiyle yola savrulan polis memurlar\u0131 H.D. ve O.A. yaraland\u0131. \u0130hbar \u00fczerine olay yerine sa\u011fl\u0131k ve polis ekipleri sevk edildi. Yaral\u0131 polis memurlar\u0131, ambulanslarla D\u00fczce Atat\u00fcrk Devlet Hastanesi&#8217;ne kald\u0131r\u0131ld\u0131. Polis ekipleri, kaza ile ilgili tahkikat ba\u015flatt\u0131. \u200bD\u00fczce&#8217;de Y.E. Ulcay&#8217;\u0131n kulland\u0131\u011f\u0131 otomobil, kar\u015f\u0131 \u015feride ge\u00e7erek motosikletli polis arac\u0131na \u00e7arpt\u0131, H.D. ve O.A. yaraland\u0131. Polis ve sa\u011fl\u0131k ekipleri olay yerine sevk edildi, yaral\u0131lar D\u00fczce Atat\u00fcrk Devlet Hastanesi&#8217;ne kald\u0131r\u0131ld\u0131. Kaza inceleme alt\u0131nda.Sefer DEM\u0130R \/ D\u00dcZCE (\u0130GFA) &#8211; D\u00fczce&#8217;de Kuyumcuzade Bulvar\u0131&#8217;ndan \u00d6zt\u00fcrkler Kav\u015fa\u011f\u0131 istikametine seyir halinde olan Y.E. Ulcay y\u00f6netimindeki 81 AEE 695 plakal\u0131 otomobil, aniden kar\u015f\u0131 \u015feride ge\u00e7ti. Bu s\u0131rada kent merkezi y\u00f6n\u00fcnde ilerleyen motosikletli yunus polis arac\u0131na \u00e7arpan otomobil, kazaya neden oldu. \u00c7arp\u0131\u015fman\u0131n etkisiyle yola savrulan polis memurlar\u0131 H.D. ve O.A. yaraland\u0131. \u0130hbar \u00fczerine olay yerine sa\u011fl\u0131k ve &hellip;"}