{"version":"1.0","provider_name":"Av. Deniz Can K\u0131z\u0131l","provider_url":"https:\/\/denizcankizil.tr\/en","author_name":"Av. Deniz Can K\u0131z\u0131l","author_url":"https:\/\/denizcankizil.tr\/en","title":"D\u00fczce'de park halindeki otomobilde yang\u0131n \u00e7\u0131kt\u0131","type":"rich","width":600,"height":338,"html":"<blockquote class=\"wp-embedded-content\" data-secret=\"5UFeuV8fH1\"><a href=\"https:\/\/denizcankizil.tr\/en\/haberler\/gundem\/duzcede-park-halindeki-otomobilde-yangin-cikti\/\">D\u00fczce&#8217;de park halindeki otomobilde yang\u0131n \u00e7\u0131kt\u0131<\/a><\/blockquote><iframe sandbox=\"allow-scripts\" security=\"restricted\" src=\"https:\/\/denizcankizil.tr\/en\/haberler\/gundem\/duzcede-park-halindeki-otomobilde-yangin-cikti\/embed\/#?secret=5UFeuV8fH1\" width=\"600\" height=\"338\" title=\"&#8220;D\u00fczce&#8217;de park halindeki otomobilde yang\u0131n \u00e7\u0131kt\u0131&#8221; &#8212; Av. Deniz Can K\u0131z\u0131l\" data-secret=\"5UFeuV8fH1\" frameborder=\"0\" marginwidth=\"0\" marginheight=\"0\" scrolling=\"no\" class=\"wp-embedded-content\"><\/iframe><script>\n\/*! This file is auto-generated *\/\n!function(d,l){\"use strict\";l.querySelector&&d.addEventListener&&\"undefined\"!=typeof URL&&(d.wp=d.wp||{},d.wp.receiveEmbedMessage||(d.wp.receiveEmbedMessage=function(e){var t=e.data;if((t||t.secret||t.message||t.value)&&!\/[^a-zA-Z0-9]\/.test(t.secret)){for(var s,r,n,a=l.querySelectorAll('iframe[data-secret=\"'+t.secret+'\"]'),o=l.querySelectorAll('blockquote[data-secret=\"'+t.secret+'\"]'),c=new RegExp(\"^https?:$\",\"i\"),i=0;i<o.length;i++)o[i].style.display=\"none\";for(i=0;i<a.length;i++)s=a[i],e.source===s.contentWindow&&(s.removeAttribute(\"style\"),\"height\"===t.message?(1e3<(r=parseInt(t.value,10))?r=1e3:~~r<200&&(r=200),s.height=r):\"link\"===t.message&&(r=new URL(s.getAttribute(\"src\")),n=new URL(t.value),c.test(n.protocol))&&n.host===r.host&&l.activeElement===s&&(d.top.location.href=t.value))}},d.addEventListener(\"message\",d.wp.receiveEmbedMessage,!1),l.addEventListener(\"DOMContentLoaded\",function(){for(var e,t,s=l.querySelectorAll(\"iframe.wp-embedded-content\"),r=0;r<s.length;r++)(t=(e=s[r]).getAttribute(\"data-secret\"))||(t=Math.random().toString(36).substring(2,12),e.src+=\"#?secret=\"+t,e.setAttribute(\"data-secret\",t)),e.contentWindow.postMessage({message:\"ready\",secret:t},\"*\")},!1)))}(window,document);\n\/\/# sourceURL=https:\/\/denizcankizil.tr\/wp-includes\/js\/wp-embed.min.js\n<\/script>","description":"D\u00fczce&#8217;de park halindeki ak\u00fcs\u00fc tak\u0131l\u0131 olmayan otomobilde hen\u00fcz bilinmeyen bir nedenle \u00e7\u0131kan yang\u0131nda, ara\u00e7ta b\u00fcy\u00fck \u00e7apl\u0131 maddi hasar olu\u015ftu.Sefer DEM\u0130R \/ D\u00dcZCE (\u0130GFA) &#8211; D\u00fczce&#8217;de Nesrettin Mahallesi D-100 yan yolda park halinde olan 67 AU 328 plakal\u0131 otomobilde bilinmeyen bir sebepten dolay\u0131 yang\u0131n \u00e7\u0131kt\u0131. \u00c7evredeki vatanda\u015flar\u0131n ihbar\u0131 \u00fczerine b\u00f6lgeye itfaiye, polis ve olay yeri inceleme ekipleri sevk edildi. \u0130tfaiye ekiplerinin zaman\u0131nda m\u00fcdahale etmesiyle k\u0131sa s\u00fcrede s\u00f6nd\u00fcr\u00fclen yang\u0131nda otomobilde b\u00fcy\u00fck \u00e7apl\u0131 maddi hasar meydana geldi. \u00dczerinde ak\u00fc tak\u0131l\u0131 olmayan ara\u00e7ta \u00e7\u0131kan yang\u0131n\u0131n kundaklama sonucu \u00e7\u0131kt\u0131\u011f\u0131 \u00f6ne s\u00fcr\u00fcl\u00fcrken, kesin sebebin ba\u015flat\u0131lan geni\u015f \u00e7apl\u0131 tahkikat sonras\u0131nda netle\u015fece\u011fi \u00f6\u011frenildi. \u200bD\u00fczce&#8217;de park halindeki ak\u00fcs\u00fc tak\u0131l\u0131 olmayan otomobilde hen\u00fcz bilinmeyen bir nedenle \u00e7\u0131kan yang\u0131nda, ara\u00e7ta b\u00fcy\u00fck \u00e7apl\u0131 maddi hasar olu\u015ftu.Sefer DEM\u0130R \/ D\u00dcZCE (\u0130GFA) &#8211; D\u00fczce&#8217;de Nesrettin Mahallesi D-100 yan yolda park halinde olan 67 AU 328 plakal\u0131 otomobilde bilinmeyen bir sebepten dolay\u0131 yang\u0131n \u00e7\u0131kt\u0131. \u00c7evredeki vatanda\u015flar\u0131n ihbar\u0131 \u00fczerine b\u00f6lgeye itfaiye, polis ve olay yeri inceleme ekipleri sevk edildi. \u0130tfaiye ekiplerinin zaman\u0131nda m\u00fcdahale etmesiyle k\u0131sa s\u00fcrede s\u00f6nd\u00fcr\u00fclen yang\u0131nda otomobilde b\u00fcy\u00fck \u00e7apl\u0131 maddi hasar meydana geldi. \u00dczerinde ak\u00fc tak\u0131l\u0131 olmayan ara\u00e7ta \u00e7\u0131kan yang\u0131n\u0131n kundaklama sonucu \u00e7\u0131kt\u0131\u011f\u0131 \u00f6ne s\u00fcr\u00fcl\u00fcrken, kesin sebebin ba\u015flat\u0131lan geni\u015f \u00e7apl\u0131 tahkikat sonras\u0131nda netle\u015fece\u011fi \u00f6\u011frenildi.\u00a0 \u200bHaberin Al\u0131nt\u0131land\u0131\u011f\u0131 Kaynak: www.iskenderun.org"}