{"version":"1.0","provider_name":"Av. Deniz Can K\u0131z\u0131l","provider_url":"https:\/\/denizcankizil.tr\/en","author_name":"admin","author_url":"https:\/\/denizcankizil.tr\/en\/author\/admin\/","title":"D\u00fczce'de intihar giri\u015fiminde bulunan gen\u00e7 kurtar\u0131ld\u0131","type":"rich","width":600,"height":338,"html":"<blockquote class=\"wp-embedded-content\" data-secret=\"FgTM1F7AuD\"><a href=\"https:\/\/denizcankizil.tr\/en\/haberler\/gundem\/duzcede-intihar-girisiminde-bulunan-genc-kurtarildi\/\">D\u00fczce&#8217;de intihar giri\u015fiminde bulunan gen\u00e7 kurtar\u0131ld\u0131<\/a><\/blockquote><iframe sandbox=\"allow-scripts\" security=\"restricted\" src=\"https:\/\/denizcankizil.tr\/en\/haberler\/gundem\/duzcede-intihar-girisiminde-bulunan-genc-kurtarildi\/embed\/#?secret=FgTM1F7AuD\" width=\"600\" height=\"338\" title=\"&#8220;D\u00fczce&#8217;de intihar giri\u015fiminde bulunan gen\u00e7 kurtar\u0131ld\u0131&#8221; &#8212; Av. Deniz Can K\u0131z\u0131l\" data-secret=\"FgTM1F7AuD\" frameborder=\"0\" marginwidth=\"0\" marginheight=\"0\" scrolling=\"no\" class=\"wp-embedded-content\"><\/iframe><script>\n\/*! This file is auto-generated *\/\n!function(d,l){\"use strict\";l.querySelector&&d.addEventListener&&\"undefined\"!=typeof URL&&(d.wp=d.wp||{},d.wp.receiveEmbedMessage||(d.wp.receiveEmbedMessage=function(e){var t=e.data;if((t||t.secret||t.message||t.value)&&!\/[^a-zA-Z0-9]\/.test(t.secret)){for(var s,r,n,a=l.querySelectorAll('iframe[data-secret=\"'+t.secret+'\"]'),o=l.querySelectorAll('blockquote[data-secret=\"'+t.secret+'\"]'),c=new RegExp(\"^https?:$\",\"i\"),i=0;i<o.length;i++)o[i].style.display=\"none\";for(i=0;i<a.length;i++)s=a[i],e.source===s.contentWindow&&(s.removeAttribute(\"style\"),\"height\"===t.message?(1e3<(r=parseInt(t.value,10))?r=1e3:~~r<200&&(r=200),s.height=r):\"link\"===t.message&&(r=new URL(s.getAttribute(\"src\")),n=new URL(t.value),c.test(n.protocol))&&n.host===r.host&&l.activeElement===s&&(d.top.location.href=t.value))}},d.addEventListener(\"message\",d.wp.receiveEmbedMessage,!1),l.addEventListener(\"DOMContentLoaded\",function(){for(var e,t,s=l.querySelectorAll(\"iframe.wp-embedded-content\"),r=0;r<s.length;r++)(t=(e=s[r]).getAttribute(\"data-secret\"))||(t=Math.random().toString(36).substring(2,12),e.src+=\"#?secret=\"+t,e.setAttribute(\"data-secret\",t)),e.contentWindow.postMessage({message:\"ready\",secret:t},\"*\")},!1)))}(window,document);\n\/\/# sourceURL=https:\/\/denizcankizil.tr\/wp-includes\/js\/wp-embed.min.js\n<\/script>","description":"D\u00fczce&#8217;de k\u0131z arkada\u015f\u0131yla sorun ya\u015fayan Murat Can T. intihar giri\u015fiminde bulundu. Polis, sa\u011fl\u0131k ve itfaiye ekipleri m\u00fcdahale ederken ikna edilerek giri\u015fimden vazge\u00e7irilen gen\u00e7, hastaneye kald\u0131r\u0131ld\u0131.Sefer DEM\u0130R \/ D\u00dcZCE (\u0130GFA) &#8211; Al\u0131nan bilgiye g\u00f6re D\u00fczce&#8217;de k\u0131z arkada\u015f\u0131yla sorun ya\u015fayan gen\u00e7 intihar giri\u015fiminde bulundu Murat Can T. Kervan k\u00f6pr\u00fcs\u00fc \u00fczerinde intihar giri\u015fiminde bulundu. \u0130hbar \u00fczerine b\u00f6lgeye sa\u011fl\u0131k, polis ve itfaiye ekipleri sevk edildi. Olay yerinde geni\u015f g\u00fcvenlik \u00f6nlemleri al\u0131nd\u0131 ve her ihtimale kar\u015f\u0131 yere haval\u0131 yast\u0131k serildi. \u0130kna \u00e7abalar\u0131 sonucunda Murat Can T. \u0130ntihar giri\u015fiminden vazge\u00e7irildi. Ambulansta ilk m\u00fcdahalesi yap\u0131lan Murat Can T. Kontrol ama\u00e7l\u0131 hastaneye kald\u0131r\u0131ld\u0131. Olayla ilgili tahkikat ba\u015flat\u0131ld\u0131. \u200bD\u00fczce&#8217;de k\u0131z arkada\u015f\u0131yla sorun ya\u015fayan Murat Can T. intihar giri\u015fiminde bulundu. Polis, sa\u011fl\u0131k ve itfaiye ekipleri m\u00fcdahale ederken ikna edilerek giri\u015fimden vazge\u00e7irilen gen\u00e7, hastaneye kald\u0131r\u0131ld\u0131.Sefer DEM\u0130R \/ D\u00dcZCE (\u0130GFA) &#8211; Al\u0131nan bilgiye g\u00f6re D\u00fczce&#8217;de k\u0131z arkada\u015f\u0131yla sorun ya\u015fayan gen\u00e7 intihar giri\u015fiminde bulundu Murat Can T. Kervan k\u00f6pr\u00fcs\u00fc \u00fczerinde intihar giri\u015fiminde bulundu. \u0130hbar \u00fczerine b\u00f6lgeye sa\u011fl\u0131k, polis ve itfaiye ekipleri sevk edildi. Olay yerinde geni\u015f g\u00fcvenlik \u00f6nlemleri al\u0131nd\u0131 ve her ihtimale kar\u015f\u0131 yere haval\u0131 yast\u0131k serildi. \u0130kna \u00e7abalar\u0131 sonucunda Murat Can T. \u0130ntihar giri\u015fiminden vazge\u00e7irildi. Ambulansta ilk m\u00fcdahalesi yap\u0131lan Murat Can T. Kontrol ama\u00e7l\u0131 hastaneye kald\u0131r\u0131ld\u0131. Olayla ilgili tahkikat ba\u015flat\u0131ld\u0131.\u00a0 \u200bHaberin Al\u0131nt\u0131land\u0131\u011f\u0131 &hellip;"}