{"version":"1.0","provider_name":"Av. Deniz Can K\u0131z\u0131l","provider_url":"https:\/\/denizcankizil.tr\/en","author_name":"admin","author_url":"https:\/\/denizcankizil.tr\/en\/author\/admin\/","title":"D\u00f6rtyol\u2019da \u00c7ad\u0131r Yang\u0131n\u0131 Korkuttu!","type":"rich","width":600,"height":338,"html":"<blockquote class=\"wp-embedded-content\" data-secret=\"7fCkOGqnKj\"><a href=\"https:\/\/denizcankizil.tr\/en\/haberler\/gundem\/dortyolda-cadir-yangini-korkuttu\/\">D\u00f6rtyol\u2019da \u00c7ad\u0131r Yang\u0131n\u0131 Korkuttu!<\/a><\/blockquote><iframe sandbox=\"allow-scripts\" security=\"restricted\" src=\"https:\/\/denizcankizil.tr\/en\/haberler\/gundem\/dortyolda-cadir-yangini-korkuttu\/embed\/#?secret=7fCkOGqnKj\" width=\"600\" height=\"338\" title=\"&#8220;D\u00f6rtyol\u2019da \u00c7ad\u0131r Yang\u0131n\u0131 Korkuttu!&#8221; &#8212; Av. Deniz Can K\u0131z\u0131l\" data-secret=\"7fCkOGqnKj\" frameborder=\"0\" marginwidth=\"0\" marginheight=\"0\" scrolling=\"no\" class=\"wp-embedded-content\"><\/iframe><script>\n\/*! This file is auto-generated *\/\n!function(d,l){\"use strict\";l.querySelector&&d.addEventListener&&\"undefined\"!=typeof URL&&(d.wp=d.wp||{},d.wp.receiveEmbedMessage||(d.wp.receiveEmbedMessage=function(e){var t=e.data;if((t||t.secret||t.message||t.value)&&!\/[^a-zA-Z0-9]\/.test(t.secret)){for(var s,r,n,a=l.querySelectorAll('iframe[data-secret=\"'+t.secret+'\"]'),o=l.querySelectorAll('blockquote[data-secret=\"'+t.secret+'\"]'),c=new RegExp(\"^https?:$\",\"i\"),i=0;i<o.length;i++)o[i].style.display=\"none\";for(i=0;i<a.length;i++)s=a[i],e.source===s.contentWindow&&(s.removeAttribute(\"style\"),\"height\"===t.message?(1e3<(r=parseInt(t.value,10))?r=1e3:~~r<200&&(r=200),s.height=r):\"link\"===t.message&&(r=new URL(s.getAttribute(\"src\")),n=new URL(t.value),c.test(n.protocol))&&n.host===r.host&&l.activeElement===s&&(d.top.location.href=t.value))}},d.addEventListener(\"message\",d.wp.receiveEmbedMessage,!1),l.addEventListener(\"DOMContentLoaded\",function(){for(var e,t,s=l.querySelectorAll(\"iframe.wp-embedded-content\"),r=0;r<s.length;r++)(t=(e=s[r]).getAttribute(\"data-secret\"))||(t=Math.random().toString(36).substring(2,12),e.src+=\"#?secret=\"+t,e.setAttribute(\"data-secret\",t)),e.contentWindow.postMessage({message:\"ready\",secret:t},\"*\")},!1)))}(window,document);\n\/\/# sourceURL=https:\/\/denizcankizil.tr\/wp-includes\/js\/wp-embed.min.js\n<\/script>","description":"G\u00fcnd\u00fcz saatlerinde \u00e7\u0131kan \u00e7ad\u0131r yang\u0131n\u0131, \u00e7evrede pani\u011fe neden olurken, k\u0131sa s\u00fcrede olay yerine ula\u015fan HBB \u0130tfaiye ekiplerin zaman\u0131nda m\u00fcdahalesi sayesinde alevlerin \u00e7evredeki meskenlere s\u0131\u00e7ramas\u0131 \u00f6nlendi. Kontrol alt\u0131na al\u0131nan yang\u0131n\u0131n ard\u0131ndan b\u00f6lgede so\u011futma \u00e7al\u0131\u015fmalar\u0131 titizlikle ger\u00e7ekle\u015ftirildi. Olayla ilgili herhangi bir can kayb\u0131 ya da yaralanma bildirilmezken, yang\u0131n\u0131n \u00e7\u0131k\u0131\u015f sebebiyle ilgili inceleme ba\u015flat\u0131ld\u0131. \u200bHatay\u2019\u0131n D\u00f6rtyol il\u00e7esine ba\u011fl\u0131 K\u0131\u015flalar Mahallesi\u2019nde meydana gelen \u00e7ad\u0131r yang\u0131n\u0131, itfaiye ekiplerinin h\u0131zl\u0131 m\u00fcdahalesi sayesinde k\u0131sa s\u00fcrede kontrol alt\u0131na al\u0131nd\u0131.\u00a0 \u200bHaberin Al\u0131nt\u0131land\u0131\u011f\u0131 Kaynak: www.iskenderun.org"}